{"id":222,"date":"2019-06-04T12:01:05","date_gmt":"2019-06-04T10:01:05","guid":{"rendered":"https:\/\/www.schuetzgesellschaft.de\/?page_id=222"},"modified":"2021-01-21T11:24:44","modified_gmt":"2021-01-21T10:24:44","slug":"die-artikel-der-schuetz-jahrbuecher-1979-2017","status":"publish","type":"page","link":"https:\/\/www.schuetzgesellschaft.de\/?page_id=222","title":{"rendered":"Die Artikel der Sch\u00fctz-Jahrb\u00fccher (1979-2019)"},"content":{"rendered":"\n<table id=\"tablepress-SJB_O\" class=\"tablepress tablepress-id-SJB_O\">\n<thead>\n<tr class=\"row-1\">\n\t<th class=\"column-1\">Ausgabe<\/th><th class=\"column-2\">Autor(en)<\/th><th class=\"column-3\">Titel<\/th><th class=\"column-4\">Seiten<\/th><th class=\"column-5\">Download<\/th>\n<\/tr>\n<\/thead>\n<tbody class=\"row-striping row-hover\">\n<tr class=\"row-2\">\n\t<td class=\"column-1\">1979<\/td><td class=\"column-2\"><b>Brunner<\/b>,  Renate<\/td><td class=\"column-3\">Bibliographie des Sch\u00fctz-Schrifttums 1951-1975<\/td><td class=\"column-4\">S. 93-142<\/td><td class=\"column-5\"><a href=\"https:\/\/www.schuetzgesellschaft.de\/?page_id=214\"><img loading=\"lazy\" decoding=\"async\" src=\"https:\/\/www.schuetzgesellschaft.de\/wp-content\/uploads\/Logos\/PDF_32.png\" alt=\"\" width=\"32\" height=\"32\" class=\"aligncenter size-full wp-image-453\" \/><\/a><br \/>\n<\/td>\n<\/tr>\n<tr class=\"row-3\">\n\t<td class=\"column-1\">1979<\/td><td class=\"column-2\"><b>Kunze<\/b>,   Stefan<\/td><td class=\"column-3\">Instrumentalit\u00e4t und Sprachvertonung in der Musik von Heinrich Sch\u00fctz (Erster Teil)<\/td><td class=\"column-4\">S. 9-43<\/td><td class=\"column-5\"><a href=\"https:\/\/www.schuetzgesellschaft.de\/?page_id=214\"><img loading=\"lazy\" decoding=\"async\" src=\"https:\/\/www.schuetzgesellschaft.de\/wp-content\/uploads\/Logos\/PDF_32.png\" alt=\"\" width=\"32\" height=\"32\" class=\"aligncenter size-full wp-image-453\" \/><\/a><br \/>\n<\/td>\n<\/tr>\n<tr class=\"row-4\">\n\t<td class=\"column-1\">1979<\/td><td class=\"column-2\"><b>Carapezza<\/b>,  Paolo Emilio<\/td><td class=\"column-3\">Sch\u00fctzens Italienische Madrigale: Textwahl und stilistische Beziehungen<\/td><td class=\"column-4\">S. 44-62<\/td><td class=\"column-5\"><a href=\"https:\/\/www.schuetzgesellschaft.de\/?page_id=214\"><img loading=\"lazy\" decoding=\"async\" src=\"https:\/\/www.schuetzgesellschaft.de\/wp-content\/uploads\/Logos\/PDF_32.png\" alt=\"\" width=\"32\" height=\"32\" class=\"aligncenter size-full wp-image-453\" \/><\/a><br \/>\n<\/td>\n<\/tr>\n<tr class=\"row-5\">\n\t<td class=\"column-1\">1979<\/td><td class=\"column-2\"><b>Breig<\/b>,  Werner<\/td><td class=\"column-3\">Sch\u00fctzfunde und -zuschreibungen seit 1960 - Auf dem Wege zur Gro\u00dfen Ausgabe des Sch\u00fctz-Werke-Verzeichnisses<\/td><td class=\"column-4\">S. 63-92<\/td><td class=\"column-5\"><a href=\"https:\/\/www.schuetzgesellschaft.de\/?page_id=214\"><img loading=\"lazy\" decoding=\"async\" src=\"https:\/\/www.schuetzgesellschaft.de\/wp-content\/uploads\/Logos\/PDF_32.png\" alt=\"\" width=\"32\" height=\"32\" class=\"aligncenter size-full wp-image-453\" \/><\/a><br \/>\n<\/td>\n<\/tr>\n<tr class=\"row-6\">\n\t<td class=\"column-1\">1980<\/td><td class=\"column-2\"><b>Berns<\/b>,  J\u00f6rg-Jochen<\/td><td class=\"column-3\">\" Theatralische neue Vorstellung von der Maria Magdalena\" - Ein Zeugnis f\u00fcr die Zusammenarbeit von Justus Georg Schottelius und Heinrich Sch\u00fctz<\/td><td class=\"column-4\">S. 120-130<\/td><td class=\"column-5\"><a href=\"https:\/\/www.schuetzgesellschaft.de\/?page_id=214\"><img loading=\"lazy\" decoding=\"async\" src=\"https:\/\/www.schuetzgesellschaft.de\/wp-content\/uploads\/Logos\/PDF_32.png\" alt=\"\" width=\"32\" height=\"32\" class=\"aligncenter size-full wp-image-453\" \/><\/a><br \/>\n<\/td>\n<\/tr>\n<tr class=\"row-7\">\n\t<td class=\"column-1\">1980<\/td><td class=\"column-2\"><b>Osthoff<\/b>,  Wolfgang<\/td><td class=\"column-3\">Heinrich Sch\u00fctz - die historische Begegnung der deutschen Sprache mit der musikalischen Poetik Italiens<\/td><td class=\"column-4\">S. 78-102<\/td><td class=\"column-5\"><a href=\"https:\/\/www.schuetzgesellschaft.de\/?page_id=214\"><img loading=\"lazy\" decoding=\"async\" src=\"https:\/\/www.schuetzgesellschaft.de\/wp-content\/uploads\/Logos\/PDF_32.png\" alt=\"\" width=\"32\" height=\"32\" class=\"aligncenter size-full wp-image-453\" \/><\/a><br \/>\n<\/td>\n<\/tr>\n<tr class=\"row-8\">\n\t<td class=\"column-1\">1980<\/td><td class=\"column-2\"><b>Krummacher<\/b>,  Friedhelm<\/td><td class=\"column-3\">Stylus phantasticus und phantastische Musik - Kompositorische Verfahren in den Toccaten von Frescobaldi und Buxtehude<\/td><td class=\"column-4\">S. 7-77<\/td><td class=\"column-5\"><a href=\"https:\/\/www.schuetzgesellschaft.de\/?page_id=214\"><img loading=\"lazy\" decoding=\"async\" src=\"https:\/\/www.schuetzgesellschaft.de\/wp-content\/uploads\/Logos\/PDF_32.png\" alt=\"\" width=\"32\" height=\"32\" class=\"aligncenter size-full wp-image-453\" \/><\/a><br \/>\n<\/td>\n<\/tr>\n<tr class=\"row-9\">\n\t<td class=\"column-1\">1980<\/td><td class=\"column-2\"><b>Witzenmann<\/b>,  Wolfgang<\/td><td class=\"column-3\">Tonartenprobleme in den Passionen von Sch\u00fctz<\/td><td class=\"column-4\">S. 103-119<\/td><td class=\"column-5\"><a href=\"https:\/\/www.schuetzgesellschaft.de\/?page_id=214\"><img loading=\"lazy\" decoding=\"async\" src=\"https:\/\/www.schuetzgesellschaft.de\/wp-content\/uploads\/Logos\/PDF_32.png\" alt=\"\" width=\"32\" height=\"32\" class=\"aligncenter size-full wp-image-453\" \/><\/a><br \/>\n<\/td>\n<\/tr>\n<tr class=\"row-10\">\n\t<td class=\"column-1\">1981<\/td><td class=\"column-2\"><b>Brunner<\/b>,  Renate<\/td><td class=\"column-3\">Bibliographie des Sch\u00fctz-Schrifttums 1926 -1950<\/td><td class=\"column-4\">S. 64-81<\/td><td class=\"column-5\"><a href=\"https:\/\/www.schuetzgesellschaft.de\/?page_id=214\"><img loading=\"lazy\" decoding=\"async\" src=\"https:\/\/www.schuetzgesellschaft.de\/wp-content\/uploads\/Logos\/PDF_32.png\" alt=\"\" width=\"32\" height=\"32\" class=\"aligncenter size-full wp-image-453\" \/><\/a><br \/>\n<\/td>\n<\/tr>\n<tr class=\"row-11\">\n\t<td class=\"column-1\">1981<\/td><td class=\"column-2\"><b>Steude<\/b>, Wolfram<\/td><td class=\"column-3\">Das wiedergefundene Opus ultimum von Heinrich Sch\u00fctz. Bemerkungen zur Quelle und zum Werk<\/td><td class=\"column-4\">S. 9-18<\/td><td class=\"column-5\"><a href=\"https:\/\/www.schuetzgesellschaft.de\/?page_id=214\"><img loading=\"lazy\" decoding=\"async\" src=\"https:\/\/www.schuetzgesellschaft.de\/wp-content\/uploads\/Logos\/PDF_32.png\" alt=\"\" width=\"32\" height=\"32\" class=\"aligncenter size-full wp-image-453\" \/><\/a><br \/>\n<\/td>\n<\/tr>\n<tr class=\"row-12\">\n\t<td class=\"column-1\">1981<\/td><td class=\"column-2\"><b>Breig<\/b>,  Werner<\/td><td class=\"column-3\">Mehrch\u00f6rigkeit und individuelle Werkkonzeptionen bei Heinrich Sch\u00fctz<\/td><td class=\"column-4\">S. 24-38<\/td><td class=\"column-5\"><a href=\"https:\/\/www.schuetzgesellschaft.de\/?page_id=214\"><img loading=\"lazy\" decoding=\"async\" src=\"https:\/\/www.schuetzgesellschaft.de\/wp-content\/uploads\/Logos\/PDF_32.png\" alt=\"\" width=\"32\" height=\"32\" class=\"aligncenter size-full wp-image-453\" \/><\/a><br \/>\n<\/td>\n<\/tr>\n<tr class=\"row-13\">\n\t<td class=\"column-1\">1981<\/td><td class=\"column-2\"><b>Krummacher<\/b>,  Friedhelm<\/td><td class=\"column-3\">Mehrch\u00f6rigkeit und thematischer Satz bei Johann Sebastian Bach<\/td><td class=\"column-4\">S. 39-50<\/td><td class=\"column-5\"><a href=\"https:\/\/www.schuetzgesellschaft.de\/?page_id=214\"><img loading=\"lazy\" decoding=\"async\" src=\"https:\/\/www.schuetzgesellschaft.de\/wp-content\/uploads\/Logos\/PDF_32.png\" alt=\"\" width=\"32\" height=\"32\" class=\"aligncenter size-full wp-image-453\" \/><\/a><br \/>\n<\/td>\n<\/tr>\n<tr class=\"row-14\">\n\t<td class=\"column-1\">1981<\/td><td class=\"column-2\"><b>Kunze<\/b>,  Stefan<\/td><td class=\"column-3\">Rhythmus, Sprache, musiklische Raumvorstellung - Zur Mehrch\u00f6rigkeite Giovanni Gabrielis<\/td><td class=\"column-4\">S. 12-23<\/td><td class=\"column-5\"><a href=\"https:\/\/www.schuetzgesellschaft.de\/?page_id=214\"><img loading=\"lazy\" decoding=\"async\" src=\"https:\/\/www.schuetzgesellschaft.de\/wp-content\/uploads\/Logos\/PDF_32.png\" alt=\"\" width=\"32\" height=\"32\" class=\"aligncenter size-full wp-image-453\" \/><\/a><br \/>\n<\/td>\n<\/tr>\n<tr class=\"row-15\">\n\t<td class=\"column-1\">1981<\/td><td class=\"column-2\"><b>Steinbeck<\/b>,  Wolfram<\/td><td class=\"column-3\">Sprachvertonung bei Heinrich Sch\u00fctz als analytisches Problem<\/td><td class=\"column-4\"> S. 51-63<\/td><td class=\"column-5\"><a href=\"https:\/\/www.schuetzgesellschaft.de\/?page_id=214\"><img loading=\"lazy\" decoding=\"async\" src=\"https:\/\/www.schuetzgesellschaft.de\/wp-content\/uploads\/Logos\/PDF_32.png\" alt=\"\" width=\"32\" height=\"32\" class=\"aligncenter size-full wp-image-453\" \/><\/a><br \/>\n<\/td>\n<\/tr>\n<tr class=\"row-16\">\n\t<td class=\"column-1\">1981<\/td><td class=\"column-2\"><b>Brodde<\/b>,  Otto<\/td><td class=\"column-3\">Theologische Konzeptionen in mehrch\u00f6riger Musik<\/td><td class=\"column-4\">S. 7-11<\/td><td class=\"column-5\"><a href=\"https:\/\/www.schuetzgesellschaft.de\/?page_id=214\"><img loading=\"lazy\" decoding=\"async\" src=\"https:\/\/www.schuetzgesellschaft.de\/wp-content\/uploads\/Logos\/PDF_32.png\" alt=\"\" width=\"32\" height=\"32\" class=\"aligncenter size-full wp-image-453\" \/><\/a><br \/>\n<\/td>\n<\/tr>\n<tr class=\"row-17\">\n\t<td class=\"column-1\">1984<\/td><td class=\"column-2\"><b>Fechner<\/b>, J\u00f6rg-Ulrich<\/td><td class=\"column-3\">\" Wie die Sonne unter den Planeten in der Mitte leuchtet, so die Musik unter den freien K\u00fcnsten\" . Zu Heinrich Sch\u00fctz' Eintrag in das Stammbuch des Andreas M\u00f6ring. Eine Miszelle (mit einem Nachtrag zum Stammbucheintrag f\u00fcr Georg R\u00fcdel)<\/td><td class=\"column-4\">S. 93-101<\/td><td class=\"column-5\"><a href=\"https:\/\/www.schuetzgesellschaft.de\/?page_id=214\"><img loading=\"lazy\" decoding=\"async\" src=\"https:\/\/www.schuetzgesellschaft.de\/wp-content\/uploads\/Logos\/PDF_32.png\" alt=\"\" width=\"32\" height=\"32\" class=\"aligncenter size-full wp-image-453\" \/><\/a><br \/>\n<\/td>\n<\/tr>\n<tr class=\"row-18\">\n\t<td class=\"column-1\">1984<\/td><td class=\"column-2\"><b>Brunner<\/b>, Renate<\/td><td class=\"column-3\">Bibliographie des Sch\u00fctz-Schrifttums 1672-1925<\/td><td class=\"column-4\">S. 102-126<\/td><td class=\"column-5\"><a href=\"https:\/\/www.schuetzgesellschaft.de\/?page_id=214\"><img loading=\"lazy\" decoding=\"async\" src=\"https:\/\/www.schuetzgesellschaft.de\/wp-content\/uploads\/Logos\/PDF_32.png\" alt=\"\" width=\"32\" height=\"32\" class=\"aligncenter size-full wp-image-453\" \/><\/a><br \/>\n<\/td>\n<\/tr>\n<tr class=\"row-19\">\n\t<td class=\"column-1\">1984<\/td><td class=\"column-2\"><b>Gudewill<\/b>, Kurt<\/td><td class=\"column-3\">Der \"Gesang der Venuskinder\" von Heinrich Sch\u00fctz. Bemerkungen zur \u00dcberlieferung und zu den Kopenhagener Hochzeitsfeierlichkeiten im Oktober 1634<\/td><td class=\"column-4\">S. 72-91<\/td><td class=\"column-5\"><a href=\"https:\/\/www.schuetzgesellschaft.de\/?page_id=214\"><img loading=\"lazy\" decoding=\"async\" src=\"https:\/\/www.schuetzgesellschaft.de\/wp-content\/uploads\/Logos\/PDF_32.png\" alt=\"\" width=\"32\" height=\"32\" class=\"aligncenter size-full wp-image-453\" \/><\/a><br \/>\n<\/td>\n<\/tr>\n<tr class=\"row-20\">\n\t<td class=\"column-1\">1984<\/td><td class=\"column-2\"><b>Fechner<\/b>, J\u00f6rg-Ulrich<\/td><td class=\"column-3\">Ein unbekanntes weltliches Madrigal von Heinrich Sch\u00fctz. Gelegenheit und Gelegenheitsgedicht, erwogen aus germanistischer Sicht (mit Anh\u00e4ngen zur Seussius-Bibliographie und -Ikonographie)<\/td><td class=\"column-4\">S. 23-51<\/td><td class=\"column-5\"><a href=\"https:\/\/www.schuetzgesellschaft.de\/?page_id=214\"><img loading=\"lazy\" decoding=\"async\" src=\"https:\/\/www.schuetzgesellschaft.de\/wp-content\/uploads\/Logos\/PDF_32.png\" alt=\"\" width=\"32\" height=\"32\" class=\"aligncenter size-full wp-image-453\" \/><\/a><br \/>\n<\/td>\n<\/tr>\n<tr class=\"row-21\">\n\t<td class=\"column-1\">1984<\/td><td class=\"column-2\"><b>M\u00f6ller<\/b>, Eberhard<\/td><td class=\"column-3\">Neue Sch\u00fctz-Funde in der Ratsschulbibliothek und im Stadtarchiv Zwickau<\/td><td class=\"column-4\">S. 5-22<\/td><td class=\"column-5\"><a href=\"https:\/\/www.schuetzgesellschaft.de\/?page_id=214\"><img loading=\"lazy\" decoding=\"async\" src=\"https:\/\/www.schuetzgesellschaft.de\/wp-content\/uploads\/Logos\/PDF_32.png\" alt=\"\" width=\"32\" height=\"32\" class=\"aligncenter size-full wp-image-453\" \/><\/a><br \/>\n<\/td>\n<\/tr>\n<tr class=\"row-22\">\n\t<td class=\"column-1\">1984<\/td><td class=\"column-2\"><b>Breig<\/b>, Werner<\/td><td class=\"column-3\">Sch\u00fctz' Osterkonzert \"Christ ist erstanden\" SWV 470, seine Kasseler Erstaz-Symphonia und Hammerschmidts \"Dialogi\" von 1645<\/td><td class=\"column-4\">S. 52-61<\/td><td class=\"column-5\"><a href=\"https:\/\/www.schuetzgesellschaft.de\/?page_id=214\"><img loading=\"lazy\" decoding=\"async\" src=\"https:\/\/www.schuetzgesellschaft.de\/wp-content\/uploads\/Logos\/PDF_32.png\" alt=\"\" width=\"32\" height=\"32\" class=\"aligncenter size-full wp-image-453\" \/><\/a><br \/>\n<\/td>\n<\/tr>\n<tr class=\"row-23\">\n\t<td class=\"column-1\">1984<\/td><td class=\"column-2\"><b>Blankenburg<\/b>, Walter<\/td><td class=\"column-3\">Zur Bedeutung der Andachtstexte im Werk von Heinrich Sch\u00fctz<\/td><td class=\"column-4\">S. 62-71<\/td><td class=\"column-5\"><a href=\"https:\/\/www.schuetzgesellschaft.de\/?page_id=214\"><img loading=\"lazy\" decoding=\"async\" src=\"https:\/\/www.schuetzgesellschaft.de\/wp-content\/uploads\/Logos\/PDF_32.png\" alt=\"\" width=\"32\" height=\"32\" class=\"aligncenter size-full wp-image-453\" \/><\/a><br \/>\n<\/td>\n<\/tr>\n<tr class=\"row-24\">\n\t<td class=\"column-1\">1987<\/td><td class=\"column-2\"><b>Steinbeck<\/b>, Wolfram<\/td><td class=\"column-3\">Der Instrumentalcharakter bei Sch\u00fctz. Zur Bedeutung der Instrumente in den \"Symphoniae sacrae\"<\/td><td class=\"column-4\">S. 22-43<\/td><td class=\"column-5\"><a href=\"https:\/\/www.schuetzgesellschaft.de\/?page_id=214\"><img loading=\"lazy\" decoding=\"async\" src=\"https:\/\/www.schuetzgesellschaft.de\/wp-content\/uploads\/Logos\/PDF_32.png\" alt=\"\" width=\"32\" height=\"32\" class=\"aligncenter size-full wp-image-453\" \/><\/a><br \/>\n<\/td>\n<\/tr>\n<tr class=\"row-25\">\n\t<td class=\"column-1\">1987<\/td><td class=\"column-2\"><b>M\u00f6ller<\/b>, Eberhard<\/td><td class=\"column-3\">Ein Waldenburger Inventarium als Sch\u00fctz-Quelle<\/td><td class=\"column-4\">S. 117-118<\/td><td class=\"column-5\"><a href=\"https:\/\/www.schuetzgesellschaft.de\/?page_id=214\"><img loading=\"lazy\" decoding=\"async\" src=\"https:\/\/www.schuetzgesellschaft.de\/wp-content\/uploads\/Logos\/PDF_32.png\" alt=\"\" width=\"32\" height=\"32\" class=\"aligncenter size-full wp-image-453\" \/><\/a><br \/>\n<\/td>\n<\/tr>\n<tr class=\"row-26\">\n\t<td class=\"column-1\">1987<\/td><td class=\"column-2\"><b>Rifkin<\/b>, Joshua<\/td><td class=\"column-3\">Heinrich Sch\u00fctz - Auf dem Wege zu einem neuen Bild von Pers\u00f6nlichkeit und Werk<\/td><td class=\"column-4\">S. 5-21<\/td><td class=\"column-5\"><a href=\"https:\/\/www.schuetzgesellschaft.de\/?page_id=214\"><img loading=\"lazy\" decoding=\"async\" src=\"https:\/\/www.schuetzgesellschaft.de\/wp-content\/uploads\/Logos\/PDF_32.png\" alt=\"\" width=\"32\" height=\"32\" class=\"aligncenter size-full wp-image-453\" \/><\/a><br \/>\n<\/td>\n<\/tr>\n<tr class=\"row-27\">\n\t<td class=\"column-1\">1987<\/td><td class=\"column-2\"><b>Jung<\/b>, Hans Rudolf<\/td><td class=\"column-3\">Neues zum Thema \"Heinrich Sch\u00fctz und Weimar\"<\/td><td class=\"column-4\">S. 105-116<\/td><td class=\"column-5\"><a href=\"https:\/\/www.schuetzgesellschaft.de\/?page_id=214\"><img loading=\"lazy\" decoding=\"async\" src=\"https:\/\/www.schuetzgesellschaft.de\/wp-content\/uploads\/Logos\/PDF_32.png\" alt=\"\" width=\"32\" height=\"32\" class=\"aligncenter size-full wp-image-453\" \/><\/a><br \/>\n<\/td>\n<\/tr>\n<tr class=\"row-28\">\n\t<td class=\"column-1\">1987<\/td><td class=\"column-2\"><b>Just<\/b>, Martin<\/td><td class=\"column-3\">Rhythmus und Klang als Formfaktoren in den \"Kleinen geistlichen Konzerten\" von Heinrich Sch\u00fctz<\/td><td class=\"column-4\">S. 44-60<\/td><td class=\"column-5\"><a href=\"https:\/\/www.schuetzgesellschaft.de\/?page_id=214\"><img loading=\"lazy\" decoding=\"async\" src=\"https:\/\/www.schuetzgesellschaft.de\/wp-content\/uploads\/Logos\/PDF_32.png\" alt=\"\" width=\"32\" height=\"32\" class=\"aligncenter size-full wp-image-453\" \/><\/a><br \/>\n<\/td>\n<\/tr>\n<tr class=\"row-29\">\n\t<td class=\"column-1\">1987<\/td><td class=\"column-2\"><b>Kolbuszewska<\/b>, Aniela<\/td><td class=\"column-3\">Sch\u00fctz-Drucke in der Biblioteka Uniwersytecka Wroclaw<\/td><td class=\"column-4\">S. 119-122<\/td><td class=\"column-5\"><a href=\"https:\/\/www.schuetzgesellschaft.de\/?page_id=214\"><img loading=\"lazy\" decoding=\"async\" src=\"https:\/\/www.schuetzgesellschaft.de\/wp-content\/uploads\/Logos\/PDF_32.png\" alt=\"\" width=\"32\" height=\"32\" class=\"aligncenter size-full wp-image-453\" \/><\/a><br \/>\n<\/td>\n<\/tr>\n<tr class=\"row-30\">\n\t<td class=\"column-1\">1987<\/td><td class=\"column-2\"><b>Watty<\/b>, Adolf<\/td><td class=\"column-3\">Zu Heinrich Sch\u00fctz' weltlichem Konzert \"Ach wie soll ich doch in Freuden leben\" SWV 474<\/td><td class=\"column-4\">S. 85-104<\/td><td class=\"column-5\"><a href=\"https:\/\/www.schuetzgesellschaft.de\/?page_id=214\"><img loading=\"lazy\" decoding=\"async\" src=\"https:\/\/www.schuetzgesellschaft.de\/wp-content\/uploads\/Logos\/PDF_32.png\" alt=\"\" width=\"32\" height=\"32\" class=\"aligncenter size-full wp-image-453\" \/><\/a><br \/>\n<\/td>\n<\/tr>\n<tr class=\"row-31\">\n\t<td class=\"column-1\">1987<\/td><td class=\"column-2\"><b>Breig<\/b>, Werner<\/td><td class=\"column-3\">Zu Heinrich Sch\u00fctz' weltlichem Konzert \"Ach wie soll ich doch in Freuden leben\" SWV 475<\/td><td class=\"column-4\">S. 85-104<\/td><td class=\"column-5\"><a href=\"https:\/\/www.schuetzgesellschaft.de\/?page_id=214\"><img loading=\"lazy\" decoding=\"async\" src=\"https:\/\/www.schuetzgesellschaft.de\/wp-content\/uploads\/Logos\/PDF_32.png\" alt=\"\" width=\"32\" height=\"32\" class=\"aligncenter size-full wp-image-453\" \/><\/a><br \/>\n<\/td>\n<\/tr>\n<tr class=\"row-32\">\n\t<td class=\"column-1\">1987<\/td><td class=\"column-2\"><b>Sachs<\/b>, Klaus-J\u00fcrgen<\/td><td class=\"column-3\">Zur Einsch\u00e4tzung , zur Traditionsbindung und zur Konzeption des Becker-Psalters von Heinrich Sch\u00fctz<\/td><td class=\"column-4\">S. 61-84<\/td><td class=\"column-5\"><a href=\"https:\/\/www.schuetzgesellschaft.de\/?page_id=214\"><img loading=\"lazy\" decoding=\"async\" src=\"https:\/\/www.schuetzgesellschaft.de\/wp-content\/uploads\/Logos\/PDF_32.png\" alt=\"\" width=\"32\" height=\"32\" class=\"aligncenter size-full wp-image-453\" \/><\/a><br \/>\n<\/td>\n<\/tr>\n<tr class=\"row-33\">\n\t<td class=\"column-1\">1988<\/td><td class=\"column-2\"><b>Spagnoli<\/b>, Gina<\/td><td class=\"column-3\">\" Nunc dimittis\" : The Royal Court Musicians in Dresden and the Funeral of Johann Georg I<\/td><td class=\"column-4\">S. 30-40<\/td><td class=\"column-5\"><a href=\"https:\/\/www.schuetzgesellschaft.de\/?page_id=214\"><img loading=\"lazy\" decoding=\"async\" src=\"https:\/\/www.schuetzgesellschaft.de\/wp-content\/uploads\/Logos\/PDF_32.png\" alt=\"\" width=\"32\" height=\"32\" class=\"aligncenter size-full wp-image-453\" \/><\/a><br \/>\n<\/td>\n<\/tr>\n<tr class=\"row-34\">\n\t<td class=\"column-1\">1988<\/td><td class=\"column-2\"><b>Steude<\/b>, Wolfram<\/td><td class=\"column-3\">Bemerkungen zu \"Machet die Tore weit\" (SWV Anhang 8)<\/td><td class=\"column-4\">S. 50-61<\/td><td class=\"column-5\"><a href=\"https:\/\/www.schuetzgesellschaft.de\/?page_id=214\"><img loading=\"lazy\" decoding=\"async\" src=\"https:\/\/www.schuetzgesellschaft.de\/wp-content\/uploads\/Logos\/PDF_32.png\" alt=\"\" width=\"32\" height=\"32\" class=\"aligncenter size-full wp-image-453\" \/><\/a><br \/>\n<\/td>\n<\/tr>\n<tr class=\"row-35\">\n\t<td class=\"column-1\">1988<\/td><td class=\"column-2\"><b>M\u00f6ller<\/b>, Eberhard<\/td><td class=\"column-3\">Die Nachkommen von Heinrich Sch\u00fctz<\/td><td class=\"column-4\">S. 41-49<\/td><td class=\"column-5\"><a href=\"https:\/\/www.schuetzgesellschaft.de\/?page_id=214\"><img loading=\"lazy\" decoding=\"async\" src=\"https:\/\/www.schuetzgesellschaft.de\/wp-content\/uploads\/Logos\/PDF_32.png\" alt=\"\" width=\"32\" height=\"32\" class=\"aligncenter size-full wp-image-453\" \/><\/a><br \/>\n<\/td>\n<\/tr>\n<tr class=\"row-36\">\n\t<td class=\"column-1\">1988<\/td><td class=\"column-2\"><b>M\u00f6ller<\/b>, Eberhard<\/td><td class=\"column-3\">Die Weimarer Noteninventare von 1662 und ihre Bedeutung als Sch\u00fctz-Quellen<\/td><td class=\"column-4\">S. 62-85<\/td><td class=\"column-5\"><a href=\"https:\/\/www.schuetzgesellschaft.de\/?page_id=214\"><img loading=\"lazy\" decoding=\"async\" src=\"https:\/\/www.schuetzgesellschaft.de\/wp-content\/uploads\/Logos\/PDF_32.png\" alt=\"\" width=\"32\" height=\"32\" class=\"aligncenter size-full wp-image-453\" \/><\/a><br \/>\n<\/td>\n<\/tr>\n<tr class=\"row-37\">\n\t<td class=\"column-1\">1988<\/td><td class=\"column-2\"><b>Kinder<\/b>, Katrin<\/td><td class=\"column-3\">Ein Wolfenb\u00fctteler Tabulatur-Autograph von Heinrich Scheidemann<\/td><td class=\"column-4\">S. 86-103<\/td><td class=\"column-5\"><a href=\"https:\/\/www.schuetzgesellschaft.de\/?page_id=214\"><img loading=\"lazy\" decoding=\"async\" src=\"https:\/\/www.schuetzgesellschaft.de\/wp-content\/uploads\/Logos\/PDF_32.png\" alt=\"\" width=\"32\" height=\"32\" class=\"aligncenter size-full wp-image-453\" \/><\/a><br \/>\n<\/td>\n<\/tr>\n<tr class=\"row-38\">\n\t<td class=\"column-1\">1988<\/td><td class=\"column-2\"><b>Wollny<\/b>, Peter<\/td><td class=\"column-3\">Heinrich Ignaz Franz Bibers \"Harmonia artificioso-ariosa\" : Zu Druckgeschichte und Werkgestalt<\/td><td class=\"column-4\">S. 126-132<\/td><td class=\"column-5\"><a href=\"https:\/\/www.schuetzgesellschaft.de\/?page_id=214\"><img loading=\"lazy\" decoding=\"async\" src=\"https:\/\/www.schuetzgesellschaft.de\/wp-content\/uploads\/Logos\/PDF_32.png\" alt=\"\" width=\"32\" height=\"32\" class=\"aligncenter size-full wp-image-453\" \/><\/a><br \/>\n<\/td>\n<\/tr>\n<tr class=\"row-39\">\n\t<td class=\"column-1\">1988<\/td><td class=\"column-2\"><b>Linfield<\/b>, Eva<\/td><td class=\"column-3\">North and South EuropeanInfluences of Buxtehude's Chamber Music: Despite Influences, a unique Repertory<\/td><td class=\"column-4\">S. 104-125<\/td><td class=\"column-5\"><a href=\"https:\/\/www.schuetzgesellschaft.de\/?page_id=214\"><img loading=\"lazy\" decoding=\"async\" src=\"https:\/\/www.schuetzgesellschaft.de\/wp-content\/uploads\/Logos\/PDF_32.png\" alt=\"\" width=\"32\" height=\"32\" class=\"aligncenter size-full wp-image-453\" \/><\/a><br \/>\n<\/td>\n<\/tr>\n<tr class=\"row-40\">\n\t<td class=\"column-1\">1988<\/td><td class=\"column-2\"><b>Fechner<\/b>, J\u00f6rg-Ulrich<\/td><td class=\"column-3\">Zur literaturgeschichtlichen Situation in Dresden 1627 - \u00dcberlegungen im Hinblick auf die \"Dafne\" -Oper von Sch\u00fctz und Opitz<\/td><td class=\"column-4\">S. 5-29<\/td><td class=\"column-5\"><a href=\"https:\/\/www.schuetzgesellschaft.de\/?page_id=214\"><img loading=\"lazy\" decoding=\"async\" src=\"https:\/\/www.schuetzgesellschaft.de\/wp-content\/uploads\/Logos\/PDF_32.png\" alt=\"\" width=\"32\" height=\"32\" class=\"aligncenter size-full wp-image-453\" \/><\/a><br \/>\n<\/td>\n<\/tr>\n<tr class=\"row-41\">\n\t<td class=\"column-1\">1989<\/td><td class=\"column-2\"><b>Defant<\/b>, Christine<\/td><td class=\"column-3\">\" ... ad ostentandum ingenium, abditam harmoniae ingeniosumque ... Contextum docendum\" : Aspekte des Stylus phantasticus in den Orgelwerken und der Kammermusik Dietrich Buxtehudes<\/td><td class=\"column-4\">S. 69-103<\/td><td class=\"column-5\"><a href=\"https:\/\/www.schuetzgesellschaft.de\/?page_id=214\"><img loading=\"lazy\" decoding=\"async\" src=\"https:\/\/www.schuetzgesellschaft.de\/wp-content\/uploads\/Logos\/PDF_32.png\" alt=\"\" width=\"32\" height=\"32\" class=\"aligncenter size-full wp-image-453\" \/><\/a><br \/>\n<\/td>\n<\/tr>\n<tr class=\"row-42\">\n\t<td class=\"column-1\">1989<\/td><td class=\"column-2\"><b>Brunner<\/b>, Renate<\/td><td class=\"column-3\">Bibliographie des Sch\u00fctz-Schrifttums 1976-1985<\/td><td class=\"column-4\">S. 104-130<\/td><td class=\"column-5\"><a href=\"https:\/\/www.schuetzgesellschaft.de\/?page_id=214\"><img loading=\"lazy\" decoding=\"async\" src=\"https:\/\/www.schuetzgesellschaft.de\/wp-content\/uploads\/Logos\/PDF_32.png\" alt=\"\" width=\"32\" height=\"32\" class=\"aligncenter size-full wp-image-453\" \/><\/a><br \/>\n<\/td>\n<\/tr>\n<tr class=\"row-43\">\n\t<td class=\"column-1\">1989<\/td><td class=\"column-2\"><b>Fink<\/b>, Hanns-Peter<\/td><td class=\"column-3\">Ein bisher unbekanntes Gedicht von Heinrich Sch\u00fctz in einer Schrift der Hofschule zu Kassel<\/td><td class=\"column-4\">S. 15-22<\/td><td class=\"column-5\"><a href=\"https:\/\/www.schuetzgesellschaft.de\/?page_id=214\"><img loading=\"lazy\" decoding=\"async\" src=\"https:\/\/www.schuetzgesellschaft.de\/wp-content\/uploads\/Logos\/PDF_32.png\" alt=\"\" width=\"32\" height=\"32\" class=\"aligncenter size-full wp-image-453\" \/><\/a><br \/>\n<\/td>\n<\/tr>\n<tr class=\"row-44\">\n\t<td class=\"column-1\">1989<\/td><td class=\"column-2\"><b>Breig<\/b>, Werner<\/td><td class=\"column-3\">Heinrich Sch\u00fctz' \"Musikalische Exequien\" : \u00dcberlegungen zur Werkgeschichte und zur textlich-musikalischen Konzeption<\/td><td class=\"column-4\">S. 53-68<\/td><td class=\"column-5\"><a href=\"https:\/\/www.schuetzgesellschaft.de\/?page_id=214\"><img loading=\"lazy\" decoding=\"async\" src=\"https:\/\/www.schuetzgesellschaft.de\/wp-content\/uploads\/Logos\/PDF_32.png\" alt=\"\" width=\"32\" height=\"32\" class=\"aligncenter size-full wp-image-453\" \/><\/a><br \/>\n<\/td>\n<\/tr>\n<tr class=\"row-45\">\n\t<td class=\"column-1\">1989<\/td><td class=\"column-2\"><b>M\u00f6ller<\/b>, Eberhard<\/td><td class=\"column-3\">Heinrich Sch\u00fctz als Pate<\/td><td class=\"column-4\">S. 23-31<\/td><td class=\"column-5\"><a href=\"https:\/\/www.schuetzgesellschaft.de\/?page_id=214\"><img loading=\"lazy\" decoding=\"async\" src=\"https:\/\/www.schuetzgesellschaft.de\/wp-content\/uploads\/Logos\/PDF_32.png\" alt=\"\" width=\"32\" height=\"32\" class=\"aligncenter size-full wp-image-453\" \/><\/a><br \/>\n<\/td>\n<\/tr>\n<tr class=\"row-46\">\n\t<td class=\"column-1\">1989<\/td><td class=\"column-2\"><b>Wade<\/b>, Mara R.<\/td><td class=\"column-3\">Heinrich Sch\u00fctz and \"det Store Bilager\" in Copenhagen (1634)<\/td><td class=\"column-4\">S. 32-52<\/td><td class=\"column-5\"><a href=\"https:\/\/www.schuetzgesellschaft.de\/?page_id=214\"><img loading=\"lazy\" decoding=\"async\" src=\"https:\/\/www.schuetzgesellschaft.de\/wp-content\/uploads\/Logos\/PDF_32.png\" alt=\"\" width=\"32\" height=\"32\" class=\"aligncenter size-full wp-image-453\" \/><\/a><br \/>\n<\/td>\n<\/tr>\n<tr class=\"row-47\">\n\t<td class=\"column-1\">1989<\/td><td class=\"column-2\"><b>Steinbeck<\/b>, Wolfram<\/td><td class=\"column-3\">Motettisches und madrigalisches Prinzip in der geistlichen Musik der Sch\u00fctz-Zeit: Monteverdi - Sch\u00fctz - Schein<\/td><td class=\"column-4\">S. 5-14<\/td><td class=\"column-5\"><a href=\"https:\/\/www.schuetzgesellschaft.de\/?page_id=214\"><img loading=\"lazy\" decoding=\"async\" src=\"https:\/\/www.schuetzgesellschaft.de\/wp-content\/uploads\/Logos\/PDF_32.png\" alt=\"\" width=\"32\" height=\"32\" class=\"aligncenter size-full wp-image-453\" \/><\/a><br \/>\n<\/td>\n<\/tr>\n<tr class=\"row-48\">\n\t<td class=\"column-1\">1990<\/td><td class=\"column-2\"><b>Chafe<\/b>, Eric<\/td><td class=\"column-3\">Aspects of Durus \/ Mollis Shift and the Two-System Framework of Monteverdi's Music<\/td><td class=\"column-4\">S. 171-206<\/td><td class=\"column-5\"><a href=\"https:\/\/www.schuetzgesellschaft.de\/?page_id=214\"><img loading=\"lazy\" decoding=\"async\" src=\"https:\/\/www.schuetzgesellschaft.de\/wp-content\/uploads\/Logos\/PDF_32.png\" alt=\"\" width=\"32\" height=\"32\" class=\"aligncenter size-full wp-image-453\" \/><\/a><br \/>\n<\/td>\n<\/tr>\n<tr class=\"row-49\">\n\t<td class=\"column-1\">1990<\/td><td class=\"column-2\"><b>Herrmann<\/b>, Matthias<\/td><td class=\"column-3\">Bemerkungen zur Sch\u00fctz-Rezeption im 17. Jahrhundert am Beispiel der \"Breslauer Varianten\" der Auferstehungshistorie SWV 50<\/td><td class=\"column-4\">S. 83-111<\/td><td class=\"column-5\"><a href=\"https:\/\/www.schuetzgesellschaft.de\/?page_id=214\"><img loading=\"lazy\" decoding=\"async\" src=\"https:\/\/www.schuetzgesellschaft.de\/wp-content\/uploads\/Logos\/PDF_32.png\" alt=\"\" width=\"32\" height=\"32\" class=\"aligncenter size-full wp-image-453\" \/><\/a><br \/>\n<\/td>\n<\/tr>\n<tr class=\"row-50\">\n\t<td class=\"column-1\">1990<\/td><td class=\"column-2\"><b>Breig<\/b>, Werner<\/td><td class=\"column-3\">Eine hypothetische Fr\u00fchfassung von Heinrich Sch\u00fctz' geistlichem Konzert \"Siehe, es erschien der Engel des Herren\" SWV 403 - Ein Beitrag zum Thema \"Analyse und Werkgeschichte\"<\/td><td class=\"column-4\">S. 59-72<\/td><td class=\"column-5\"><a href=\"https:\/\/www.schuetzgesellschaft.de\/?page_id=214\"><img loading=\"lazy\" decoding=\"async\" src=\"https:\/\/www.schuetzgesellschaft.de\/wp-content\/uploads\/Logos\/PDF_32.png\" alt=\"\" width=\"32\" height=\"32\" class=\"aligncenter size-full wp-image-453\" \/><\/a><br \/>\n<\/td>\n<\/tr>\n<tr class=\"row-51\">\n\t<td class=\"column-1\">1990<\/td><td class=\"column-2\"><b>Robinson<\/b>, Ray<\/td><td class=\"column-3\">Heinrich Sch\u00fctz' Passions and Historiae in Editions of the late-Nineteenth and Early-20th Centuries<\/td><td class=\"column-4\">S. 112-130<\/td><td class=\"column-5\"><a href=\"https:\/\/www.schuetzgesellschaft.de\/?page_id=214\"><img loading=\"lazy\" decoding=\"async\" src=\"https:\/\/www.schuetzgesellschaft.de\/wp-content\/uploads\/Logos\/PDF_32.png\" alt=\"\" width=\"32\" height=\"32\" class=\"aligncenter size-full wp-image-453\" \/><\/a><br \/>\n<\/td>\n<\/tr>\n<tr class=\"row-52\">\n\t<td class=\"column-1\">1990<\/td><td class=\"column-2\"><b>Gottwald<\/b>, Clytus<\/td><td class=\"column-3\">Neue Forschungen zu den Kasseler Sch\u00fctz-Handschriften<\/td><td class=\"column-4\">S. 31-42<\/td><td class=\"column-5\"><a href=\"https:\/\/www.schuetzgesellschaft.de\/?page_id=214\"><img loading=\"lazy\" decoding=\"async\" src=\"https:\/\/www.schuetzgesellschaft.de\/wp-content\/uploads\/Logos\/PDF_32.png\" alt=\"\" width=\"32\" height=\"32\" class=\"aligncenter size-full wp-image-453\" \/><\/a><br \/>\n<\/td>\n<\/tr>\n<tr class=\"row-53\">\n\t<td class=\"column-1\">1990<\/td><td class=\"column-2\"><b>Linfield<\/b>, Eva<\/td><td class=\"column-3\">Toni und Modi und ihre Bedeutung f\u00fcr Sch\u00fctz' Harmonik<\/td><td class=\"column-4\">S. 150-170<\/td><td class=\"column-5\"><a href=\"https:\/\/www.schuetzgesellschaft.de\/?page_id=214\"><img loading=\"lazy\" decoding=\"async\" src=\"https:\/\/www.schuetzgesellschaft.de\/wp-content\/uploads\/Logos\/PDF_32.png\" alt=\"\" width=\"32\" height=\"32\" class=\"aligncenter size-full wp-image-453\" \/><\/a><br \/>\n<\/td>\n<\/tr>\n<tr class=\"row-54\">\n\t<td class=\"column-1\">1990<\/td><td class=\"column-2\"><b>Krummacher<\/b>, Friedhelm<\/td><td class=\"column-3\">\u00dcberlegungen zur Sch\u00fctz-Rezeption<\/td><td class=\"column-4\">S. 73-82<\/td><td class=\"column-5\"><a href=\"https:\/\/www.schuetzgesellschaft.de\/?page_id=214\"><img loading=\"lazy\" decoding=\"async\" src=\"https:\/\/www.schuetzgesellschaft.de\/wp-content\/uploads\/Logos\/PDF_32.png\" alt=\"\" width=\"32\" height=\"32\" class=\"aligncenter size-full wp-image-453\" \/><\/a><br \/>\n<\/td>\n<\/tr>\n<tr class=\"row-55\">\n\t<td class=\"column-1\">1990<\/td><td class=\"column-2\"><b>Steude<\/b>, Wolfram<\/td><td class=\"column-3\">Zum gegenw\u00e4rtigen Stand der Sch\u00fctz-Biographik<\/td><td class=\"column-4\">S. 7-30<\/td><td class=\"column-5\"><a href=\"https:\/\/www.schuetzgesellschaft.de\/?page_id=214\"><img loading=\"lazy\" decoding=\"async\" src=\"https:\/\/www.schuetzgesellschaft.de\/wp-content\/uploads\/Logos\/PDF_32.png\" alt=\"\" width=\"32\" height=\"32\" class=\"aligncenter size-full wp-image-453\" \/><\/a><br \/>\n<\/td>\n<\/tr>\n<tr class=\"row-56\">\n\t<td class=\"column-1\">1990<\/td><td class=\"column-2\"><b>Steinbeck<\/b>, Wolfram<\/td><td class=\"column-3\">Zum Stand der Sch\u00fctz-Analyse<\/td><td class=\"column-4\">S. 43-58<\/td><td class=\"column-5\"><a href=\"https:\/\/www.schuetzgesellschaft.de\/?page_id=214\"><img loading=\"lazy\" decoding=\"async\" src=\"https:\/\/www.schuetzgesellschaft.de\/wp-content\/uploads\/Logos\/PDF_32.png\" alt=\"\" width=\"32\" height=\"32\" class=\"aligncenter size-full wp-image-453\" \/><\/a><br \/>\n<\/td>\n<\/tr>\n<tr class=\"row-57\">\n\t<td class=\"column-1\">1990<\/td><td class=\"column-2\"><b>Werbeck<\/b>, Walter<\/td><td class=\"column-3\">Zum Tonartenverst\u00e4ndnis der deutschen Musiktheorie in der ersten H\u00e4lfte des 17. Jahrhunderts<\/td><td class=\"column-4\">S. 131-149<\/td><td class=\"column-5\"><a href=\"https:\/\/www.schuetzgesellschaft.de\/?page_id=214\"><img loading=\"lazy\" decoding=\"async\" src=\"https:\/\/www.schuetzgesellschaft.de\/wp-content\/uploads\/Logos\/PDF_32.png\" alt=\"\" width=\"32\" height=\"32\" class=\"aligncenter size-full wp-image-453\" \/><\/a><br \/>\n<\/td>\n<\/tr>\n<tr class=\"row-58\">\n\t<td class=\"column-1\">1991<\/td><td class=\"column-2\"><b>Dirksen<\/b>, Pieter<\/td><td class=\"column-3\">Der Umfang des handschriftlich \u00fcberlieferten Clavierwerkes von Samuel Scheidt<\/td><td class=\"column-4\">S. 91-123<\/td><td class=\"column-5\"><a href=\"https:\/\/www.schuetzgesellschaft.de\/?page_id=214\"><img loading=\"lazy\" decoding=\"async\" src=\"https:\/\/www.schuetzgesellschaft.de\/wp-content\/uploads\/Logos\/PDF_32.png\" alt=\"\" width=\"32\" height=\"32\" class=\"aligncenter size-full wp-image-453\" \/><\/a><br \/>\n<\/td>\n<\/tr>\n<tr class=\"row-59\">\n\t<td class=\"column-1\">1991<\/td><td class=\"column-2\"><b>M\u00f6ller<\/b>, Eberhard<\/td><td class=\"column-3\">Sch\u00fctziana in Chemnitz, Freiberg und Schneeberg<\/td><td class=\"column-4\">S. 56-90<\/td><td class=\"column-5\"><a href=\"https:\/\/www.schuetzgesellschaft.de\/?page_id=214\"><img loading=\"lazy\" decoding=\"async\" src=\"https:\/\/www.schuetzgesellschaft.de\/wp-content\/uploads\/Logos\/PDF_32.png\" alt=\"\" width=\"32\" height=\"32\" class=\"aligncenter size-full wp-image-453\" \/><\/a><br \/>\n<\/td>\n<\/tr>\n<tr class=\"row-60\">\n\t<td class=\"column-1\">1991<\/td><td class=\"column-2\"><b>Schmid<\/b>, Manfred Hermann<\/td><td class=\"column-3\">Trompeterchor und Sprachvertonung bei Heinrich Sch\u00fctz<\/td><td class=\"column-4\">S. 28-57<\/td><td class=\"column-5\"><a href=\"https:\/\/www.schuetzgesellschaft.de\/?page_id=214\"><img loading=\"lazy\" decoding=\"async\" src=\"https:\/\/www.schuetzgesellschaft.de\/wp-content\/uploads\/Logos\/PDF_32.png\" alt=\"\" width=\"32\" height=\"32\" class=\"aligncenter size-full wp-image-453\" \/><\/a><br \/>\n<\/td>\n<\/tr>\n<tr class=\"row-61\">\n\t<td class=\"column-1\">1991<\/td><td class=\"column-2\"><b>K\u00fcster<\/b>, Konrad<\/td><td class=\"column-3\">Wer war Giovanni Gabrielis \"letzter Sch\u00fcler\" ? Zu Christoph Klemsee und Gallus Guggumos<\/td><td class=\"column-4\">S. 124-130<\/td><td class=\"column-5\"><a href=\"https:\/\/www.schuetzgesellschaft.de\/?page_id=214\"><img loading=\"lazy\" decoding=\"async\" src=\"https:\/\/www.schuetzgesellschaft.de\/wp-content\/uploads\/Logos\/PDF_32.png\" alt=\"\" width=\"32\" height=\"32\" class=\"aligncenter size-full wp-image-453\" \/><\/a><br \/>\n<\/td>\n<\/tr>\n<tr class=\"row-62\">\n\t<td class=\"column-1\">1991<\/td><td class=\"column-2\"><b>Gudewill<\/b>, Kurt<\/td><td class=\"column-3\">Zum Verh\u00e4ltnis von Sprache und Musik im Werk von Heinrich Sch\u00fctz<\/td><td class=\"column-4\"> S. 5-27<\/td><td class=\"column-5\"><a href=\"https:\/\/www.schuetzgesellschaft.de\/?page_id=214\"><img loading=\"lazy\" decoding=\"async\" src=\"https:\/\/www.schuetzgesellschaft.de\/wp-content\/uploads\/Logos\/PDF_32.png\" alt=\"\" width=\"32\" height=\"32\" class=\"aligncenter size-full wp-image-453\" \/><\/a><br \/>\n<\/td>\n<\/tr>\n<tr class=\"row-63\">\n\t<td class=\"column-1\">1992<\/td><td class=\"column-2\"><b>Koch<\/b>, Klaus-Peter<\/td><td class=\"column-3\">\" In te, Domine, speravi, non confundar in aeternum\" - Zur Kompositionsweise von Samuel Scheidt<\/td><td class=\"column-4\">S. 78-89<\/td><td class=\"column-5\"><a href=\"https:\/\/www.schuetzgesellschaft.de\/?page_id=214\"><img loading=\"lazy\" decoding=\"async\" src=\"https:\/\/www.schuetzgesellschaft.de\/wp-content\/uploads\/Logos\/PDF_32.png\" alt=\"\" width=\"32\" height=\"32\" class=\"aligncenter size-full wp-image-453\" \/><\/a><br \/>\n<\/td>\n<\/tr>\n<tr class=\"row-64\">\n\t<td class=\"column-1\">1992<\/td><td class=\"column-2\"><b>Watty<\/b>, Adolf<\/td><td class=\"column-3\">Bericht \u00fcber neue Sch\u00fctz-Quellen<\/td><td class=\"column-4\">S. 56-61<\/td><td class=\"column-5\"><a href=\"https:\/\/www.schuetzgesellschaft.de\/?page_id=214\"><img loading=\"lazy\" decoding=\"async\" src=\"https:\/\/www.schuetzgesellschaft.de\/wp-content\/uploads\/Logos\/PDF_32.png\" alt=\"\" width=\"32\" height=\"32\" class=\"aligncenter size-full wp-image-453\" \/><\/a><br \/>\n<\/td>\n<\/tr>\n<tr class=\"row-65\">\n\t<td class=\"column-1\">1992<\/td><td class=\"column-2\"><b>Belotti<\/b>, Michael<\/td><td class=\"column-3\">Die Choralfantasien Heinrich Scheidemanns in den Pelpliner Orgeltabulaturen<\/td><td class=\"column-4\">1992, <br \/>\nS. 90-107<\/td><td class=\"column-5\"><a href=\"https:\/\/www.schuetzgesellschaft.de\/?page_id=214\"><img loading=\"lazy\" decoding=\"async\" src=\"https:\/\/www.schuetzgesellschaft.de\/wp-content\/uploads\/Logos\/PDF_32.png\" alt=\"\" width=\"32\" height=\"32\" class=\"aligncenter size-full wp-image-453\" \/><\/a><br \/>\n<\/td>\n<\/tr>\n<tr class=\"row-66\">\n\t<td class=\"column-1\">1992<\/td><td class=\"column-2\"><b>Aikin<\/b>, Judidh P.<\/td><td class=\"column-3\">Heinrich Sch\u00fctz's Die Bu\u00dffertige Magdalena (1636)<\/td><td class=\"column-4\">S. 9-24<\/td><td class=\"column-5\"><a href=\"https:\/\/www.schuetzgesellschaft.de\/?page_id=214\"><img loading=\"lazy\" decoding=\"async\" src=\"https:\/\/www.schuetzgesellschaft.de\/wp-content\/uploads\/Logos\/PDF_32.png\" alt=\"\" width=\"32\" height=\"32\" class=\"aligncenter size-full wp-image-453\" \/><\/a><br \/>\n<\/td>\n<\/tr>\n<tr class=\"row-67\">\n\t<td class=\"column-1\">1992<\/td><td class=\"column-2\"><b>Klein<\/b>, Michael<\/td><td class=\"column-3\">Neuere Studien \u00fcber Leonhard Lechner<\/td><td class=\"column-4\">S. 62-77<\/td><td class=\"column-5\"><a href=\"https:\/\/www.schuetzgesellschaft.de\/?page_id=214\"><img loading=\"lazy\" decoding=\"async\" src=\"https:\/\/www.schuetzgesellschaft.de\/wp-content\/uploads\/Logos\/PDF_32.png\" alt=\"\" width=\"32\" height=\"32\" class=\"aligncenter size-full wp-image-453\" \/><\/a><br \/>\n<\/td>\n<\/tr>\n<tr class=\"row-68\">\n\t<td class=\"column-1\">1992<\/td><td class=\"column-2\"><b>Drebes<\/b>, Gerald<\/td><td class=\"column-3\">Sch\u00fctz, Monteverdi und die Vollkommenheit der Musik - Es steh Gott auf aus den Symphoniae sacrae II (1647)<\/td><td class=\"column-4\">S. 25-55<\/td><td class=\"column-5\"><a href=\"https:\/\/www.schuetzgesellschaft.de\/?page_id=214\"><img loading=\"lazy\" decoding=\"async\" src=\"https:\/\/www.schuetzgesellschaft.de\/wp-content\/uploads\/Logos\/PDF_32.png\" alt=\"\" width=\"32\" height=\"32\" class=\"aligncenter size-full wp-image-453\" \/><\/a><br \/>\n<\/td>\n<\/tr>\n<tr class=\"row-69\">\n\t<td class=\"column-1\">1993<\/td><td class=\"column-2\"><b>Wollny<\/b>, Peter<\/td><td class=\"column-3\">A Collection of 17th-Century German Vocal Music at the Bodleian Library<\/td><td class=\"column-4\">S. 77-108<\/td><td class=\"column-5\"><a href=\"https:\/\/www.schuetzgesellschaft.de\/?page_id=214\"><img loading=\"lazy\" decoding=\"async\" src=\"https:\/\/www.schuetzgesellschaft.de\/wp-content\/uploads\/Logos\/PDF_32.png\" alt=\"\" width=\"32\" height=\"32\" class=\"aligncenter size-full wp-image-453\" \/><\/a><br \/>\n<\/td>\n<\/tr>\n<tr class=\"row-70\">\n\t<td class=\"column-1\">1993<\/td><td class=\"column-2\"><b>Salmen<\/b>, Walter<\/td><td class=\"column-3\">Der Tanz im Denken und Wirken von Heinrich Sch\u00fctz<\/td><td class=\"column-4\">S. 33-50<\/td><td class=\"column-5\"><a href=\"https:\/\/www.schuetzgesellschaft.de\/?page_id=214\"><img loading=\"lazy\" decoding=\"async\" src=\"https:\/\/www.schuetzgesellschaft.de\/wp-content\/uploads\/Logos\/PDF_32.png\" alt=\"\" width=\"32\" height=\"32\" class=\"aligncenter size-full wp-image-453\" \/><\/a><br \/>\n<\/td>\n<\/tr>\n<tr class=\"row-71\">\n\t<td class=\"column-1\">1993<\/td><td class=\"column-2\"><b>Bockholdt<\/b>, Petra<\/td><td class=\"column-3\">Die lateinische Sprache im Werk von Heinrich Sch\u00fctz<\/td><td class=\"column-4\">S. 51-62<\/td><td class=\"column-5\"><a href=\"https:\/\/www.schuetzgesellschaft.de\/?page_id=214\"><img loading=\"lazy\" decoding=\"async\" src=\"https:\/\/www.schuetzgesellschaft.de\/wp-content\/uploads\/Logos\/PDF_32.png\" alt=\"\" width=\"32\" height=\"32\" class=\"aligncenter size-full wp-image-453\" \/><\/a><br \/>\n<\/td>\n<\/tr>\n<tr class=\"row-72\">\n\t<td class=\"column-1\">1993<\/td><td class=\"column-2\"><b>Forchert<\/b>, Arno<\/td><td class=\"column-3\">Heinrich Sch\u00fctz und die Musica poetica<\/td><td class=\"column-4\">S. 7-24<\/td><td class=\"column-5\"><a href=\"https:\/\/www.schuetzgesellschaft.de\/?page_id=214\"><img loading=\"lazy\" decoding=\"async\" src=\"https:\/\/www.schuetzgesellschaft.de\/wp-content\/uploads\/Logos\/PDF_32.png\" alt=\"\" width=\"32\" height=\"32\" class=\"aligncenter size-full wp-image-453\" \/><\/a><br \/>\n<\/td>\n<\/tr>\n<tr class=\"row-73\">\n\t<td class=\"column-1\">1993<\/td><td class=\"column-2\"><b>K\u00fcster<\/b>, Konrad<\/td><td class=\"column-3\">Madrigaltext als kompositorische Freiheit: Zu Sch\u00fctz' Italienischen Madrigalen und ihrer Umgebung<\/td><td class=\"column-4\">S. 25-32<\/td><td class=\"column-5\"><a href=\"https:\/\/www.schuetzgesellschaft.de\/?page_id=214\"><img loading=\"lazy\" decoding=\"async\" src=\"https:\/\/www.schuetzgesellschaft.de\/wp-content\/uploads\/Logos\/PDF_32.png\" alt=\"\" width=\"32\" height=\"32\" class=\"aligncenter size-full wp-image-453\" \/><\/a><br \/>\n<\/td>\n<\/tr>\n<tr class=\"row-74\">\n\t<td class=\"column-1\">1993<\/td><td class=\"column-2\"><b>Kube<\/b>, Michael<\/td><td class=\"column-3\">Motivische Verkn\u00fcpfungen und \u00e4sthetisches Urteil: Zu Georg Muffats \u00bbApparatus musico-organisticus\u00ab<\/td><td class=\"column-4\">S. 63-76<\/td><td class=\"column-5\"><a href=\"https:\/\/www.schuetzgesellschaft.de\/?page_id=214\"><img loading=\"lazy\" decoding=\"async\" src=\"https:\/\/www.schuetzgesellschaft.de\/wp-content\/uploads\/Logos\/PDF_32.png\" alt=\"\" width=\"32\" height=\"32\" class=\"aligncenter size-full wp-image-453\" \/><\/a><br \/>\n<\/td>\n<\/tr>\n<tr class=\"row-75\">\n\t<td class=\"column-1\">1994<\/td><td class=\"column-2\"><b>Kendrick<\/b>, Robert L.<\/td><td class=\"column-3\">\" Sonet vox tua in auribus meis\" : Song of Songs Exegesis and the Seventeenth-Century Motet<\/td><td class=\"column-4\">S. 99-118<\/td><td class=\"column-5\"><a href=\"https:\/\/www.schuetzgesellschaft.de\/?page_id=214\"><img loading=\"lazy\" decoding=\"async\" src=\"https:\/\/www.schuetzgesellschaft.de\/wp-content\/uploads\/Logos\/PDF_32.png\" alt=\"\" width=\"32\" height=\"32\" class=\"aligncenter size-full wp-image-453\" \/><\/a><br \/>\n<\/td>\n<\/tr>\n<tr class=\"row-76\">\n\t<td class=\"column-1\">1994<\/td><td class=\"column-2\"><b>Schmidt<\/b>, Lothar<\/td><td class=\"column-3\">Beobachtungen zur Passionsmusik im italienischen geistlichen Madrigal<\/td><td class=\"column-4\">S. 67-86<\/td><td class=\"column-5\"><a href=\"https:\/\/www.schuetzgesellschaft.de\/?page_id=214\"><img loading=\"lazy\" decoding=\"async\" src=\"https:\/\/www.schuetzgesellschaft.de\/wp-content\/uploads\/Logos\/PDF_32.png\" alt=\"\" width=\"32\" height=\"32\" class=\"aligncenter size-full wp-image-453\" \/><\/a><br \/>\n<\/td>\n<\/tr>\n<tr class=\"row-77\">\n\t<td class=\"column-1\">1994<\/td><td class=\"column-2\"><b>Pickerodt<\/b>, Gerhart<\/td><td class=\"column-3\">Der t\u00f6nende Sarg: Heinrich Sch\u00fctz' Musicalische Exequien im Zusammenhang eines F\u00fcrsten-Todes<\/td><td class=\"column-4\">S. 27-38<\/td><td class=\"column-5\"><a href=\"https:\/\/www.schuetzgesellschaft.de\/?page_id=214\"><img loading=\"lazy\" decoding=\"async\" src=\"https:\/\/www.schuetzgesellschaft.de\/wp-content\/uploads\/Logos\/PDF_32.png\" alt=\"\" width=\"32\" height=\"32\" class=\"aligncenter size-full wp-image-453\" \/><\/a><br \/>\n<\/td>\n<\/tr>\n<tr class=\"row-78\">\n\t<td class=\"column-1\">1994<\/td><td class=\"column-2\"><b>Seidel<\/b>, Wilhelm<\/td><td class=\"column-3\">Musik von Sch\u00fctz im Spiegel der Rhythmik<\/td><td class=\"column-4\">S. 7-26<\/td><td class=\"column-5\"><a href=\"https:\/\/www.schuetzgesellschaft.de\/?page_id=214\"><img loading=\"lazy\" decoding=\"async\" src=\"https:\/\/www.schuetzgesellschaft.de\/wp-content\/uploads\/Logos\/PDF_32.png\" alt=\"\" width=\"32\" height=\"32\" class=\"aligncenter size-full wp-image-453\" \/><\/a><br \/>\n<\/td>\n<\/tr>\n<tr class=\"row-79\">\n\t<td class=\"column-1\">1994<\/td><td class=\"column-2\"><b>Berns<\/b>, J\u00f6rg-Jochen<\/td><td class=\"column-3\">Orpheus oder Assaph? Bemerkungen zum biographischen Informationswert und zur \u00e4sthetischen Interpretationskraft der Epicedien auf Heinrich Sch\u00fctz und dessen Familienmitglieder<\/td><td class=\"column-4\"> S. 49-66<\/td><td class=\"column-5\"><a href=\"https:\/\/www.schuetzgesellschaft.de\/?page_id=214\"><img loading=\"lazy\" decoding=\"async\" src=\"https:\/\/www.schuetzgesellschaft.de\/wp-content\/uploads\/Logos\/PDF_32.png\" alt=\"\" width=\"32\" height=\"32\" class=\"aligncenter size-full wp-image-453\" \/><\/a><br \/>\n<\/td>\n<\/tr>\n<tr class=\"row-80\">\n\t<td class=\"column-1\">1994<\/td><td class=\"column-2\"><b>Henze-D\u00f6hring<\/b>, Sabine<\/td><td class=\"column-3\">Sch\u00fctz' Musicalische Exequien: Die kompositorische Disposition der Sarginschriften und ihr liturgischer Kontext<\/td><td class=\"column-4\">S. 39-48<\/td><td class=\"column-5\"><a href=\"https:\/\/www.schuetzgesellschaft.de\/?page_id=214\"><img loading=\"lazy\" decoding=\"async\" src=\"https:\/\/www.schuetzgesellschaft.de\/wp-content\/uploads\/Logos\/PDF_32.png\" alt=\"\" width=\"32\" height=\"32\" class=\"aligncenter size-full wp-image-453\" \/><\/a><br \/>\n<\/td>\n<\/tr>\n<tr class=\"row-81\">\n\t<td class=\"column-1\">1994<\/td><td class=\"column-2\"><b>Breig<\/b>, Werner<\/td><td class=\"column-3\">Zur Vorgeschichte zweier Werke von Heinrich Sch\u00fctz: \"Ist nicht Ephraim mein teurer Sohn\" (SWV 40) und \"Siehe, dieser wird gesetzt zu einem Fall\" (SWV 140)<\/td><td class=\"column-4\">S. 87-98<\/td><td class=\"column-5\"><a href=\"https:\/\/www.schuetzgesellschaft.de\/?page_id=214\"><img loading=\"lazy\" decoding=\"async\" src=\"https:\/\/www.schuetzgesellschaft.de\/wp-content\/uploads\/Logos\/PDF_32.png\" alt=\"\" width=\"32\" height=\"32\" class=\"aligncenter size-full wp-image-453\" \/><\/a><br \/>\n<\/td>\n<\/tr>\n<tr class=\"row-82\">\n\t<td class=\"column-1\">1995<\/td><td class=\"column-2\"><b>Watty<\/b>, Adolf<\/td><td class=\"column-3\">\" Confitebor tibi Domine\" - von Monteverdi oder Rosenm\u00fcller?<\/td><td class=\"column-4\">S. 141-150<\/td><td class=\"column-5\"><a href=\"https:\/\/www.schuetzgesellschaft.de\/?page_id=214\"><img loading=\"lazy\" decoding=\"async\" src=\"https:\/\/www.schuetzgesellschaft.de\/wp-content\/uploads\/Logos\/PDF_32.png\" alt=\"\" width=\"32\" height=\"32\" class=\"aligncenter size-full wp-image-453\" \/><\/a><br \/>\n<\/td>\n<\/tr>\n<tr class=\"row-83\">\n\t<td class=\"column-1\">1995<\/td><td class=\"column-2\"><b>M\u00e4rker<\/b>, Michael<\/td><td class=\"column-3\">David Pohles Weihnachtskantate Nascitur Immanuel und die Fr\u00fchgeschichte der Concerto-Aria-Kantate<\/td><td class=\"column-4\">S. 81-96<\/td><td class=\"column-5\"><a href=\"https:\/\/www.schuetzgesellschaft.de\/?page_id=214\"><img loading=\"lazy\" decoding=\"async\" src=\"https:\/\/www.schuetzgesellschaft.de\/wp-content\/uploads\/Logos\/PDF_32.png\" alt=\"\" width=\"32\" height=\"32\" class=\"aligncenter size-full wp-image-453\" \/><\/a><br \/>\n<\/td>\n<\/tr>\n<tr class=\"row-84\">\n\t<td class=\"column-1\">1995<\/td><td class=\"column-2\"><b>Horn<\/b>, Wolfgang<\/td><td class=\"column-3\">Die Kompositionslehre Christoph Bernhards in ihrer Bedeutung f\u00fcr einen Sch\u00fcler<\/td><td class=\"column-4\">S. 97-120<\/td><td class=\"column-5\"><a href=\"https:\/\/www.schuetzgesellschaft.de\/?page_id=214\"><img loading=\"lazy\" decoding=\"async\" src=\"https:\/\/www.schuetzgesellschaft.de\/wp-content\/uploads\/Logos\/PDF_32.png\" alt=\"\" width=\"32\" height=\"32\" class=\"aligncenter size-full wp-image-453\" \/><\/a><br \/>\n<\/td>\n<\/tr>\n<tr class=\"row-85\">\n\t<td class=\"column-1\">1995<\/td><td class=\"column-2\"><b>Krummacher<\/b>, Friedhelm<\/td><td class=\"column-3\">Geschichte als Erfahrung: Sch\u00fctz und Bach in Blick Philipp Spittas<\/td><td class=\"column-4\">S. 9-28<\/td><td class=\"column-5\"><a href=\"https:\/\/www.schuetzgesellschaft.de\/?page_id=214\"><img loading=\"lazy\" decoding=\"async\" src=\"https:\/\/www.schuetzgesellschaft.de\/wp-content\/uploads\/Logos\/PDF_32.png\" alt=\"\" width=\"32\" height=\"32\" class=\"aligncenter size-full wp-image-453\" \/><\/a><br \/>\n<\/td>\n<\/tr>\n<tr class=\"row-86\">\n\t<td class=\"column-1\">1995<\/td><td class=\"column-2\"><b>Werbeck<\/b>, Walter<\/td><td class=\"column-3\">Heinrich Sch\u00fctz und der Streit zwischen Marco Scacchi und Paul Siefert<\/td><td class=\"column-4\"> S. 63-79<\/td><td class=\"column-5\"><a href=\"https:\/\/www.schuetzgesellschaft.de\/?page_id=214\"><img loading=\"lazy\" decoding=\"async\" src=\"https:\/\/www.schuetzgesellschaft.de\/wp-content\/uploads\/Logos\/PDF_32.png\" alt=\"\" width=\"32\" height=\"32\" class=\"aligncenter size-full wp-image-453\" \/><\/a><br \/>\n<\/td>\n<\/tr>\n<tr class=\"row-87\">\n\t<td class=\"column-1\">1995<\/td><td class=\"column-2\"><b>Salmen<\/b>, Walter<\/td><td class=\"column-3\">Musizieren in dunklen Tagen im Umfelde Soests (1600-1650)<\/td><td class=\"column-4\">S. 29-38<\/td><td class=\"column-5\"><a href=\"https:\/\/www.schuetzgesellschaft.de\/?page_id=214\"><img loading=\"lazy\" decoding=\"async\" src=\"https:\/\/www.schuetzgesellschaft.de\/wp-content\/uploads\/Logos\/PDF_32.png\" alt=\"\" width=\"32\" height=\"32\" class=\"aligncenter size-full wp-image-453\" \/><\/a><br \/>\n<\/td>\n<\/tr>\n<tr class=\"row-88\">\n\t<td class=\"column-1\">1995<\/td><td class=\"column-2\"><b>Just<\/b>, Martin<\/td><td class=\"column-3\">Rhythmus und Klang als Formfaktoren in den \"Kleinen geistlichen Konzerten\" von Heinrich Sch\u00fctz (II)<\/td><td class=\"column-4\">S. 121-140<\/td><td class=\"column-5\"><a href=\"https:\/\/www.schuetzgesellschaft.de\/?page_id=214\"><img loading=\"lazy\" decoding=\"async\" src=\"https:\/\/www.schuetzgesellschaft.de\/wp-content\/uploads\/Logos\/PDF_32.png\" alt=\"\" width=\"32\" height=\"32\" class=\"aligncenter size-full wp-image-453\" \/><\/a><br \/>\n<\/td>\n<\/tr>\n<tr class=\"row-89\">\n\t<td class=\"column-1\">1995<\/td><td class=\"column-2\"><b>K\u00fcster<\/b>, Konrad<\/td><td class=\"column-3\">Weckmann und M\u00f6lich als Sch\u00fctz-Sch\u00fcler<\/td><td class=\"column-4\">S. 39-62<\/td><td class=\"column-5\"><a href=\"https:\/\/www.schuetzgesellschaft.de\/?page_id=214\"><img loading=\"lazy\" decoding=\"async\" src=\"https:\/\/www.schuetzgesellschaft.de\/wp-content\/uploads\/Logos\/PDF_32.png\" alt=\"\" width=\"32\" height=\"32\" class=\"aligncenter size-full wp-image-453\" \/><\/a><br \/>\n<\/td>\n<\/tr>\n<tr class=\"row-90\">\n\t<td class=\"column-1\">1996<\/td><td class=\"column-2\"><b>Frandsen<\/b>, Mary E.<\/td><td class=\"column-3\">Albrici, Peranda und die Urspr\u00fcnge der Concerto-Aria-Kantate in Dresden<\/td><td class=\"column-4\">S. 123-140<\/td><td class=\"column-5\"><a href=\"https:\/\/www.schuetzgesellschaft.de\/?page_id=214\"><img loading=\"lazy\" decoding=\"async\" src=\"https:\/\/www.schuetzgesellschaft.de\/wp-content\/uploads\/Logos\/PDF_32.png\" alt=\"\" width=\"32\" height=\"32\" class=\"aligncenter size-full wp-image-453\" \/><\/a><br \/>\n<\/td>\n<\/tr>\n<tr class=\"row-91\">\n\t<td class=\"column-1\">1996<\/td><td class=\"column-2\"><b>Fechner<\/b>, Manfred<\/td><td class=\"column-3\">Bemerkungen zu Carlo Farina und seiner Instrumentalmusik<\/td><td class=\"column-4\">S. 109-122<\/td><td class=\"column-5\"><a href=\"https:\/\/www.schuetzgesellschaft.de\/?page_id=214\"><img loading=\"lazy\" decoding=\"async\" src=\"https:\/\/www.schuetzgesellschaft.de\/wp-content\/uploads\/Logos\/PDF_32.png\" alt=\"\" width=\"32\" height=\"32\" class=\"aligncenter size-full wp-image-453\" \/><\/a><br \/>\n<\/td>\n<\/tr>\n<tr class=\"row-92\">\n\t<td class=\"column-1\">1996<\/td><td class=\"column-2\"><b>Herbst<\/b>, Wolfgang<\/td><td class=\"column-3\">Das religi\u00f6se und das politische Gewissen: Bemerkungen zu den Festpredigten anl\u00e4\u00dflich der Einhundertjahrfeier der Reformation im Kurf\u00fcrstentum Sachsen<\/td><td class=\"column-4\">S. 25-38<\/td><td class=\"column-5\"><a href=\"https:\/\/www.schuetzgesellschaft.de\/?page_id=214\"><img loading=\"lazy\" decoding=\"async\" src=\"https:\/\/www.schuetzgesellschaft.de\/wp-content\/uploads\/Logos\/PDF_32.png\" alt=\"\" width=\"32\" height=\"32\" class=\"aligncenter size-full wp-image-453\" \/><\/a><br \/>\n<\/td>\n<\/tr>\n<tr class=\"row-93\">\n\t<td class=\"column-1\">1996<\/td><td class=\"column-2\"><b>Heidrich<\/b>, J\u00fcrgen<\/td><td class=\"column-3\">Die Cantiones sacrae von Heinrich Sch\u00fctz vor dem Hintergrund reichspolitischer und konfessioneller Auseinandersetzungen<\/td><td class=\"column-4\">S. 53-64<\/td><td class=\"column-5\"><a href=\"https:\/\/www.schuetzgesellschaft.de\/?page_id=214\"><img loading=\"lazy\" decoding=\"async\" src=\"https:\/\/www.schuetzgesellschaft.de\/wp-content\/uploads\/Logos\/PDF_32.png\" alt=\"\" width=\"32\" height=\"32\" class=\"aligncenter size-full wp-image-453\" \/><\/a><br \/>\n<\/td>\n<\/tr>\n<tr class=\"row-94\">\n\t<td class=\"column-1\">1996<\/td><td class=\"column-2\"><b>Belotti<\/b>, Michael<\/td><td class=\"column-3\">Jacob Praetorius - ein Meister des instrumentalen Kontrapunkts<\/td><td class=\"column-4\">1996, <br \/>\nS. 99-108<\/td><td class=\"column-5\"><a href=\"https:\/\/www.schuetzgesellschaft.de\/?page_id=214\"><img loading=\"lazy\" decoding=\"async\" src=\"https:\/\/www.schuetzgesellschaft.de\/wp-content\/uploads\/Logos\/PDF_32.png\" alt=\"\" width=\"32\" height=\"32\" class=\"aligncenter size-full wp-image-453\" \/><\/a><br \/>\n<\/td>\n<\/tr>\n<tr class=\"row-95\">\n\t<td class=\"column-1\">1996<\/td><td class=\"column-2\"><b>K\u00fcster<\/b>, Konrad<\/td><td class=\"column-3\">Musik an der Schwelle des Drei\u00dfigj\u00e4hrigen Krieges: Perspektiven der Psalmen Davids von Sch\u00fctz<\/td><td class=\"column-4\">S. 39-52<\/td><td class=\"column-5\"><a href=\"https:\/\/www.schuetzgesellschaft.de\/?page_id=214\"><img loading=\"lazy\" decoding=\"async\" src=\"https:\/\/www.schuetzgesellschaft.de\/wp-content\/uploads\/Logos\/PDF_32.png\" alt=\"\" width=\"32\" height=\"32\" class=\"aligncenter size-full wp-image-453\" \/><\/a><br \/>\n<\/td>\n<\/tr>\n<tr class=\"row-96\">\n\t<td class=\"column-1\">1996<\/td><td class=\"column-2\"><b>Breig<\/b>, Werner<\/td><td class=\"column-3\">Zum Werkstil der Geistlichen Chormusik von Heinrich Sch\u00fctz (Teil 1)<\/td><td class=\"column-4\">S. 65-82<\/td><td class=\"column-5\"><a href=\"https:\/\/www.schuetzgesellschaft.de\/?page_id=214\"><img loading=\"lazy\" decoding=\"async\" src=\"https:\/\/www.schuetzgesellschaft.de\/wp-content\/uploads\/Logos\/PDF_32.png\" alt=\"\" width=\"32\" height=\"32\" class=\"aligncenter size-full wp-image-453\" \/><\/a><br \/>\n<\/td>\n<\/tr>\n<tr class=\"row-97\">\n\t<td class=\"column-1\">1996<\/td><td class=\"column-2\"><b>Steude<\/b>, Wolfram<\/td><td class=\"column-3\">Zur deutschen Sch\u00fctzpflege zwischen 1956 und 1995<\/td><td class=\"column-4\">S. 83-98<\/td><td class=\"column-5\"><a href=\"https:\/\/www.schuetzgesellschaft.de\/?page_id=214\"><img loading=\"lazy\" decoding=\"async\" src=\"https:\/\/www.schuetzgesellschaft.de\/wp-content\/uploads\/Logos\/PDF_32.png\" alt=\"\" width=\"32\" height=\"32\" class=\"aligncenter size-full wp-image-453\" \/><\/a><br \/>\n<\/td>\n<\/tr>\n<tr class=\"row-98\">\n\t<td class=\"column-1\">1996<\/td><td class=\"column-2\"><b>Forchert<\/b>, Arno<\/td><td class=\"column-3\">Zur Geschichte der Heinrich-Sch\u00fctz-Gesellschaft<\/td><td class=\"column-4\">S. 7-24<\/td><td class=\"column-5\"><a href=\"https:\/\/www.schuetzgesellschaft.de\/?page_id=214\"><img loading=\"lazy\" decoding=\"async\" src=\"https:\/\/www.schuetzgesellschaft.de\/wp-content\/uploads\/Logos\/PDF_32.png\" alt=\"\" width=\"32\" height=\"32\" class=\"aligncenter size-full wp-image-453\" \/><\/a><br \/>\n<\/td>\n<\/tr>\n<tr class=\"row-99\">\n\t<td class=\"column-1\">1997<\/td><td class=\"column-2\"><b>Nachtrag zum Aufsatz von Wolfgang Horn<\/td><td class=\"column-3\">\"Die Kompositionslehre Christoph Bernhards in ihrer Bedeutung f\u00fcr einen Sch\u00fcler\" in Jg. 17 (1995)<\/td><td class=\"column-4\">S. 165-166<\/td><td class=\"column-5\"><a href=\"https:\/\/www.schuetzgesellschaft.de\/?page_id=214\"><img loading=\"lazy\" decoding=\"async\" src=\"https:\/\/www.schuetzgesellschaft.de\/wp-content\/uploads\/Logos\/PDF_32.png\" alt=\"\" width=\"32\" height=\"32\" class=\"aligncenter size-full wp-image-453\" \/><\/a><br \/>\n<\/td>\n<\/tr>\n<tr class=\"row-100\">\n\t<td class=\"column-1\">1997<\/td><td class=\"column-2\"><b>Rampe<\/b>, Siegbert<\/td><td class=\"column-3\">Das \"Hintze-Manuskript\" - Ein Dokument zu Biographie und Werk von Matthias Weckmann und Johann Jacob Froberger<\/td><td class=\"column-4\">S. 71-112<\/td><td class=\"column-5\"><a href=\"https:\/\/www.schuetzgesellschaft.de\/?page_id=214\"><img loading=\"lazy\" decoding=\"async\" src=\"https:\/\/www.schuetzgesellschaft.de\/wp-content\/uploads\/Logos\/PDF_32.png\" alt=\"\" width=\"32\" height=\"32\" class=\"aligncenter size-full wp-image-453\" \/><\/a><br \/>\n<\/td>\n<\/tr>\n<tr class=\"row-101\">\n\t<td class=\"column-1\">1997<\/td><td class=\"column-2\"><b>Konradt<\/b>, Greta<\/td><td class=\"column-3\">Die Instrumentalbegleitung in Historienkompositionen der Sch\u00fctzzeit<\/td><td class=\"column-4\">S. 21-36<\/td><td class=\"column-5\"><a href=\"https:\/\/www.schuetzgesellschaft.de\/?page_id=214\"><img loading=\"lazy\" decoding=\"async\" src=\"https:\/\/www.schuetzgesellschaft.de\/wp-content\/uploads\/Logos\/PDF_32.png\" alt=\"\" width=\"32\" height=\"32\" class=\"aligncenter size-full wp-image-453\" \/><\/a><br \/>\n<\/td>\n<\/tr>\n<tr class=\"row-102\">\n\t<td class=\"column-1\">1997<\/td><td class=\"column-2\"><b>Werbeck<\/b>, Walter<\/td><td class=\"column-3\">Die Rolle der Instrumente im Werk Johann Hermann Scheins<\/td><td class=\"column-4\">S. 55-69<\/td><td class=\"column-5\"><a href=\"https:\/\/www.schuetzgesellschaft.de\/?page_id=214\"><img loading=\"lazy\" decoding=\"async\" src=\"https:\/\/www.schuetzgesellschaft.de\/wp-content\/uploads\/Logos\/PDF_32.png\" alt=\"\" width=\"32\" height=\"32\" class=\"aligncenter size-full wp-image-453\" \/><\/a><br \/>\n<\/td>\n<\/tr>\n<tr class=\"row-103\">\n\t<td class=\"column-1\">1997<\/td><td class=\"column-2\"><b>Heidrich<\/b>, J\u00fcrgen<\/td><td class=\"column-3\">Dramatische Konzeptionen in den Symphoniae Sacrae I von Heinrich Sch\u00fctz: Veni, dilecte mi und die lateinische Dialogkomposition um 1630<\/td><td class=\"column-4\">S. 37-54<\/td><td class=\"column-5\"><a href=\"https:\/\/www.schuetzgesellschaft.de\/?page_id=214\"><img loading=\"lazy\" decoding=\"async\" src=\"https:\/\/www.schuetzgesellschaft.de\/wp-content\/uploads\/Logos\/PDF_32.png\" alt=\"\" width=\"32\" height=\"32\" class=\"aligncenter size-full wp-image-453\" \/><\/a><br \/>\n<\/td>\n<\/tr>\n<tr class=\"row-104\">\n\t<td class=\"column-1\">1997<\/td><td class=\"column-2\"><b>K\u00fcster<\/b>, Konrad<\/td><td class=\"column-3\">Gabrieli und Sch\u00fctz: Die Frage des Instrumentalen in Sch\u00fctz' fr\u00fchen Werken<\/td><td class=\"column-4\">S. 7-20<\/td><td class=\"column-5\"><a href=\"https:\/\/www.schuetzgesellschaft.de\/?page_id=214\"><img loading=\"lazy\" decoding=\"async\" src=\"https:\/\/www.schuetzgesellschaft.de\/wp-content\/uploads\/Logos\/PDF_32.png\" alt=\"\" width=\"32\" height=\"32\" class=\"aligncenter size-full wp-image-453\" \/><\/a><br \/>\n<\/td>\n<\/tr>\n<tr class=\"row-105\">\n\t<td class=\"column-1\">1997<\/td><td class=\"column-2\"><b>Wollny<\/b>, Peter<\/td><td class=\"column-3\">Materialien zur Schweinfurter Musikpflege im 17. Jahrhundert: Von 1592 bis zum Tod Georg Christoph Bachs (1642-1697)<\/td><td class=\"column-4\">S. 113-164<\/td><td class=\"column-5\"><a href=\"https:\/\/www.schuetzgesellschaft.de\/?page_id=214\"><img loading=\"lazy\" decoding=\"async\" src=\"https:\/\/www.schuetzgesellschaft.de\/wp-content\/uploads\/Logos\/PDF_32.png\" alt=\"\" width=\"32\" height=\"32\" class=\"aligncenter size-full wp-image-453\" \/><\/a><br \/>\n<\/td>\n<\/tr>\n<tr class=\"row-106\">\n\t<td class=\"column-1\">1998<\/td><td class=\"column-2\"><b>Rothmund<\/b>, Elisabeth<\/td><td class=\"column-3\">\" Dafne\" und kein Ende: Heinrich Sch\u00fctz, Martin Opitz und die verfehlte erste deutsche Oper<\/td><td class=\"column-4\">S. 123-148<\/td><td class=\"column-5\"><a href=\"https:\/\/www.schuetzgesellschaft.de\/?page_id=214\"><img loading=\"lazy\" decoding=\"async\" src=\"https:\/\/www.schuetzgesellschaft.de\/wp-content\/uploads\/Logos\/PDF_32.png\" alt=\"\" width=\"32\" height=\"32\" class=\"aligncenter size-full wp-image-453\" \/><\/a><br \/>\n<\/td>\n<\/tr>\n<tr class=\"row-107\">\n\t<td class=\"column-1\">1998<\/td><td class=\"column-2\"><b>Johnston<\/b>, Gregory<\/b>, S.<\/td><td class=\"column-3\">\"Der Schein tr\u00fcgt\" : A Reappraisal of Johann Hermann Schein's Funeral Lieder<\/td><td class=\"column-4\">S. 95-106<\/td><td class=\"column-5\"><a href=\"https:\/\/www.schuetzgesellschaft.de\/?page_id=214\"><img loading=\"lazy\" decoding=\"async\" src=\"https:\/\/www.schuetzgesellschaft.de\/wp-content\/uploads\/Logos\/PDF_32.png\" alt=\"\" width=\"32\" height=\"32\" class=\"aligncenter size-full wp-image-453\" \/><\/a><br \/>\n<\/td>\n<\/tr>\n<tr class=\"row-108\">\n\t<td class=\"column-1\">1998<\/td><td class=\"column-2\"><b>Well<\/b>, Helmut<\/td><td class=\"column-3\">Christoph Bernhards Aequatio modorum und die reale Beantwortung<\/td><td class=\"column-4\">S. 25-58<\/td><td class=\"column-5\"><a href=\"https:\/\/www.schuetzgesellschaft.de\/?page_id=214\"><img loading=\"lazy\" decoding=\"async\" src=\"https:\/\/www.schuetzgesellschaft.de\/wp-content\/uploads\/Logos\/PDF_32.png\" alt=\"\" width=\"32\" height=\"32\" class=\"aligncenter size-full wp-image-453\" \/><\/a><br \/>\n<\/td>\n<\/tr>\n<tr class=\"row-109\">\n\t<td class=\"column-1\">1998<\/td><td class=\"column-2\"><b>Steude<\/b>, Wolfram<\/td><td class=\"column-3\">Das Grab von Heinrich Sch\u00fctz in der Dresdner Frauenkirche<\/td><td class=\"column-4\">S. 155-164<\/td><td class=\"column-5\"><a href=\"https:\/\/www.schuetzgesellschaft.de\/?page_id=214\"><img loading=\"lazy\" decoding=\"async\" src=\"https:\/\/www.schuetzgesellschaft.de\/wp-content\/uploads\/Logos\/PDF_32.png\" alt=\"\" width=\"32\" height=\"32\" class=\"aligncenter size-full wp-image-453\" \/><\/a><br \/>\n<\/td>\n<\/tr>\n<tr class=\"row-110\">\n\t<td class=\"column-1\">1998<\/td><td class=\"column-2\"><b>von Steuber<\/b>, Otfried<\/td><td class=\"column-3\">Ein Brief von Philipp Dulichius an den B\u00fcrgermeister von Stralsund<\/td><td class=\"column-4\">S. 149-154<\/td><td class=\"column-5\"><a href=\"https:\/\/www.schuetzgesellschaft.de\/?page_id=214\"><img loading=\"lazy\" decoding=\"async\" src=\"https:\/\/www.schuetzgesellschaft.de\/wp-content\/uploads\/Logos\/PDF_32.png\" alt=\"\" width=\"32\" height=\"32\" class=\"aligncenter size-full wp-image-453\" \/><\/a><br \/>\n<\/td>\n<\/tr>\n<tr class=\"row-111\">\n\t<td class=\"column-1\">1998<\/td><td class=\"column-2\"><b>Rathey<\/b>, Markus<\/td><td class=\"column-3\">Gaudium christianum. Michael Altenburg und das Reformationsjubil\u00e4um 1617<\/td><td class=\"column-4\">S. 107-122<\/td><td class=\"column-5\"><a href=\"https:\/\/www.schuetzgesellschaft.de\/?page_id=214\"><img loading=\"lazy\" decoding=\"async\" src=\"https:\/\/www.schuetzgesellschaft.de\/wp-content\/uploads\/Logos\/PDF_32.png\" alt=\"\" width=\"32\" height=\"32\" class=\"aligncenter size-full wp-image-453\" \/><\/a><br \/>\n<\/td>\n<\/tr>\n<tr class=\"row-112\">\n\t<td class=\"column-1\">1998<\/td><td class=\"column-2\"><b>Oechsle<\/b>, Siegfried<\/td><td class=\"column-3\">Musica poetica und Kontrapunkt. Zu den musiktheoretischen Funktionen der Figurenlehre bei Burmeister und Bernhard<\/td><td class=\"column-4\">S. 7-24<\/td><td class=\"column-5\"><a href=\"https:\/\/www.schuetzgesellschaft.de\/?page_id=214\"><img loading=\"lazy\" decoding=\"async\" src=\"https:\/\/www.schuetzgesellschaft.de\/wp-content\/uploads\/Logos\/PDF_32.png\" alt=\"\" width=\"32\" height=\"32\" class=\"aligncenter size-full wp-image-453\" \/><\/a><br \/>\n<\/td>\n<\/tr>\n<tr class=\"row-113\">\n\t<td class=\"column-1\">1998<\/td><td class=\"column-2\"><b>Breig<\/b>, Werner<\/td><td class=\"column-3\">Zum Werkstil der \"Geistlichen Chormusik\" von Heinrich Sch\u00fctz (Teil 2)<\/td><td class=\"column-4\">S. 77-94<\/td><td class=\"column-5\"><a href=\"https:\/\/www.schuetzgesellschaft.de\/?page_id=214\"><img loading=\"lazy\" decoding=\"async\" src=\"https:\/\/www.schuetzgesellschaft.de\/wp-content\/uploads\/Logos\/PDF_32.png\" alt=\"\" width=\"32\" height=\"32\" class=\"aligncenter size-full wp-image-453\" \/><\/a><br \/>\n<\/td>\n<\/tr>\n<tr class=\"row-114\">\n\t<td class=\"column-1\">1998<\/td><td class=\"column-2\"><b>Wollny<\/b>, Peter<\/td><td class=\"column-3\">Zwischen Hamburg, Gottorf und Wolfenb\u00fcttel: Neue Ermittlungen zur Entstehung der Sammlung Bokemeyer<\/td><td class=\"column-4\">S. 59-76<\/td><td class=\"column-5\"><a href=\"https:\/\/www.schuetzgesellschaft.de\/?page_id=214\"><img loading=\"lazy\" decoding=\"async\" src=\"https:\/\/www.schuetzgesellschaft.de\/wp-content\/uploads\/Logos\/PDF_32.png\" alt=\"\" width=\"32\" height=\"32\" class=\"aligncenter size-full wp-image-453\" \/><\/a><br \/>\n<\/td>\n<\/tr>\n<tr class=\"row-115\">\n\t<td class=\"column-1\">1999<\/td><td class=\"column-2\"><b>Steude<\/b>, Wolfram<\/td><td class=\"column-3\">\u201e... Vndt ohngeschickt werde, in die junge Welt vnd Neueste Manir der Music mich einzurichten.\" Heinrich Sch\u00fctz und die jungen Italiener am Dresdner Hof<\/td><td class=\"column-4\">S. 63-76<\/td><td class=\"column-5\"><a href=\"https:\/\/www.schuetzgesellschaft.de\/?page_id=214\"><img loading=\"lazy\" decoding=\"async\" src=\"https:\/\/www.schuetzgesellschaft.de\/wp-content\/uploads\/Logos\/PDF_32.png\" alt=\"\" width=\"32\" height=\"32\" class=\"aligncenter size-full wp-image-453\" \/><\/a><br \/>\n<\/td>\n<\/tr>\n<tr class=\"row-116\">\n\t<td class=\"column-1\">1999<\/td><td class=\"column-2\"><b>Steude<\/b>, Wolfram<\/td><td class=\"column-3\">Das Grab von Heinrich Sch\u00fctz in der alten Dresdner Frauenkirche. Nachtrag zu Jg. 20 (1998)<\/td><td class=\"column-4\">S. 115-116<\/td><td class=\"column-5\"><a href=\"https:\/\/www.schuetzgesellschaft.de\/?page_id=214\"><img loading=\"lazy\" decoding=\"async\" src=\"https:\/\/www.schuetzgesellschaft.de\/wp-content\/uploads\/Logos\/PDF_32.png\" alt=\"\" width=\"32\" height=\"32\" class=\"aligncenter size-full wp-image-453\" \/><\/a><br \/>\n<\/td>\n<\/tr>\n<tr class=\"row-117\">\n\t<td class=\"column-1\">1999<\/td><td class=\"column-2\"><b>Herbst<\/b>, Wolfgang<\/td><td class=\"column-3\">Der Westf\u00e4lische Friede 1648 und die theologische und kirchengeschichtliche Situation in Mitteldeutschland<\/td><td class=\"column-4\">S. 7-22<\/td><td class=\"column-5\"><a href=\"https:\/\/www.schuetzgesellschaft.de\/?page_id=214\"><img loading=\"lazy\" decoding=\"async\" src=\"https:\/\/www.schuetzgesellschaft.de\/wp-content\/uploads\/Logos\/PDF_32.png\" alt=\"\" width=\"32\" height=\"32\" class=\"aligncenter size-full wp-image-453\" \/><\/a><br \/>\n<\/td>\n<\/tr>\n<tr class=\"row-118\">\n\t<td class=\"column-1\">1999<\/td><td class=\"column-2\"><b>Braun<\/b>, Werner<\/td><td class=\"column-3\">Die Mitte des 17. Jahrhunderts als musikgeschichtliche Z\u00e4sur<\/td><td class=\"column-4\">S. 39-48<\/td><td class=\"column-5\"><a href=\"https:\/\/www.schuetzgesellschaft.de\/?page_id=214\"><img loading=\"lazy\" decoding=\"async\" src=\"https:\/\/www.schuetzgesellschaft.de\/wp-content\/uploads\/Logos\/PDF_32.png\" alt=\"\" width=\"32\" height=\"32\" class=\"aligncenter size-full wp-image-453\" \/><\/a><br \/>\n<\/td>\n<\/tr>\n<tr class=\"row-119\">\n\t<td class=\"column-1\">1999<\/td><td class=\"column-2\"><b>K\u00f6\u00dfling<\/b>, Rainer<\/td><td class=\"column-3\">Die Pflege lyrischer Dichtung in Mitteldeutschland um die Mitte des 17. Jahrhunderts<\/td><td class=\"column-4\">S. 23-38<\/td><td class=\"column-5\"><a href=\"https:\/\/www.schuetzgesellschaft.de\/?page_id=214\"><img loading=\"lazy\" decoding=\"async\" src=\"https:\/\/www.schuetzgesellschaft.de\/wp-content\/uploads\/Logos\/PDF_32.png\" alt=\"\" width=\"32\" height=\"32\" class=\"aligncenter size-full wp-image-453\" \/><\/a><br \/>\n<\/td>\n<\/tr>\n<tr class=\"row-120\">\n\t<td class=\"column-1\">1999<\/td><td class=\"column-2\"><b>Wade<\/b>, Mara R.<\/td><td class=\"column-3\">Kronprinz Christian von D\u00e4nemark und seine s\u00e4chsische Braut Magdalena Sybille als M\u00e4zene von Heinrich Sch\u00fctz<\/td><td class=\"column-4\">S. 49-62<\/td><td class=\"column-5\"><a href=\"https:\/\/www.schuetzgesellschaft.de\/?page_id=214\"><img loading=\"lazy\" decoding=\"async\" src=\"https:\/\/www.schuetzgesellschaft.de\/wp-content\/uploads\/Logos\/PDF_32.png\" alt=\"\" width=\"32\" height=\"32\" class=\"aligncenter size-full wp-image-453\" \/><\/a><br \/>\n<\/td>\n<\/tr>\n<tr class=\"row-121\">\n\t<td class=\"column-1\">1999<\/td><td class=\"column-2\"><b>Beckmann<\/b>, Klaus<\/td><td class=\"column-3\">Scheidemann oder Tunder? Echtheitsprobleme bei sechs Choralfantasien in den Pelpliner und Zellerfelder Orgeltabulaturen<\/td><td class=\"column-4\">1999, <br \/>\nS. 77-98<\/td><td class=\"column-5\"><a href=\"https:\/\/www.schuetzgesellschaft.de\/?page_id=214\"><img loading=\"lazy\" decoding=\"async\" src=\"https:\/\/www.schuetzgesellschaft.de\/wp-content\/uploads\/Logos\/PDF_32.png\" alt=\"\" width=\"32\" height=\"32\" class=\"aligncenter size-full wp-image-453\" \/><\/a><br \/>\n<\/td>\n<\/tr>\n<tr class=\"row-122\">\n\t<td class=\"column-1\">1999<\/td><td class=\"column-2\"><b>K\u00fcster<\/b>, Konrad<\/td><td class=\"column-3\">Zur Geschichte der Organistenfamilie Scheidemann<\/td><td class=\"column-4\">S. 99-114<\/td><td class=\"column-5\"><a href=\"https:\/\/www.schuetzgesellschaft.de\/?page_id=214\"><img loading=\"lazy\" decoding=\"async\" src=\"https:\/\/www.schuetzgesellschaft.de\/wp-content\/uploads\/Logos\/PDF_32.png\" alt=\"\" width=\"32\" height=\"32\" class=\"aligncenter size-full wp-image-453\" \/><\/a><br \/>\n<\/td>\n<\/tr>\n<tr class=\"row-123\">\n\t<td class=\"column-1\">2000<\/td><td class=\"column-2\"><b>M\u00f6ller<\/b>, Eberhard<\/td><td class=\"column-3\">Das Sterbehaus von Heinrich Sch\u00fctz und die Neuberin<\/td><td class=\"column-4\">S. 129-134<\/td><td class=\"column-5\"><a href=\"https:\/\/www.schuetzgesellschaft.de\/?page_id=214\"><img loading=\"lazy\" decoding=\"async\" src=\"https:\/\/www.schuetzgesellschaft.de\/wp-content\/uploads\/Logos\/PDF_32.png\" alt=\"\" width=\"32\" height=\"32\" class=\"aligncenter size-full wp-image-453\" \/><\/a><br \/>\n<\/td>\n<\/tr>\n<tr class=\"row-124\">\n\t<td class=\"column-1\">2000<\/td><td class=\"column-2\"><b>Heidrich<\/b>, J\u00fcrgen<\/td><td class=\"column-3\">Eine unbekannte G\u00f6ttinger Claviertabulatur des 17. Jahrhunderts<\/td><td class=\"column-4\">S. 71-100<\/td><td class=\"column-5\"><a href=\"https:\/\/www.schuetzgesellschaft.de\/?page_id=214\"><img loading=\"lazy\" decoding=\"async\" src=\"https:\/\/www.schuetzgesellschaft.de\/wp-content\/uploads\/Logos\/PDF_32.png\" alt=\"\" width=\"32\" height=\"32\" class=\"aligncenter size-full wp-image-453\" \/><\/a><br \/>\n<\/td>\n<\/tr>\n<tr class=\"row-125\">\n\t<td class=\"column-1\">2000<\/td><td class=\"column-2\"><b>Vogels\u00e4nger<\/b>, Siegfried<\/td><td class=\"column-3\">Michael Praetorius - \"Capellmeister von Haus aus und Director der Music\" am Kurf\u00fcrstlichen Hof zu Dresden (1614-1621)<\/td><td class=\"column-4\"> S. 101-128<\/td><td class=\"column-5\"><a href=\"https:\/\/www.schuetzgesellschaft.de\/?page_id=214\"><img loading=\"lazy\" decoding=\"async\" src=\"https:\/\/www.schuetzgesellschaft.de\/wp-content\/uploads\/Logos\/PDF_32.png\" alt=\"\" width=\"32\" height=\"32\" class=\"aligncenter size-full wp-image-453\" \/><\/a><br \/>\n<\/td>\n<\/tr>\n<tr class=\"row-126\">\n\t<td class=\"column-1\">2000<\/td><td class=\"column-2\"><b>Berger<\/b>, Christian<\/td><td class=\"column-3\">Modalit\u00e4t und Kontrapunkt. Frescobaldis Toccata cromaticha (1635)<\/td><td class=\"column-4\">S. 17-28<\/td><td class=\"column-5\"><a href=\"https:\/\/www.schuetzgesellschaft.de\/?page_id=214\"><img loading=\"lazy\" decoding=\"async\" src=\"https:\/\/www.schuetzgesellschaft.de\/wp-content\/uploads\/Logos\/PDF_32.png\" alt=\"\" width=\"32\" height=\"32\" class=\"aligncenter size-full wp-image-453\" \/><\/a><br \/>\n<\/td>\n<\/tr>\n<tr class=\"row-127\">\n\t<td class=\"column-1\">2000<\/td><td class=\"column-2\"><b>Dirksen<\/b>, Pieter<\/td><td class=\"column-3\">Samuel Scheidt, Heinrich Scheidemann und die Toccata<\/td><td class=\"column-4\">S. 29-48<\/td><td class=\"column-5\"><a href=\"https:\/\/www.schuetzgesellschaft.de\/?page_id=214\"><img loading=\"lazy\" decoding=\"async\" src=\"https:\/\/www.schuetzgesellschaft.de\/wp-content\/uploads\/Logos\/PDF_32.png\" alt=\"\" width=\"32\" height=\"32\" class=\"aligncenter size-full wp-image-453\" \/><\/a><br \/>\n<\/td>\n<\/tr>\n<tr class=\"row-128\">\n\t<td class=\"column-1\">2000<\/td><td class=\"column-2\"><b>Belotti<\/b>, Michael<\/td><td class=\"column-3\">Scheidemann oder Tunder? Zu Klaus Beckmanns Aufsatz im Sch\u00fctz-Jahrbuch 1999<\/td><td class=\"column-4\">2000, <br \/>\nS. 135-140<\/td><td class=\"column-5\"><a href=\"https:\/\/www.schuetzgesellschaft.de\/?page_id=214\"><img loading=\"lazy\" decoding=\"async\" src=\"https:\/\/www.schuetzgesellschaft.de\/wp-content\/uploads\/Logos\/PDF_32.png\" alt=\"\" width=\"32\" height=\"32\" class=\"aligncenter size-full wp-image-453\" \/><\/a><br \/>\n<\/td>\n<\/tr>\n<tr class=\"row-129\">\n\t<td class=\"column-1\">2000<\/td><td class=\"column-2\"><b>K\u00fcster<\/b>, Konrad<\/td><td class=\"column-3\">Sch\u00fctz und die Orgel. \u00dcberlegungen zum Organistenstand in Deutschland und Italien um 1600<\/td><td class=\"column-4\">S. 7-16<\/td><td class=\"column-5\"><a href=\"https:\/\/www.schuetzgesellschaft.de\/?page_id=214\"><img loading=\"lazy\" decoding=\"async\" src=\"https:\/\/www.schuetzgesellschaft.de\/wp-content\/uploads\/Logos\/PDF_32.png\" alt=\"\" width=\"32\" height=\"32\" class=\"aligncenter size-full wp-image-453\" \/><\/a><br \/>\n<\/td>\n<\/tr>\n<tr class=\"row-130\">\n\t<td class=\"column-1\">2000<\/td><td class=\"column-2\"><b>Droszella<\/b>, Uwe<\/td><td class=\"column-3\">Tasteninstrumente der Sch\u00fctz-Zeit unter Ber\u00fccksichtigung der Schlosskapellen-Orgeln und der Kombinationsinstrumente<\/td><td class=\"column-4\">S. 49-70<\/td><td class=\"column-5\"><a href=\"https:\/\/www.schuetzgesellschaft.de\/?page_id=214\"><img loading=\"lazy\" decoding=\"async\" src=\"https:\/\/www.schuetzgesellschaft.de\/wp-content\/uploads\/Logos\/PDF_32.png\" alt=\"\" width=\"32\" height=\"32\" class=\"aligncenter size-full wp-image-453\" \/><\/a><br \/>\n<\/td>\n<\/tr>\n<tr class=\"row-131\">\n\t<td class=\"column-1\">2001<\/td><td class=\"column-2\"><b>Waczkat<\/b>, Andreas<\/td><td class=\"column-3\">\" Ad imitationem H. Sch\u00fctzen\" . Zwei Parodiemessen nach Vorlagen von Heinrich Sch\u00fctz<\/td><td class=\"column-4\">S. 107-122<\/td><td class=\"column-5\"><a href=\"https:\/\/www.schuetzgesellschaft.de\/?page_id=214\"><img loading=\"lazy\" decoding=\"async\" src=\"https:\/\/www.schuetzgesellschaft.de\/wp-content\/uploads\/Logos\/PDF_32.png\" alt=\"\" width=\"32\" height=\"32\" class=\"aligncenter size-full wp-image-453\" \/><\/a><br \/>\n<\/td>\n<\/tr>\n<tr class=\"row-132\">\n\t<td class=\"column-1\">2001<\/td><td class=\"column-2\"><b>Brunner<\/b>, Renate<\/td><td class=\"column-3\">Bibliographie des Sch\u00fctz-Schrifttums 1986-1995<\/td><td class=\"column-4\">S. 123-150<\/td><td class=\"column-5\"><a href=\"https:\/\/www.schuetzgesellschaft.de\/?page_id=214\"><img loading=\"lazy\" decoding=\"async\" src=\"https:\/\/www.schuetzgesellschaft.de\/wp-content\/uploads\/Logos\/PDF_32.png\" alt=\"\" width=\"32\" height=\"32\" class=\"aligncenter size-full wp-image-453\" \/><\/a><br \/>\n<\/td>\n<\/tr>\n<tr class=\"row-133\">\n\t<td class=\"column-1\">2001<\/td><td class=\"column-2\"><b>Herbst<\/b>, Wolfgang<\/td><td class=\"column-3\">Das Grosse Dedekind-Gesangbuch (Hofgesangbuch 1694) und der fr\u00fche Pietismus in Dresden<\/td><td class=\"column-4\">S. 83-98<\/td><td class=\"column-5\"><a href=\"https:\/\/www.schuetzgesellschaft.de\/?page_id=214\"><img loading=\"lazy\" decoding=\"async\" src=\"https:\/\/www.schuetzgesellschaft.de\/wp-content\/uploads\/Logos\/PDF_32.png\" alt=\"\" width=\"32\" height=\"32\" class=\"aligncenter size-full wp-image-453\" \/><\/a><br \/>\n<\/td>\n<\/tr>\n<tr class=\"row-134\">\n\t<td class=\"column-1\">2001<\/td><td class=\"column-2\"><b>Heidrich<\/b>, J\u00fcrgen<\/td><td class=\"column-3\">Italienische Einfl\u00fcsse in Dresdner Messkompositionen zwischen Sch\u00fctz und Bach<\/td><td class=\"column-4\">S. 33-42<\/td><td class=\"column-5\"><a href=\"https:\/\/www.schuetzgesellschaft.de\/?page_id=214\"><img loading=\"lazy\" decoding=\"async\" src=\"https:\/\/www.schuetzgesellschaft.de\/wp-content\/uploads\/Logos\/PDF_32.png\" alt=\"\" width=\"32\" height=\"32\" class=\"aligncenter size-full wp-image-453\" \/><\/a><br \/>\n<\/td>\n<\/tr>\n<tr class=\"row-135\">\n\t<td class=\"column-1\">2001<\/td><td class=\"column-2\"><b>Krummacher<\/b>, Friedhelm<\/td><td class=\"column-3\">Klangfolge und Stimmf\u00fchrung im Vokalsatz Henry Purcells<\/td><td class=\"column-4\">S. 69-82<\/td><td class=\"column-5\"><a href=\"https:\/\/www.schuetzgesellschaft.de\/?page_id=214\"><img loading=\"lazy\" decoding=\"async\" src=\"https:\/\/www.schuetzgesellschaft.de\/wp-content\/uploads\/Logos\/PDF_32.png\" alt=\"\" width=\"32\" height=\"32\" class=\"aligncenter size-full wp-image-453\" \/><\/a><br \/>\n<\/td>\n<\/tr>\n<tr class=\"row-136\">\n\t<td class=\"column-1\">2001<\/td><td class=\"column-2\"><b>Well<\/b>, Helmut<\/td><td class=\"column-3\">Klangovrrat und Akkordverkn\u00fcpfung bei Sch\u00fctz, Carissimi und Bernhard<\/td><td class=\"column-4\">S. 55-68<\/td><td class=\"column-5\"><a href=\"https:\/\/www.schuetzgesellschaft.de\/?page_id=214\"><img loading=\"lazy\" decoding=\"async\" src=\"https:\/\/www.schuetzgesellschaft.de\/wp-content\/uploads\/Logos\/PDF_32.png\" alt=\"\" width=\"32\" height=\"32\" class=\"aligncenter size-full wp-image-453\" \/><\/a><br \/>\n<\/td>\n<\/tr>\n<tr class=\"row-137\">\n\t<td class=\"column-1\">2001<\/td><td class=\"column-2\"><b>Br\u00f6del<\/b>, Christfried<\/td><td class=\"column-3\">Spezialisten- oder Laienensemble? Alte Musik zwischen historischer Treue und ambitioniertem Laienmusizieren<\/td><td class=\"column-4\">S. 99-106<\/td><td class=\"column-5\"><a href=\"https:\/\/www.schuetzgesellschaft.de\/?page_id=214\"><img loading=\"lazy\" decoding=\"async\" src=\"https:\/\/www.schuetzgesellschaft.de\/wp-content\/uploads\/Logos\/PDF_32.png\" alt=\"\" width=\"32\" height=\"32\" class=\"aligncenter size-full wp-image-453\" \/><\/a><br \/>\n<\/td>\n<\/tr>\n<tr class=\"row-138\">\n\t<td class=\"column-1\">2001<\/td><td class=\"column-2\"><b>Wollny<\/b>, Peter<\/td><td class=\"column-3\">Zur stilistisichen Entwicklung des geistlichen Konzerts in der Nachfolge von Heinrich Sch\u00fctz<\/td><td class=\"column-4\">S. 7-32<\/td><td class=\"column-5\"><a href=\"https:\/\/www.schuetzgesellschaft.de\/?page_id=214\"><img loading=\"lazy\" decoding=\"async\" src=\"https:\/\/www.schuetzgesellschaft.de\/wp-content\/uploads\/Logos\/PDF_32.png\" alt=\"\" width=\"32\" height=\"32\" class=\"aligncenter size-full wp-image-453\" \/><\/a><br \/>\n<\/td>\n<\/tr>\n<tr class=\"row-139\">\n\t<td class=\"column-1\">2001<\/td><td class=\"column-2\"><b>Steude<\/b>, Wolfram<\/td><td class=\"column-3\">Zur Vorgeschichte der Madrigalischen Kantate Erdmann Neumeisters<\/td><td class=\"column-4\">S. 43-54<\/td><td class=\"column-5\"><a href=\"https:\/\/www.schuetzgesellschaft.de\/?page_id=214\"><img loading=\"lazy\" decoding=\"async\" src=\"https:\/\/www.schuetzgesellschaft.de\/wp-content\/uploads\/Logos\/PDF_32.png\" alt=\"\" width=\"32\" height=\"32\" class=\"aligncenter size-full wp-image-453\" \/><\/a><br \/>\n<\/td>\n<\/tr>\n<tr class=\"row-140\">\n\t<td class=\"column-1\">2002<\/td><td class=\"column-2\"><b>Berglund<\/b>, Lars<\/td><td class=\"column-3\">Christian Geist's \"Vide, pater mi, dolores\" and his application for the Johanneumskantorat in Hamburg<\/td><td class=\"column-4\">S. 7-30<\/td><td class=\"column-5\"><a href=\"https:\/\/www.schuetzgesellschaft.de\/?page_id=214\"><img loading=\"lazy\" decoding=\"async\" src=\"https:\/\/www.schuetzgesellschaft.de\/wp-content\/uploads\/Logos\/PDF_32.png\" alt=\"\" width=\"32\" height=\"32\" class=\"aligncenter size-full wp-image-453\" \/><\/a><br \/>\n<\/td>\n<\/tr>\n<tr class=\"row-141\">\n\t<td class=\"column-1\">2002<\/td><td class=\"column-2\"><b>Popinigis<\/b>, Danuta<\/td><td class=\"column-3\">Der Danziger Organist Daniel Jacobi und seine geistlichen Werke<\/td><td class=\"column-4\">S. 47-58<\/td><td class=\"column-5\"><a href=\"https:\/\/www.schuetzgesellschaft.de\/?page_id=214\"><img loading=\"lazy\" decoding=\"async\" src=\"https:\/\/www.schuetzgesellschaft.de\/wp-content\/uploads\/Logos\/PDF_32.png\" alt=\"\" width=\"32\" height=\"32\" class=\"aligncenter size-full wp-image-453\" \/><\/a><br \/>\n<\/td>\n<\/tr>\n<tr class=\"row-142\">\n\t<td class=\"column-1\">2002<\/td><td class=\"column-2\"><b>Waczkat<\/b>, Andreas<\/td><td class=\"column-3\">Die \"Missa ad imitationem Lobe den Herren H. Sch\u00fctzen\" in der Danziger Handschrift Ms. 4012 und ihr Kontext. Nachtrag zum Aufsatz in Jg. 23 (2001)<\/td><td class=\"column-4\">S. 141f<\/td><td class=\"column-5\"><a href=\"https:\/\/www.schuetzgesellschaft.de\/?page_id=214\"><img loading=\"lazy\" decoding=\"async\" src=\"https:\/\/www.schuetzgesellschaft.de\/wp-content\/uploads\/Logos\/PDF_32.png\" alt=\"\" width=\"32\" height=\"32\" class=\"aligncenter size-full wp-image-453\" \/><\/a><br \/>\n<\/td>\n<\/tr>\n<tr class=\"row-143\">\n\t<td class=\"column-1\">2002<\/td><td class=\"column-2\"><b>Koch<\/b>, Klaus-Peter<\/td><td class=\"column-3\">Die Sch\u00fctz-Quellen im s\u00fcdlichen Ostseeraum vor dem Hintergrund der Rezeption mitteldeutscher protestantischer Kirchenmusik<\/td><td class=\"column-4\">S. 31-46<\/td><td class=\"column-5\"><a href=\"https:\/\/www.schuetzgesellschaft.de\/?page_id=214\"><img loading=\"lazy\" decoding=\"async\" src=\"https:\/\/www.schuetzgesellschaft.de\/wp-content\/uploads\/Logos\/PDF_32.png\" alt=\"\" width=\"32\" height=\"32\" class=\"aligncenter size-full wp-image-453\" \/><\/a><br \/>\n<\/td>\n<\/tr>\n<tr class=\"row-144\">\n\t<td class=\"column-1\">2002<\/td><td class=\"column-2\"><b>Koldau<\/b>, Linda Maria<\/td><td class=\"column-3\">Giovanni Antonio Rigattis \"Messa e salmi, parte concertati\" (1640) und die Entwicklung des Concertato-Stils<\/td><td class=\"column-4\">S. 79-100<\/td><td class=\"column-5\"><a href=\"https:\/\/www.schuetzgesellschaft.de\/?page_id=214\"><img loading=\"lazy\" decoding=\"async\" src=\"https:\/\/www.schuetzgesellschaft.de\/wp-content\/uploads\/Logos\/PDF_32.png\" alt=\"\" width=\"32\" height=\"32\" class=\"aligncenter size-full wp-image-453\" \/><\/a><br \/>\n<\/td>\n<\/tr>\n<tr class=\"row-145\">\n\t<td class=\"column-1\">2002<\/td><td class=\"column-2\"><b>M\u00f6ller<\/b>, Eberhard<\/td><td class=\"column-3\">Heinrich Sch\u00fctz und August Buchner<\/td><td class=\"column-4\">S. 123-140<\/td><td class=\"column-5\"><a href=\"https:\/\/www.schuetzgesellschaft.de\/?page_id=214\"><img loading=\"lazy\" decoding=\"async\" src=\"https:\/\/www.schuetzgesellschaft.de\/wp-content\/uploads\/Logos\/PDF_32.png\" alt=\"\" width=\"32\" height=\"32\" class=\"aligncenter size-full wp-image-453\" \/><\/a><br \/>\n<\/td>\n<\/tr>\n<tr class=\"row-146\">\n\t<td class=\"column-1\">2002<\/td><td class=\"column-2\"><b>Johnston<\/b>, Gregory<\/b>, S.<\/td><td class=\"column-3\">Revision and Compositional Process in the Funerary Lieder of Johann Hermann Schein's \"Cantional\"<\/td><td class=\"column-4\">S. 101-122<\/td><td class=\"column-5\"><a href=\"https:\/\/www.schuetzgesellschaft.de\/?page_id=214\"><img loading=\"lazy\" decoding=\"async\" src=\"https:\/\/www.schuetzgesellschaft.de\/wp-content\/uploads\/Logos\/PDF_32.png\" alt=\"\" width=\"32\" height=\"32\" class=\"aligncenter size-full wp-image-453\" \/><\/a><br \/>\n<\/td>\n<\/tr>\n<tr class=\"row-147\">\n\t<td class=\"column-1\">2002<\/td><td class=\"column-2\"><b>Siitan<\/b>, Toomas<\/td><td class=\"column-3\">Vertonungen der Matth\u00e4uspassion von Sch\u00fctz bis Meder<\/td><td class=\"column-4\">S. 59-66<\/td><td class=\"column-5\"><a href=\"https:\/\/www.schuetzgesellschaft.de\/?page_id=214\"><img loading=\"lazy\" decoding=\"async\" src=\"https:\/\/www.schuetzgesellschaft.de\/wp-content\/uploads\/Logos\/PDF_32.png\" alt=\"\" width=\"32\" height=\"32\" class=\"aligncenter size-full wp-image-453\" \/><\/a><br \/>\n<\/td>\n<\/tr>\n<tr class=\"row-148\">\n\t<td class=\"column-1\">2002<\/td><td class=\"column-2\"><b>Werbeck<\/b>, Walter<\/td><td class=\"column-3\">Zum Concerto-Satz bei Heinrich Sch\u00fctz<\/td><td class=\"column-4\"> S. 67-78<\/td><td class=\"column-5\"><a href=\"https:\/\/www.schuetzgesellschaft.de\/?page_id=214\"><img loading=\"lazy\" decoding=\"async\" src=\"https:\/\/www.schuetzgesellschaft.de\/wp-content\/uploads\/Logos\/PDF_32.png\" alt=\"\" width=\"32\" height=\"32\" class=\"aligncenter size-full wp-image-453\" \/><\/a><br \/>\n<\/td>\n<\/tr>\n<tr class=\"row-149\">\n\t<td class=\"column-1\">2003<\/td><td class=\"column-2\"><b>Rampe<\/b>, Siegbert<\/td><td class=\"column-3\">Abendmusik oder Gottesdienst? Zur Funktion norddeutscher Orgelkompositionen des 17. und fr\u00fchen 18. Jahrhunderts. Teil 1: Die gottesdienstlichen Aufgaben der Organisten<\/td><td class=\"column-4\">S. 7-70<\/td><td class=\"column-5\"><a href=\"https:\/\/www.schuetzgesellschaft.de\/?page_id=214\"><img loading=\"lazy\" decoding=\"async\" src=\"https:\/\/www.schuetzgesellschaft.de\/wp-content\/uploads\/Logos\/PDF_32.png\" alt=\"\" width=\"32\" height=\"32\" class=\"aligncenter size-full wp-image-453\" \/><\/a><br \/>\n<\/td>\n<\/tr>\n<tr class=\"row-150\">\n\t<td class=\"column-1\">2003<\/td><td class=\"column-2\"><b>Braun<\/b>, Werner<\/td><td class=\"column-3\">Bemerkungen zu den \"Nordh\u00e4usischen Concerten\" von 1637\/38<\/td><td class=\"column-4\">S. 85-104<\/td><td class=\"column-5\"><a href=\"https:\/\/www.schuetzgesellschaft.de\/?page_id=214\"><img loading=\"lazy\" decoding=\"async\" src=\"https:\/\/www.schuetzgesellschaft.de\/wp-content\/uploads\/Logos\/PDF_32.png\" alt=\"\" width=\"32\" height=\"32\" class=\"aligncenter size-full wp-image-453\" \/><\/a><br \/>\n<\/td>\n<\/tr>\n<tr class=\"row-151\">\n\t<td class=\"column-1\">2003<\/td><td class=\"column-2\"><b>K\u00fcster<\/b>, Konrad<\/td><td class=\"column-3\">Die handschriftlichen Quellen zu Sch\u00fctz' \"Kleinen geistlichen Konzerten\" und \"Symphoniae sacrae\" II in Kassel<\/td><td class=\"column-4\">S. 71-83<\/td><td class=\"column-5\"><a href=\"https:\/\/www.schuetzgesellschaft.de\/?page_id=214\"><img loading=\"lazy\" decoding=\"async\" src=\"https:\/\/www.schuetzgesellschaft.de\/wp-content\/uploads\/Logos\/PDF_32.png\" alt=\"\" width=\"32\" height=\"32\" class=\"aligncenter size-full wp-image-453\" \/><\/a><br \/>\n<\/td>\n<\/tr>\n<tr class=\"row-152\">\n\t<td class=\"column-1\">2003<\/td><td class=\"column-2\"><b>Geertinger<\/b>, Axel Teich<\/td><td class=\"column-3\">Die Opernsinfonien Francesco Cavallis<\/td><td class=\"column-4\">S. 105-143<\/td><td class=\"column-5\"><a href=\"https:\/\/www.schuetzgesellschaft.de\/?page_id=214\"><img loading=\"lazy\" decoding=\"async\" src=\"https:\/\/www.schuetzgesellschaft.de\/wp-content\/uploads\/Logos\/PDF_32.png\" alt=\"\" width=\"32\" height=\"32\" class=\"aligncenter size-full wp-image-453\" \/><\/a><br \/>\n<\/td>\n<\/tr>\n<tr class=\"row-153\">\n\t<td class=\"column-1\">2004<\/td><td class=\"column-2\"><b>Frandsen<\/b>, Mary E.<\/td><td class=\"column-3\">\"Sch\u00fctz and the young Italians at the Dresden court\" revisited: Roman influences in \"O bone Jesu, fili Mariae virginis\" (SWV 471)<\/td><td class=\"column-4\">S. 133-154<\/td><td class=\"column-5\"><a href=\"https:\/\/www.schuetzgesellschaft.de\/?page_id=214\"><img loading=\"lazy\" decoding=\"async\" src=\"https:\/\/www.schuetzgesellschaft.de\/wp-content\/uploads\/Logos\/PDF_32.png\" alt=\"\" width=\"32\" height=\"32\" class=\"aligncenter size-full wp-image-453\" \/><\/a><br \/>\n<\/td>\n<\/tr>\n<tr class=\"row-154\">\n\t<td class=\"column-1\">2004<\/td><td class=\"column-2\"><b>Leopold<\/b>, Silke<\/td><td class=\"column-3\">\"Venetia Vergine - Mantova Virile\". Eine musikalische Geographie Italiens um 1600<\/td><td class=\"column-4\">S. 21-29<\/td><td class=\"column-5\"><a href=\"https:\/\/www.schuetzgesellschaft.de\/?page_id=214\"><img loading=\"lazy\" decoding=\"async\" src=\"https:\/\/www.schuetzgesellschaft.de\/wp-content\/uploads\/Logos\/PDF_32.png\" alt=\"\" width=\"32\" height=\"32\" class=\"aligncenter size-full wp-image-453\" \/><\/a><br \/>\n<\/td>\n<\/tr>\n<tr class=\"row-155\">\n\t<td class=\"column-1\">2004<\/td><td class=\"column-2\"><b>Rampe<\/b>, Siegbert<\/td><td class=\"column-3\">Abendmusik oder Gottesdienst? Zur Funktion norddeutscher Orgelkompositionen des 17. und fr\u00fchen 18. Jahrhunderts. Teil 2 und 3 (Kapitel 1-3)<\/td><td class=\"column-4\">S. 155-204<\/td><td class=\"column-5\"><a href=\"https:\/\/www.schuetzgesellschaft.de\/?page_id=214\"><img loading=\"lazy\" decoding=\"async\" src=\"https:\/\/www.schuetzgesellschaft.de\/wp-content\/uploads\/Logos\/PDF_32.png\" alt=\"\" width=\"32\" height=\"32\" class=\"aligncenter size-full wp-image-453\" \/><\/a><br \/>\n<\/td>\n<\/tr>\n<tr class=\"row-156\">\n\t<td class=\"column-1\">2004<\/td><td class=\"column-2\"><b>Steinheuer<\/b>, Joachim<\/td><td class=\"column-3\">Aufbruch und Tradition. Weltliche Vokalmusik im Venedig der zwanziger Jahre des 17. Jahrhunderts<\/td><td class=\"column-4\">S. 31-69<\/td><td class=\"column-5\"><a href=\"https:\/\/www.schuetzgesellschaft.de\/?page_id=214\"><img loading=\"lazy\" decoding=\"async\" src=\"https:\/\/www.schuetzgesellschaft.de\/wp-content\/uploads\/Logos\/PDF_32.png\" alt=\"\" width=\"32\" height=\"32\" class=\"aligncenter size-full wp-image-453\" \/><\/a><br \/>\n<\/td>\n<\/tr>\n<tr class=\"row-157\">\n\t<td class=\"column-1\">2004<\/td><td class=\"column-2\"><b>Just<\/b>, Martin<\/td><td class=\"column-3\">Deutschland um 1600<\/td><td class=\"column-4\">S. 89-107<\/td><td class=\"column-5\"><a href=\"https:\/\/www.schuetzgesellschaft.de\/?page_id=214\"><img loading=\"lazy\" decoding=\"async\" src=\"https:\/\/www.schuetzgesellschaft.de\/wp-content\/uploads\/Logos\/PDF_32.png\" alt=\"\" width=\"32\" height=\"32\" class=\"aligncenter size-full wp-image-453\" \/><\/a><br \/>\n<\/td>\n<\/tr>\n<tr class=\"row-158\">\n\t<td class=\"column-1\">2004<\/td><td class=\"column-2\"><b>Ziegler<\/b>, Reinald<\/td><td class=\"column-3\">Die Tabulatur (1602-1614) des Erasmus Hofer aus Ried im Innkreis<\/td><td class=\"column-4\">S. 205-236<\/td><td class=\"column-5\"><a href=\"https:\/\/www.schuetzgesellschaft.de\/?page_id=214\"><img loading=\"lazy\" decoding=\"async\" src=\"https:\/\/www.schuetzgesellschaft.de\/wp-content\/uploads\/Logos\/PDF_32.png\" alt=\"\" width=\"32\" height=\"32\" class=\"aligncenter size-full wp-image-453\" \/><\/a><br \/>\n<\/td>\n<\/tr>\n<tr class=\"row-159\">\n\t<td class=\"column-1\">2004<\/td><td class=\"column-2\"><b>Schmidt-Beste<\/b>, Thomas<\/td><td class=\"column-3\">Eine Randerscheinung? Zur weltlichen Vokalmusik in Kassel um 1600<\/td><td class=\"column-4\">S. 109-132<\/td><td class=\"column-5\"><a href=\"https:\/\/www.schuetzgesellschaft.de\/?page_id=214\"><img loading=\"lazy\" decoding=\"async\" src=\"https:\/\/www.schuetzgesellschaft.de\/wp-content\/uploads\/Logos\/PDF_32.png\" alt=\"\" width=\"32\" height=\"32\" class=\"aligncenter size-full wp-image-453\" \/><\/a><br \/>\n<\/td>\n<\/tr>\n<tr class=\"row-160\">\n\t<td class=\"column-1\">2004<\/td><td class=\"column-2\"><b>K\u00fcster<\/b>, Konrad<\/td><td class=\"column-3\">Sch\u00fctz' Madrigale in der zeitgen\u00f6ssischen italienischen Musikkultur<\/td><td class=\"column-4\">S. 71-88<\/td><td class=\"column-5\"><a href=\"https:\/\/www.schuetzgesellschaft.de\/?page_id=214\"><img loading=\"lazy\" decoding=\"async\" src=\"https:\/\/www.schuetzgesellschaft.de\/wp-content\/uploads\/Logos\/PDF_32.png\" alt=\"\" width=\"32\" height=\"32\" class=\"aligncenter size-full wp-image-453\" \/><\/a><br \/>\n<\/td>\n<\/tr>\n<tr class=\"row-161\">\n\t<td class=\"column-1\">2004<\/td><td class=\"column-2\"><b>Werbeck<\/b>, Walter<\/td><td class=\"column-3\">Wege zu Heinrich Sch\u00fctz<\/td><td class=\"column-4\">S. 7-20<\/td><td class=\"column-5\"><a href=\"https:\/\/www.schuetzgesellschaft.de\/?page_id=214\"><img loading=\"lazy\" decoding=\"async\" src=\"https:\/\/www.schuetzgesellschaft.de\/wp-content\/uploads\/Logos\/PDF_32.png\" alt=\"\" width=\"32\" height=\"32\" class=\"aligncenter size-full wp-image-453\" \/><\/a><br \/>\n<\/td>\n<\/tr>\n<tr class=\"row-162\">\n\t<td class=\"column-1\">2005<\/td><td class=\"column-2\"><b>Rampe<\/b>, Siegbert<\/td><td class=\"column-3\">Abendmusik oder Gottesdienst? Zur Funktion norddeutscher Orgelkompositionen des 17. und fr\u00fchen 18. Jahrhunderts (Schluss)<\/td><td class=\"column-4\">S. 53-127<\/td><td class=\"column-5\"><a href=\"https:\/\/www.schuetzgesellschaft.de\/?page_id=214\"><img loading=\"lazy\" decoding=\"async\" src=\"https:\/\/www.schuetzgesellschaft.de\/wp-content\/uploads\/Logos\/PDF_32.png\" alt=\"\" width=\"32\" height=\"32\" class=\"aligncenter size-full wp-image-453\" \/><\/a><br \/>\n<\/td>\n<\/tr>\n<tr class=\"row-163\">\n\t<td class=\"column-1\">2005<\/td><td class=\"column-2\"><b>K\u00fcster<\/b>, Konrad<\/td><td class=\"column-3\">Cembalo- und Violinmusik im Notenbuch des Johann Kruse (1694\/1704) - Kompositionen Buxtehudes, Reinkens, Pachelbels, Muffats und anderer<\/td><td class=\"column-4\">S. 129-174<\/td><td class=\"column-5\"><a href=\"https:\/\/www.schuetzgesellschaft.de\/?page_id=214\"><img loading=\"lazy\" decoding=\"async\" src=\"https:\/\/www.schuetzgesellschaft.de\/wp-content\/uploads\/Logos\/PDF_32.png\" alt=\"\" width=\"32\" height=\"32\" class=\"aligncenter size-full wp-image-453\" \/><\/a><br \/>\n<\/td>\n<\/tr>\n<tr class=\"row-164\">\n\t<td class=\"column-1\">2005<\/td><td class=\"column-2\"><b>Werbeck<\/b>, Walter<\/td><td class=\"column-3\">Kirchenferne \"Opernges\u00e4nge\" - \"wahrer Oratorienstyl\" - \"unerme\u00dflicher Inhalt\". Sch\u00fctz-Bilder im 19. Jahrhundert und ihre Vermittler<\/td><td class=\"column-4\">S. 7-23<\/td><td class=\"column-5\"><a href=\"https:\/\/www.schuetzgesellschaft.de\/?page_id=214\"><img loading=\"lazy\" decoding=\"async\" src=\"https:\/\/www.schuetzgesellschaft.de\/wp-content\/uploads\/Logos\/PDF_32.png\" alt=\"\" width=\"32\" height=\"32\" class=\"aligncenter size-full wp-image-453\" \/><\/a><br \/>\n<\/td>\n<\/tr>\n<tr class=\"row-165\">\n\t<td class=\"column-1\">2005<\/td><td class=\"column-2\"><b>Forchert<\/b>, Arno<\/td><td class=\"column-3\">Musik als Auftragskunst - Bemerkungen zum Schaffen des Micheal Praetorius<\/td><td class=\"column-4\">S. 37-51<\/td><td class=\"column-5\"><a href=\"https:\/\/www.schuetzgesellschaft.de\/?page_id=214\"><img loading=\"lazy\" decoding=\"async\" src=\"https:\/\/www.schuetzgesellschaft.de\/wp-content\/uploads\/Logos\/PDF_32.png\" alt=\"\" width=\"32\" height=\"32\" class=\"aligncenter size-full wp-image-453\" \/><\/a><br \/>\n<\/td>\n<\/tr>\n<tr class=\"row-166\">\n\t<td class=\"column-1\">2005<\/td><td class=\"column-2\"><b>von Steuber<\/b>, Otfried<\/td><td class=\"column-3\">Philipp Dulichius - Kantor an St. Marien und am F\u00fcrstlichen P\u00e4dagogium in Stettin von 1587 bis 1630<\/td><td class=\"column-4\">S. 25-35<\/td><td class=\"column-5\"><a href=\"https:\/\/www.schuetzgesellschaft.de\/?page_id=214\"><img loading=\"lazy\" decoding=\"async\" src=\"https:\/\/www.schuetzgesellschaft.de\/wp-content\/uploads\/Logos\/PDF_32.png\" alt=\"\" width=\"32\" height=\"32\" class=\"aligncenter size-full wp-image-453\" \/><\/a><br \/>\n<\/td>\n<\/tr>\n<tr class=\"row-167\">\n\t<td class=\"column-1\">2006<\/td><td class=\"column-2\"><b>Walker<\/b>, Paul<\/td><td class=\"column-3\">\"Fugue\" as a Genre Designation in the Early Seventeenth Century<\/td><td class=\"column-4\">S. 207-230<\/td><td class=\"column-5\"><a href=\"https:\/\/www.schuetzgesellschaft.de\/?page_id=214\"><img loading=\"lazy\" decoding=\"async\" src=\"https:\/\/www.schuetzgesellschaft.de\/wp-content\/uploads\/Logos\/PDF_32.png\" alt=\"\" width=\"32\" height=\"32\" class=\"aligncenter size-full wp-image-453\" \/><\/a><br \/>\n<\/td>\n<\/tr>\n<tr class=\"row-168\">\n\t<td class=\"column-1\">2006<\/td><td class=\"column-2\"><b>Rathey<\/b>, Markus<\/td><td class=\"column-3\">Christoph Kittels Bearbeitung von Sch\u00fctz' \"O s\u00fc\u00dfer Jesu Christ\" (SWV 427) - Funktion und Anspruch<\/td><td class=\"column-4\">S. 141-155<\/td><td class=\"column-5\"><a href=\"https:\/\/www.schuetzgesellschaft.de\/?page_id=214\"><img loading=\"lazy\" decoding=\"async\" src=\"https:\/\/www.schuetzgesellschaft.de\/wp-content\/uploads\/Logos\/PDF_32.png\" alt=\"\" width=\"32\" height=\"32\" class=\"aligncenter size-full wp-image-453\" \/><\/a><br \/>\n<\/td>\n<\/tr>\n<tr class=\"row-169\">\n\t<td class=\"column-1\">2006<\/td><td class=\"column-2\"><b>K\u00fcster<\/b>, Konrad<\/td><td class=\"column-3\">Die Leipziger Organistenkultur des 17. Jahrhunderts. Beobachtungen am Fabricius-Konvolut der Universit\u00fctsbibliothek Freiburg im Breisgau<\/td><td class=\"column-4\">S. 65-87<\/td><td class=\"column-5\"><a href=\"https:\/\/www.schuetzgesellschaft.de\/?page_id=214\"><img loading=\"lazy\" decoding=\"async\" src=\"https:\/\/www.schuetzgesellschaft.de\/wp-content\/uploads\/Logos\/PDF_32.png\" alt=\"\" width=\"32\" height=\"32\" class=\"aligncenter size-full wp-image-453\" \/><\/a><br \/>\n<\/td>\n<\/tr>\n<tr class=\"row-170\">\n\t<td class=\"column-1\">2006<\/td><td class=\"column-2\"><b>Maul<\/b>, Michael<\/td><td class=\"column-3\">Die musikalischen Ereignisse anl\u00fcsslich der Erbhuldigung von Johann Georg II. (1657). Ein Beitrag zur Rekonstruktion von Leipziger Festmusiken im 17. Jahrhundert<\/td><td class=\"column-4\">S. 89-122<\/td><td class=\"column-5\"><a href=\"https:\/\/www.schuetzgesellschaft.de\/?page_id=214\"><img loading=\"lazy\" decoding=\"async\" src=\"https:\/\/www.schuetzgesellschaft.de\/wp-content\/uploads\/Logos\/PDF_32.png\" alt=\"\" width=\"32\" height=\"32\" class=\"aligncenter size-full wp-image-453\" \/><\/a><br \/>\n<\/td>\n<\/tr>\n<tr class=\"row-171\">\n\t<td class=\"column-1\">2006<\/td><td class=\"column-2\"><b>Werbeck<\/b>, Walter<\/td><td class=\"column-3\">Gabrieli-Schule und \"italian-madrigalische Manier\": Sch\u00fctz und Schein<\/td><td class=\"column-4\">S. 23-34<\/td><td class=\"column-5\"><a href=\"https:\/\/www.schuetzgesellschaft.de\/?page_id=214\"><img loading=\"lazy\" decoding=\"async\" src=\"https:\/\/www.schuetzgesellschaft.de\/wp-content\/uploads\/Logos\/PDF_32.png\" alt=\"\" width=\"32\" height=\"32\" class=\"aligncenter size-full wp-image-453\" \/><\/a><br \/>\n<\/td>\n<\/tr>\n<tr class=\"row-172\">\n\t<td class=\"column-1\">2006<\/td><td class=\"column-2\"><b>Steude<\/b>, Wolfram<\/td><td class=\"column-3\">Heinrich Sch\u00fctz und Leipzig<\/td><td class=\"column-4\">S. 9-22<\/td><td class=\"column-5\"><a href=\"https:\/\/www.schuetzgesellschaft.de\/?page_id=214\"><img loading=\"lazy\" decoding=\"async\" src=\"https:\/\/www.schuetzgesellschaft.de\/wp-content\/uploads\/Logos\/PDF_32.png\" alt=\"\" width=\"32\" height=\"32\" class=\"aligncenter size-full wp-image-453\" \/><\/a><br \/>\n<\/td>\n<\/tr>\n<tr class=\"row-173\">\n\t<td class=\"column-1\">2006<\/td><td class=\"column-2\"><b>Wollny<\/b>, Peter<\/td><td class=\"column-3\">Heinrich Sch\u00fctz, Johann Rosenm\u00fcller und die \"Kern-Spr\u00fcche\" I und II<\/td><td class=\"column-4\">S. 35-47<\/td><td class=\"column-5\"><a href=\"https:\/\/www.schuetzgesellschaft.de\/?page_id=214\"><img loading=\"lazy\" decoding=\"async\" src=\"https:\/\/www.schuetzgesellschaft.de\/wp-content\/uploads\/Logos\/PDF_32.png\" alt=\"\" width=\"32\" height=\"32\" class=\"aligncenter size-full wp-image-453\" \/><\/a><br \/>\n<\/td>\n<\/tr>\n<tr class=\"row-174\">\n\t<td class=\"column-1\">2006<\/td><td class=\"column-2\"><b>Siegele<\/b>, Ulrich<\/td><td class=\"column-3\">Johan Ulrich Steigleders \"Ricercar Tabulatura\" (1624) als Kunstbuch. Eine Einf\u00fchrung in Formprinzipien imitatorischer Tastenmusik<\/td><td class=\"column-4\">S. 157-206<\/td><td class=\"column-5\"><a href=\"https:\/\/www.schuetzgesellschaft.de\/?page_id=214\"><img loading=\"lazy\" decoding=\"async\" src=\"https:\/\/www.schuetzgesellschaft.de\/wp-content\/uploads\/Logos\/PDF_32.png\" alt=\"\" width=\"32\" height=\"32\" class=\"aligncenter size-full wp-image-453\" \/><\/a><br \/>\n<\/td>\n<\/tr>\n<tr class=\"row-175\">\n\t<td class=\"column-1\">2006<\/td><td class=\"column-2\"><b>Braun<\/b>, Werner<\/td><td class=\"column-3\">Kanons aus dem Leipziger Collegium musicum (1622 und 1673)<\/td><td class=\"column-4\">S. 49-64<\/td><td class=\"column-5\"><a href=\"https:\/\/www.schuetzgesellschaft.de\/?page_id=214\"><img loading=\"lazy\" decoding=\"async\" src=\"https:\/\/www.schuetzgesellschaft.de\/wp-content\/uploads\/Logos\/PDF_32.png\" alt=\"\" width=\"32\" height=\"32\" class=\"aligncenter size-full wp-image-453\" \/><\/a><br \/>\n<\/td>\n<\/tr>\n<tr class=\"row-176\">\n\t<td class=\"column-1\">2006<\/td><td class=\"column-2\"><b>Steude<\/b>, Wolfram<\/td><td class=\"column-3\">Sch\u00fctz-Miscellanea<\/td><td class=\"column-4\">S. 123-140<\/td><td class=\"column-5\"><a href=\"https:\/\/www.schuetzgesellschaft.de\/?page_id=214\"><img loading=\"lazy\" decoding=\"async\" src=\"https:\/\/www.schuetzgesellschaft.de\/wp-content\/uploads\/Logos\/PDF_32.png\" alt=\"\" width=\"32\" height=\"32\" class=\"aligncenter size-full wp-image-453\" \/><\/a><br \/>\n<\/td>\n<\/tr>\n<tr class=\"row-177\">\n\t<td class=\"column-1\">2007<\/td><td class=\"column-2\"><b>Rothmund<\/b>, Elisabeth<\/td><td class=\"column-3\">\"Du forderst Teutzsche Reime\/ Zu Dre\u00dfden und daheime\" Deutsche Dichtung in Dresden und Sachsen im Umfeld von Heinrich Sch\u00fctz<\/td><td class=\"column-4\">S. 35-54<\/td><td class=\"column-5\"><a href=\"https:\/\/www.schuetzgesellschaft.de\/?page_id=214\"><img loading=\"lazy\" decoding=\"async\" src=\"https:\/\/www.schuetzgesellschaft.de\/wp-content\/uploads\/Logos\/PDF_32.png\" alt=\"\" width=\"32\" height=\"32\" class=\"aligncenter size-full wp-image-453\" \/><\/a><br \/>\n<\/td>\n<\/tr>\n<tr class=\"row-178\">\n\t<td class=\"column-1\">2007<\/td><td class=\"column-2\"><b>D\u00fclberg<\/b>, Angelica<\/td><td class=\"column-3\">\"H\u00f6hepunkte der deutschen Kunst. Italienische und Dresdner K\u00fcnstler am s\u00e4chsischen Hof zwischen 1550 und 1650\"<\/td><td class=\"column-4\">S. 55-80<\/td><td class=\"column-5\"><a href=\"https:\/\/www.schuetzgesellschaft.de\/?page_id=214\"><img loading=\"lazy\" decoding=\"async\" src=\"https:\/\/www.schuetzgesellschaft.de\/wp-content\/uploads\/Logos\/PDF_32.png\" alt=\"\" width=\"32\" height=\"32\" class=\"aligncenter size-full wp-image-453\" \/><\/a><br \/>\n<\/td>\n<\/tr>\n<tr class=\"row-179\">\n\t<td class=\"column-1\">2007<\/td><td class=\"column-2\"><b>Aum\u00fcller<\/b>, Gerhard<\/td><td class=\"column-3\">Die hessische Organistenfamilie von Ende und Heinrich Sch\u00fctz: Lebens- und Arbeitsbedingungen der Hoforganisten im reformierten Hessen-Kassel w\u00e4hrend der ersten H\u00e4lfte des 17. Jahrhunderts<\/td><td class=\"column-4\">S. 137-178<\/td><td class=\"column-5\"><a href=\"https:\/\/www.schuetzgesellschaft.de\/?page_id=214\"><img loading=\"lazy\" decoding=\"async\" src=\"https:\/\/www.schuetzgesellschaft.de\/wp-content\/uploads\/Logos\/PDF_32.png\" alt=\"\" width=\"32\" height=\"32\" class=\"aligncenter size-full wp-image-453\" \/><\/a><br \/>\n<\/td>\n<\/tr>\n<tr class=\"row-180\">\n\t<td class=\"column-1\">2007<\/td><td class=\"column-2\"><b>Breig<\/b>, Werner<\/td><td class=\"column-3\">Die Stammbucheintr\u00e4ge von Heinrich Sch\u00fctz<\/td><td class=\"column-4\">S. 81-110<\/td><td class=\"column-5\"><a href=\"https:\/\/www.schuetzgesellschaft.de\/?page_id=214\"><img loading=\"lazy\" decoding=\"async\" src=\"https:\/\/www.schuetzgesellschaft.de\/wp-content\/uploads\/Logos\/PDF_32.png\" alt=\"\" width=\"32\" height=\"32\" class=\"aligncenter size-full wp-image-453\" \/><\/a><br \/>\n<\/td>\n<\/tr>\n<tr class=\"row-181\">\n\t<td class=\"column-1\">2007<\/td><td class=\"column-2\"><b>M\u00f6ller<\/b>, Eberhard<\/td><td class=\"column-3\">Drucker und Verleger der Kompositionen von Heinrich Sch\u00fctz<\/td><td class=\"column-4\">S. 191-202<\/td><td class=\"column-5\"><a href=\"https:\/\/www.schuetzgesellschaft.de\/?page_id=214\"><img loading=\"lazy\" decoding=\"async\" src=\"https:\/\/www.schuetzgesellschaft.de\/wp-content\/uploads\/Logos\/PDF_32.png\" alt=\"\" width=\"32\" height=\"32\" class=\"aligncenter size-full wp-image-453\" \/><\/a><br \/>\n<\/td>\n<\/tr>\n<tr class=\"row-182\">\n\t<td class=\"column-1\">2007<\/td><td class=\"column-2\"><b>Braun<\/b>, Werner<\/td><td class=\"column-3\">Heinrich Sch\u00fctz und die Sp\u00e4tgeschichte von \"Jesu, dulcis memoria\"<\/td><td class=\"column-4\">S. 179-190<\/td><td class=\"column-5\"><a href=\"https:\/\/www.schuetzgesellschaft.de\/?page_id=214\"><img loading=\"lazy\" decoding=\"async\" src=\"https:\/\/www.schuetzgesellschaft.de\/wp-content\/uploads\/Logos\/PDF_32.png\" alt=\"\" width=\"32\" height=\"32\" class=\"aligncenter size-full wp-image-453\" \/><\/a><br \/>\n<\/td>\n<\/tr>\n<tr class=\"row-183\">\n\t<td class=\"column-1\">2007<\/td><td class=\"column-2\"><b>Synofzik<\/b>, Thomas<\/td><td class=\"column-3\">Michael Praetorius und Heinrich Sch\u00fctz<\/td><td class=\"column-4\">S. 123-135<\/td><td class=\"column-5\"><a href=\"https:\/\/www.schuetzgesellschaft.de\/?page_id=214\"><img loading=\"lazy\" decoding=\"async\" src=\"https:\/\/www.schuetzgesellschaft.de\/wp-content\/uploads\/Logos\/PDF_32.png\" alt=\"\" width=\"32\" height=\"32\" class=\"aligncenter size-full wp-image-453\" \/><\/a><br \/>\n<\/td>\n<\/tr>\n<tr class=\"row-184\">\n\t<td class=\"column-1\">2007<\/td><td class=\"column-2\"><b>Frandsen<\/b>, Mary E.<\/td><td class=\"column-3\">Musikpflege in Sachsen nach Heinrich Sch\u00fctz: Die italienische Hofkapelle Johann Georgs II. und die st\u00e4dtischen Musikorganisationen<\/td><td class=\"column-4\">S. 17-34<\/td><td class=\"column-5\"><a href=\"https:\/\/www.schuetzgesellschaft.de\/?page_id=214\"><img loading=\"lazy\" decoding=\"async\" src=\"https:\/\/www.schuetzgesellschaft.de\/wp-content\/uploads\/Logos\/PDF_32.png\" alt=\"\" width=\"32\" height=\"32\" class=\"aligncenter size-full wp-image-453\" \/><\/a><br \/>\n<\/td>\n<\/tr>\n<tr class=\"row-185\">\n\t<td class=\"column-1\">2007<\/td><td class=\"column-2\"><b>Matzerath<\/b>, Josef<\/td><td class=\"column-3\">Residenz - Festung - Zentralort. Dresdner Spezifika des 17. Jahrhunderts<\/td><td class=\"column-4\">S. 7-16<\/td><td class=\"column-5\"><a href=\"https:\/\/www.schuetzgesellschaft.de\/?page_id=214\"><img loading=\"lazy\" decoding=\"async\" src=\"https:\/\/www.schuetzgesellschaft.de\/wp-content\/uploads\/Logos\/PDF_32.png\" alt=\"\" width=\"32\" height=\"32\" class=\"aligncenter size-full wp-image-453\" \/><\/a><br \/>\n<\/td>\n<\/tr>\n<tr class=\"row-186\">\n\t<td class=\"column-1\">2007<\/td><td class=\"column-2\"><b>Krummacher<\/b>, Friedhelm<\/td><td class=\"column-3\">Wirkung als Problem: Zur historischen Geltung von Heinrich Sch\u00fctz<\/td><td class=\"column-4\">S. 111-122<\/td><td class=\"column-5\"><a href=\"https:\/\/www.schuetzgesellschaft.de\/?page_id=214\"><img loading=\"lazy\" decoding=\"async\" src=\"https:\/\/www.schuetzgesellschaft.de\/wp-content\/uploads\/Logos\/PDF_32.png\" alt=\"\" width=\"32\" height=\"32\" class=\"aligncenter size-full wp-image-453\" \/><\/a><br \/>\n<\/td>\n<\/tr>\n<tr class=\"row-187\">\n\t<td class=\"column-1\">2008<\/td><td class=\"column-2\"><b>Rose<\/b>, Stephen<\/td><td class=\"column-3\">A L\u00fcbeck music auction, 1695<\/td><td class=\"column-4\">S. 171-190<\/td><td class=\"column-5\"><a href=\"https:\/\/www.schuetzgesellschaft.de\/?page_id=214\"><img loading=\"lazy\" decoding=\"async\" src=\"https:\/\/www.schuetzgesellschaft.de\/wp-content\/uploads\/Logos\/PDF_32.png\" alt=\"\" width=\"32\" height=\"32\" class=\"aligncenter size-full wp-image-453\" \/><\/a><br \/>\n<\/td>\n<\/tr>\n<tr class=\"row-188\">\n\t<td class=\"column-1\">2008<\/td><td class=\"column-2\"><b>M\u00f6ller<\/b>, Eberhard<\/td><td class=\"column-3\">Der Dresdner Hofpoet Johann Seusse. Eine Erg\u00e4nzung zu J\u00f6rg-Ulrich Fechners Beitrag im Sch\u00fctz-Jahrbuch 6 (1984)<\/td><td class=\"column-4\">S. 191-201<\/td><td class=\"column-5\"><a href=\"https:\/\/www.schuetzgesellschaft.de\/?page_id=214\"><img loading=\"lazy\" decoding=\"async\" src=\"https:\/\/www.schuetzgesellschaft.de\/wp-content\/uploads\/Logos\/PDF_32.png\" alt=\"\" width=\"32\" height=\"32\" class=\"aligncenter size-full wp-image-453\" \/><\/a><br \/>\n<\/td>\n<\/tr>\n<tr class=\"row-189\">\n\t<td class=\"column-1\">2008<\/td><td class=\"column-2\"><b>Steiger<\/b>, Johann Anselm<\/td><td class=\"column-3\">Der Prophet Jona bei Martin Luther und dem Hamburger Hauptpastor Johann Balthasar Schupp (1610-1661)<\/td><td class=\"column-4\">S. 7-31<\/td><td class=\"column-5\"><a href=\"https:\/\/www.schuetzgesellschaft.de\/?page_id=214\"><img loading=\"lazy\" decoding=\"async\" src=\"https:\/\/www.schuetzgesellschaft.de\/wp-content\/uploads\/Logos\/PDF_32.png\" alt=\"\" width=\"32\" height=\"32\" class=\"aligncenter size-full wp-image-453\" \/><\/a><br \/>\n<\/td>\n<\/tr>\n<tr class=\"row-190\">\n\t<td class=\"column-1\">2008<\/td><td class=\"column-2\"><b>Bassani Grampp<\/b>, Florian<\/td><td class=\"column-3\">Die \"Rudimanta musices\" von Wolfgang Michael Mylius. Eine bedeutende deutsche Quelle zur Gesangspraxis im 17. Jahrhundert<\/td><td class=\"column-4\">S. 111-170<\/td><td class=\"column-5\"><a href=\"https:\/\/www.schuetzgesellschaft.de\/?page_id=214\"><img loading=\"lazy\" decoding=\"async\" src=\"https:\/\/www.schuetzgesellschaft.de\/wp-content\/uploads\/Logos\/PDF_32.png\" alt=\"\" width=\"32\" height=\"32\" class=\"aligncenter size-full wp-image-453\" \/><\/a><br \/>\n<\/td>\n<\/tr>\n<tr class=\"row-191\">\n\t<td class=\"column-1\">2008<\/td><td class=\"column-2\"><b>Wiermann<\/b>, Barbara<\/td><td class=\"column-3\">Die Musikaliensammlungen und Musikpflege im Umkreis der St. Elisabethkirche Breslau. Kirchliches und b\u00fcrgerliches Musikleben im Kontrast<\/td><td class=\"column-4\">S. 93-109<\/td><td class=\"column-5\"><a href=\"https:\/\/www.schuetzgesellschaft.de\/?page_id=214\"><img loading=\"lazy\" decoding=\"async\" src=\"https:\/\/www.schuetzgesellschaft.de\/wp-content\/uploads\/Logos\/PDF_32.png\" alt=\"\" width=\"32\" height=\"32\" class=\"aligncenter size-full wp-image-453\" \/><\/a><br \/>\n<\/td>\n<\/tr>\n<tr class=\"row-192\">\n\t<td class=\"column-1\">2008<\/td><td class=\"column-2\"><b>Frandsen<\/b>, Mary E.<\/td><td class=\"column-3\">Music in a Time of War. The Efforts of Saxon Prince Johann Georg II to Establish a Musical Ensemble, 1637-1651<\/td><td class=\"column-4\">S. 33-68<\/td><td class=\"column-5\"><a href=\"https:\/\/www.schuetzgesellschaft.de\/?page_id=214\"><img loading=\"lazy\" decoding=\"async\" src=\"https:\/\/www.schuetzgesellschaft.de\/wp-content\/uploads\/Logos\/PDF_32.png\" alt=\"\" width=\"32\" height=\"32\" class=\"aligncenter size-full wp-image-453\" \/><\/a><br \/>\n<\/td>\n<\/tr>\n<tr class=\"row-193\">\n\t<td class=\"column-1\">2008<\/td><td class=\"column-2\"><b>K\u00fcster<\/b>, Konrad<\/td><td class=\"column-3\">Sch\u00fctz, Opitz und andere bei Christian Druhl (1650)<\/td><td class=\"column-4\">S. 69-91<\/td><td class=\"column-5\"><a href=\"https:\/\/www.schuetzgesellschaft.de\/?page_id=214\"><img loading=\"lazy\" decoding=\"async\" src=\"https:\/\/www.schuetzgesellschaft.de\/wp-content\/uploads\/Logos\/PDF_32.png\" alt=\"\" width=\"32\" height=\"32\" class=\"aligncenter size-full wp-image-453\" \/><\/a><br \/>\n<\/td>\n<\/tr>\n<tr class=\"row-194\">\n\t<td class=\"column-1\">2009<\/td><td class=\"column-2\"><b>L\u00fcdemann<\/b>, Winfried<\/td><td class=\"column-3\">Diabolus in musica - Hugo Distlers unver\u00f6ffentlichte Opern- und Oratoriumstexte<\/td><td class=\"column-4\">S. 35-60<\/td><td class=\"column-5\"><a href=\"https:\/\/www.schuetzgesellschaft.de\/?page_id=214\"><img loading=\"lazy\" decoding=\"async\" src=\"https:\/\/www.schuetzgesellschaft.de\/wp-content\/uploads\/Logos\/PDF_32.png\" alt=\"\" width=\"32\" height=\"32\" class=\"aligncenter size-full wp-image-453\" \/><\/a><br \/>\n<\/td>\n<\/tr>\n<tr class=\"row-195\">\n\t<td class=\"column-1\">2009<\/td><td class=\"column-2\"><b>Rasch<\/b>, Rudolf<\/td><td class=\"column-3\">Die Bedeutung des Genfer Psalters f\u00fcr die niederl\u00e4ndische Musik im 17. Jahrhundert<\/td><td class=\"column-4\">S. 83-94<\/td><td class=\"column-5\"><a href=\"https:\/\/www.schuetzgesellschaft.de\/?page_id=214\"><img loading=\"lazy\" decoding=\"async\" src=\"https:\/\/www.schuetzgesellschaft.de\/wp-content\/uploads\/Logos\/PDF_32.png\" alt=\"\" width=\"32\" height=\"32\" class=\"aligncenter size-full wp-image-453\" \/><\/a><br \/>\n<\/td>\n<\/tr>\n<tr class=\"row-196\">\n\t<td class=\"column-1\">2009<\/td><td class=\"column-2\"><b>Klek<\/b>, Conrad<\/td><td class=\"column-3\">Die Sch\u00fctz-Rezeption im Umfeld von Friedrich Spitta<\/td><td class=\"column-4\">S. 121-145<\/td><td class=\"column-5\"><a href=\"https:\/\/www.schuetzgesellschaft.de\/?page_id=214\"><img loading=\"lazy\" decoding=\"async\" src=\"https:\/\/www.schuetzgesellschaft.de\/wp-content\/uploads\/Logos\/PDF_32.png\" alt=\"\" width=\"32\" height=\"32\" class=\"aligncenter size-full wp-image-453\" \/><\/a><br \/>\n<\/td>\n<\/tr>\n<tr class=\"row-197\">\n\t<td class=\"column-1\">2009<\/td><td class=\"column-2\"><b>Reinke<\/b>, Stefan A.<\/td><td class=\"column-3\">Eine \"K\u00fcnderin neuer \u00e4sthetischer, k\u00fcnstlereischer, kultischer, ethischer Forderungen\". Die Orgel im Denken Hugo Distlers<\/td><td class=\"column-4\"> S. 23-33<\/td><td class=\"column-5\"><a href=\"https:\/\/www.schuetzgesellschaft.de\/?page_id=214\"><img loading=\"lazy\" decoding=\"async\" src=\"https:\/\/www.schuetzgesellschaft.de\/wp-content\/uploads\/Logos\/PDF_32.png\" alt=\"\" width=\"32\" height=\"32\" class=\"aligncenter size-full wp-image-453\" \/><\/a><br \/>\n<\/td>\n<\/tr>\n<tr class=\"row-198\">\n\t<td class=\"column-1\">2009<\/td><td class=\"column-2\"><b>Tilley<\/b>, Janette<\/td><td class=\"column-3\">Gospel Settings in Seventeenth-Century Lutheran Germany: Meditation in the Service of Musical Homiletics<\/td><td class=\"column-4\">S. 147-163<\/td><td class=\"column-5\"><a href=\"https:\/\/www.schuetzgesellschaft.de\/?page_id=214\"><img loading=\"lazy\" decoding=\"async\" src=\"https:\/\/www.schuetzgesellschaft.de\/wp-content\/uploads\/Logos\/PDF_32.png\" alt=\"\" width=\"32\" height=\"32\" class=\"aligncenter size-full wp-image-453\" \/><\/a><br \/>\n<\/td>\n<\/tr>\n<tr class=\"row-199\">\n\t<td class=\"column-1\">2009<\/td><td class=\"column-2\"><b>Herbst<\/b>, Wolfgang<\/td><td class=\"column-3\">Hugo Distler und die Entstehung einer Legende<\/td><td class=\"column-4\">S. 15-22<\/td><td class=\"column-5\"><a href=\"https:\/\/www.schuetzgesellschaft.de\/?page_id=214\"><img loading=\"lazy\" decoding=\"async\" src=\"https:\/\/www.schuetzgesellschaft.de\/wp-content\/uploads\/Logos\/PDF_32.png\" alt=\"\" width=\"32\" height=\"32\" class=\"aligncenter size-full wp-image-453\" \/><\/a><br \/>\n<\/td>\n<\/tr>\n<tr class=\"row-200\">\n\t<td class=\"column-1\">2009<\/td><td class=\"column-2\"><b>Hanheide<\/b>, Stefan<\/td><td class=\"column-3\">Komponieren in dunklen Gefahren - Heinrich Sch\u00fctz und Hugo Distler<\/td><td class=\"column-4\">S. 7-14<\/td><td class=\"column-5\"><a href=\"https:\/\/www.schuetzgesellschaft.de\/?page_id=214\"><img loading=\"lazy\" decoding=\"async\" src=\"https:\/\/www.schuetzgesellschaft.de\/wp-content\/uploads\/Logos\/PDF_32.png\" alt=\"\" width=\"32\" height=\"32\" class=\"aligncenter size-full wp-image-453\" \/><\/a><br \/>\n<\/td>\n<\/tr>\n<tr class=\"row-201\">\n\t<td class=\"column-1\">2009<\/td><td class=\"column-2\"><b>Kirchhoff<\/b>, Matthias und <b>Zimmermann<\/b>, Ann-Katrin<\/td><td class=\"column-3\">Musik, Text und Kontext des Wei\u00dfenfelser Sch\u00fctz-Fragments<\/td><td class=\"column-4\">S. 95-119<\/td><td class=\"column-5\"><\/td>\n<\/tr>\n<tr class=\"row-202\">\n\t<td class=\"column-1\">2009<\/td><td class=\"column-2\"><b>M\u00f6ller<\/b>, Eberhard<\/td><td class=\"column-3\">Spuren von Heinrich Sch\u00fctz in Drucken seiner Zeit<\/td><td class=\"column-4\">S. 165-170<\/td><td class=\"column-5\"><a href=\"https:\/\/www.schuetzgesellschaft.de\/?page_id=214\"><img loading=\"lazy\" decoding=\"async\" src=\"https:\/\/www.schuetzgesellschaft.de\/wp-content\/uploads\/Logos\/PDF_32.png\" alt=\"\" width=\"32\" height=\"32\" class=\"aligncenter size-full wp-image-453\" \/><\/a><br \/>\n<\/td>\n<\/tr>\n<tr class=\"row-203\">\n\t<td class=\"column-1\">2009<\/td><td class=\"column-2\"><b>Dirksen<\/b>, Pieter<\/td><td class=\"column-3\">Zur geistlichen Vokalmusik von Nikolaus Adam Strunck<\/td><td class=\"column-4\">S. 61-81<\/td><td class=\"column-5\"><a href=\"https:\/\/www.schuetzgesellschaft.de\/?page_id=214\"><img loading=\"lazy\" decoding=\"async\" src=\"https:\/\/www.schuetzgesellschaft.de\/wp-content\/uploads\/Logos\/PDF_32.png\" alt=\"\" width=\"32\" height=\"32\" class=\"aligncenter size-full wp-image-453\" \/><\/a><br \/>\n<\/td>\n<\/tr>\n<tr class=\"row-204\">\n\t<td class=\"column-1\">2010<\/td><td class=\"column-2\"><b>Maul<\/b>, Michael<\/td><td class=\"column-3\">\"Musica noster Amor\" - Musikereintr\u00e4ge im Stammbuch von Sethus Calvisius d. J.<\/td><td class=\"column-4\">S. 149-155<\/td><td class=\"column-5\"><a href=\"https:\/\/www.schuetzgesellschaft.de\/?page_id=214\"><img loading=\"lazy\" decoding=\"async\" src=\"https:\/\/www.schuetzgesellschaft.de\/wp-content\/uploads\/Logos\/PDF_32.png\" alt=\"\" width=\"32\" height=\"32\" class=\"aligncenter size-full wp-image-453\" \/><\/a><br \/>\n<\/td>\n<\/tr>\n<tr class=\"row-205\">\n\t<td class=\"column-1\">2010<\/td><td class=\"column-2\"><b>K\u00fcster<\/b>, Konrad<\/td><td class=\"column-3\">\u00bbMein Schall aufs Ewig weist\u00ab: Das Jenseits und die Kirchenmusik in der lutherischen Orthodoxie<\/td><td class=\"column-4\">S. 75<\/td><td class=\"column-5\"><a href=\"https:\/\/www.schuetzgesellschaft.de\/?page_id=214\"><img loading=\"lazy\" decoding=\"async\" src=\"https:\/\/www.schuetzgesellschaft.de\/wp-content\/uploads\/Logos\/PDF_32.png\" alt=\"\" width=\"32\" height=\"32\" class=\"aligncenter size-full wp-image-453\" \/><\/a><br \/>\n<\/td>\n<\/tr>\n<tr class=\"row-206\">\n\t<td class=\"column-1\">2010<\/td><td class=\"column-2\"><b>Pospiech<\/b>, Remigiusz<\/td><td class=\"column-3\">Breslau als Zentrum der Musikkultur Schlesiens im 17. Jahrhundert<\/td><td class=\"column-4\">S. 7-15<\/td><td class=\"column-5\"><a href=\"https:\/\/www.schuetzgesellschaft.de\/?page_id=214\"><img loading=\"lazy\" decoding=\"async\" src=\"https:\/\/www.schuetzgesellschaft.de\/wp-content\/uploads\/Logos\/PDF_32.png\" alt=\"\" width=\"32\" height=\"32\" class=\"aligncenter size-full wp-image-453\" \/><\/a><br \/>\n<\/td>\n<\/tr>\n<tr class=\"row-207\">\n\t<td class=\"column-1\">2010<\/td><td class=\"column-2\"><b>Wiermann<\/b>, Barbara<\/td><td class=\"column-3\">Die deutsche Orgeltabulatur New York Public Library Mus. Res. MN T 131 und das Breslauer Musikleben des 17. Jahrhunderts<\/td><td class=\"column-4\">S. 29-49<\/td><td class=\"column-5\"><a href=\"https:\/\/www.schuetzgesellschaft.de\/?page_id=214\"><img loading=\"lazy\" decoding=\"async\" src=\"https:\/\/www.schuetzgesellschaft.de\/wp-content\/uploads\/Logos\/PDF_32.png\" alt=\"\" width=\"32\" height=\"32\" class=\"aligncenter size-full wp-image-453\" \/><\/a><br \/>\n<\/td>\n<\/tr>\n<tr class=\"row-208\">\n\t<td class=\"column-1\">2010<\/td><td class=\"column-2\"><b>Pegah<\/b>, Rashid-S.<\/td><td class=\"column-3\">Ein Stammbuchblatt von Heinrich Sch\u00fctz?<\/td><td class=\"column-4\">S. 157-159<\/td><td class=\"column-5\"><a href=\"https:\/\/www.schuetzgesellschaft.de\/?page_id=214\"><img loading=\"lazy\" decoding=\"async\" src=\"https:\/\/www.schuetzgesellschaft.de\/wp-content\/uploads\/Logos\/PDF_32.png\" alt=\"\" width=\"32\" height=\"32\" class=\"aligncenter size-full wp-image-453\" \/><\/a><br \/>\n<\/td>\n<\/tr>\n<tr class=\"row-209\">\n\t<td class=\"column-1\">2010<\/td><td class=\"column-2\"><b>Hobohm<\/b>, Wolf;<b> Aum\u00fcller<\/b>, Gerhard; <b>Schr\u00f6der<\/b>, Dorothea<\/td><td class=\"column-3\">Harmonie des klanglichen und der Erscheinungsform - Die Bedeutung der Orgelbauerfamilien Back und Compenius f\u00fcr die mitteldeutsche Orgelkunst der Zeit vor Heinrich Sch\u00fctz<\/td><td class=\"column-4\">S. 51-105<\/td><td class=\"column-5\"><a href=\"https:\/\/www.schuetzgesellschaft.de\/?page_id=214\"><img loading=\"lazy\" decoding=\"async\" src=\"https:\/\/www.schuetzgesellschaft.de\/wp-content\/uploads\/Logos\/PDF_32.png\" alt=\"\" width=\"32\" height=\"32\" class=\"aligncenter size-full wp-image-453\" \/><\/a><br \/>\n<\/td>\n<\/tr>\n<tr class=\"row-210\">\n\t<td class=\"column-1\">2010<\/td><td class=\"column-2\"><b>Schr\u00f6der<\/b>, Dorothea; <b>Hobohm<\/b>, Wolf; <b>Aum\u00fcller<\/b>, Gerhard<\/td><td class=\"column-3\">Harmonie des klanglichen und der Erscheinungsform - Die Bedeutung der Orgelbauerfamilien Back und Compenius f\u00fcr die mitteldeutsche Orgelkunst der Zeit vor Heinrich Sch\u00fctz<\/td><td class=\"column-4\">S. 51-105<\/td><td class=\"column-5\"><a href=\"https:\/\/www.schuetzgesellschaft.de\/?page_id=214\"><img loading=\"lazy\" decoding=\"async\" src=\"https:\/\/www.schuetzgesellschaft.de\/wp-content\/uploads\/Logos\/PDF_32.png\" alt=\"\" width=\"32\" height=\"32\" class=\"aligncenter size-full wp-image-453\" \/><\/a><br \/>\n<\/td>\n<\/tr>\n<tr class=\"row-211\">\n\t<td class=\"column-1\">2010<\/td><td class=\"column-2\"><b>Aum\u00fcller<\/b>, Gerhard; <b>Hobohm<\/b>, Wolf; <b>Schr\u00f6der<\/b>, Dorothea<\/td><td class=\"column-3\">Harmonie des Klanglichen und der Erscheinungsform - Die Bedeutung der Orgelbauerfamilien Back und Compenius f\u00fcr die mitteldeutsche Orgelkunst der Zeit vor Heinrich Sch\u00fctz<\/td><td class=\"column-4\">S. 51-105<\/td><td class=\"column-5\"><a href=\"https:\/\/www.schuetzgesellschaft.de\/?page_id=214\"><img loading=\"lazy\" decoding=\"async\" src=\"https:\/\/www.schuetzgesellschaft.de\/wp-content\/uploads\/Logos\/PDF_32.png\" alt=\"\" width=\"32\" height=\"32\" class=\"aligncenter size-full wp-image-453\" \/><\/a><br \/>\n<\/td>\n<\/tr>\n<tr class=\"row-212\">\n\t<td class=\"column-1\">2010<\/td><td class=\"column-2\"><b>Rifkin<\/b>, Joshua<\/td><td class=\"column-3\">Heinrich Sch\u00fctz und seine Br\u00fcder: Neue Stammbucheintr\u00e4ge<\/td><td class=\"column-4\">S. 151<\/td><td class=\"column-5\"><a href=\"https:\/\/www.schuetzgesellschaft.de\/?page_id=214\"><img loading=\"lazy\" decoding=\"async\" src=\"https:\/\/www.schuetzgesellschaft.de\/wp-content\/uploads\/Logos\/PDF_32.png\" alt=\"\" width=\"32\" height=\"32\" class=\"aligncenter size-full wp-image-453\" \/><\/a><br \/>\n<\/td>\n<\/tr>\n<tr class=\"row-213\">\n\t<td class=\"column-1\">2010<\/td><td class=\"column-2\"><b>Rathey<\/b>, Markus<\/td><td class=\"column-3\">Symbolische Kommunikation und musikalische Repr\u00e4sentation - Der Friede von Nijmegen (1679) im Spiegel zeitgen\u00f6ssischer Kompositionen<\/td><td class=\"column-4\">S. 107-126<\/td><td class=\"column-5\"><a href=\"https:\/\/www.schuetzgesellschaft.de\/?page_id=214\"><img loading=\"lazy\" decoding=\"async\" src=\"https:\/\/www.schuetzgesellschaft.de\/wp-content\/uploads\/Logos\/PDF_32.png\" alt=\"\" width=\"32\" height=\"32\" class=\"aligncenter size-full wp-image-453\" \/><\/a><br \/>\n<\/td>\n<\/tr>\n<tr class=\"row-214\">\n\t<td class=\"column-1\">2010<\/td><td class=\"column-2\"><b>Weaver<\/b>, Andrew H.<\/td><td class=\"column-3\">The Rhetoric of Interruption in Giovanni Felice Sances's \"Motetti a voce sola\" (1638)<\/td><td class=\"column-4\">S. 127-147<\/td><td class=\"column-5\"><a href=\"https:\/\/www.schuetzgesellschaft.de\/?page_id=214\"><img loading=\"lazy\" decoding=\"async\" src=\"https:\/\/www.schuetzgesellschaft.de\/wp-content\/uploads\/Logos\/PDF_32.png\" alt=\"\" width=\"32\" height=\"32\" class=\"aligncenter size-full wp-image-453\" \/><\/a><br \/>\n<\/td>\n<\/tr>\n<tr class=\"row-215\">\n\t<td class=\"column-1\">2010<\/td><td class=\"column-2\"><b>Przybyszewska-Jarminska<\/b>, Barbara<\/td><td class=\"column-3\">The Role of Heinrich Sch\u00fctz and Silesian Musicians in the Dissemination of the Repertoire of the Polish Royal Chapel led by Marco Scacchi in Silesia, Saxony and Thuringia<\/td><td class=\"column-4\">S. 17-28<\/td><td class=\"column-5\"><a href=\"https:\/\/www.schuetzgesellschaft.de\/?page_id=214\"><img loading=\"lazy\" decoding=\"async\" src=\"https:\/\/www.schuetzgesellschaft.de\/wp-content\/uploads\/Logos\/PDF_32.png\" alt=\"\" width=\"32\" height=\"32\" class=\"aligncenter size-full wp-image-453\" \/><\/a><br \/>\n<\/td>\n<\/tr>\n<tr class=\"row-216\">\n\t<td class=\"column-1\">2011<\/td><td class=\"column-2\"><b>Varwig<\/b>, Bettina<\/td><td class=\"column-3\">Echos in und um \u00bbDaphne\u00ab<\/td><td class=\"column-4\"> S. 105<\/td><td class=\"column-5\"><a href=\"https:\/\/www.schuetzgesellschaft.de\/?page_id=214\"><img loading=\"lazy\" decoding=\"async\" src=\"https:\/\/www.schuetzgesellschaft.de\/wp-content\/uploads\/Logos\/PDF_32.png\" alt=\"\" width=\"32\" height=\"32\" class=\"aligncenter size-full wp-image-453\" \/><\/a><br \/>\n<\/td>\n<\/tr>\n<tr class=\"row-217\">\n\t<td class=\"column-1\">2011<\/td><td class=\"column-2\"><b>M\u00f6ller<\/b>, Eberhard<\/td><td class=\"column-3\">Eine unbekannte Trauermusik von Heinrich Sch\u00fctz<\/td><td class=\"column-4\">S. 143<\/td><td class=\"column-5\"><a href=\"https:\/\/www.schuetzgesellschaft.de\/?page_id=214\"><img loading=\"lazy\" decoding=\"async\" src=\"https:\/\/www.schuetzgesellschaft.de\/wp-content\/uploads\/Logos\/PDF_32.png\" alt=\"\" width=\"32\" height=\"32\" class=\"aligncenter size-full wp-image-453\" \/><\/a><br \/>\n<\/td>\n<\/tr>\n<tr class=\"row-218\">\n\t<td class=\"column-1\">2011<\/td><td class=\"column-2\"><b>Schmidt<\/b>, Georg<\/td><td class=\"column-3\">Europa in der ersten H\u00e4lfte des 17. Jahrhunderts<\/td><td class=\"column-4\">S. 31<\/td><td class=\"column-5\"><a href=\"https:\/\/www.schuetzgesellschaft.de\/?page_id=214\"><img loading=\"lazy\" decoding=\"async\" src=\"https:\/\/www.schuetzgesellschaft.de\/wp-content\/uploads\/Logos\/PDF_32.png\" alt=\"\" width=\"32\" height=\"32\" class=\"aligncenter size-full wp-image-453\" \/><\/a><br \/>\n<\/td>\n<\/tr>\n<tr class=\"row-219\">\n\t<td class=\"column-1\">2011<\/td><td class=\"column-2\"><b>Moe<\/b>, Bjarke<\/td><td class=\"column-3\">Heinrich Sch\u00fctz as European cultural agent at the Danish cours<\/td><td class=\"column-4\">S. 129<\/td><td class=\"column-5\"><a href=\"https:\/\/www.schuetzgesellschaft.de\/?page_id=214\"><img loading=\"lazy\" decoding=\"async\" src=\"https:\/\/www.schuetzgesellschaft.de\/wp-content\/uploads\/Logos\/PDF_32.png\" alt=\"\" width=\"32\" height=\"32\" class=\"aligncenter size-full wp-image-453\" \/><\/a><br \/>\n<\/td>\n<\/tr>\n<tr class=\"row-220\">\n\t<td class=\"column-1\">2011<\/td><td class=\"column-2\"><b>Breig<\/b>, Werner<\/td><td class=\"column-3\">Heinrich Sch\u00fctz in Kassel<\/td><td class=\"column-4\">S. 19<\/td><td class=\"column-5\"><a href=\"https:\/\/www.schuetzgesellschaft.de\/?page_id=214\"><img loading=\"lazy\" decoding=\"async\" src=\"https:\/\/www.schuetzgesellschaft.de\/wp-content\/uploads\/Logos\/PDF_32.png\" alt=\"\" width=\"32\" height=\"32\" class=\"aligncenter size-full wp-image-453\" \/><\/a><br \/>\n<\/td>\n<\/tr>\n<tr class=\"row-221\">\n\t<td class=\"column-1\">2011<\/td><td class=\"column-2\"><b>Leopold<\/b>, Silke<\/td><td class=\"column-3\">Heinrich Sch\u00fctz und Europa<\/td><td class=\"column-4\">S. 7<\/td><td class=\"column-5\"><a href=\"https:\/\/www.schuetzgesellschaft.de\/?page_id=214\"><img loading=\"lazy\" decoding=\"async\" src=\"https:\/\/www.schuetzgesellschaft.de\/wp-content\/uploads\/Logos\/PDF_32.png\" alt=\"\" width=\"32\" height=\"32\" class=\"aligncenter size-full wp-image-453\" \/><\/a><br \/>\n<\/td>\n<\/tr>\n<tr class=\"row-222\">\n\t<td class=\"column-1\">2011<\/td><td class=\"column-2\"><b>Evers<\/b>, Timo<\/td><td class=\"column-3\">Heinrich Sch\u00fctz und Otto Gibel (zusammen mit Elisa Erbe, Rhea Richter, Andreas Waczkat und Arne zur Nieden)<\/td><td class=\"column-4\">S. 119<\/td><td class=\"column-5\"><a href=\"https:\/\/www.schuetzgesellschaft.de\/?page_id=214\"><img loading=\"lazy\" decoding=\"async\" src=\"https:\/\/www.schuetzgesellschaft.de\/wp-content\/uploads\/Logos\/PDF_32.png\" alt=\"\" width=\"32\" height=\"32\" class=\"aligncenter size-full wp-image-453\" \/><\/a><br \/>\n<\/td>\n<\/tr>\n<tr class=\"row-223\">\n\t<td class=\"column-1\">2011<\/td><td class=\"column-2\"><b>Richter<\/b>, Rhea<\/td><td class=\"column-3\">Heinrich Sch\u00fctz und Otto Gibel (zusammen mit Elisa Erbe, Timo Evers, Andreas Waczkat und Arne zur Nieden)<\/td><td class=\"column-4\">S. 119<\/td><td class=\"column-5\"><a href=\"https:\/\/www.schuetzgesellschaft.de\/?page_id=214\"><img loading=\"lazy\" decoding=\"async\" src=\"https:\/\/www.schuetzgesellschaft.de\/wp-content\/uploads\/Logos\/PDF_32.png\" alt=\"\" width=\"32\" height=\"32\" class=\"aligncenter size-full wp-image-453\" \/><\/a><br \/>\n<\/td>\n<\/tr>\n<tr class=\"row-224\">\n\t<td class=\"column-1\">2011<\/td><td class=\"column-2\"><b>zur Nieden<\/b>, Arne<\/td><td class=\"column-3\">Heinrich Sch\u00fctz und Otto Gibel (zusammen mit Elisa Erbe, Timo Evers, Rhea Richter und Andreas Waczkat)<\/td><td class=\"column-4\">S. 119<\/td><td class=\"column-5\"><a href=\"https:\/\/www.schuetzgesellschaft.de\/?page_id=214\"><img loading=\"lazy\" decoding=\"async\" src=\"https:\/\/www.schuetzgesellschaft.de\/wp-content\/uploads\/Logos\/PDF_32.png\" alt=\"\" width=\"32\" height=\"32\" class=\"aligncenter size-full wp-image-453\" \/><\/a><br \/>\n<\/td>\n<\/tr>\n<tr class=\"row-225\">\n\t<td class=\"column-1\">2011<\/td><td class=\"column-2\"><b>Waczkat<\/b>, Andreas<\/td><td class=\"column-3\">Heinrich Sch\u00fctz und Otto Gibel (zusammen mit Elisa Erbe, Timo Evers, Rhea Richter und Arne zur Nieden)<\/td><td class=\"column-4\">S. 119<\/td><td class=\"column-5\"><a href=\"https:\/\/www.schuetzgesellschaft.de\/?page_id=214\"><img loading=\"lazy\" decoding=\"async\" src=\"https:\/\/www.schuetzgesellschaft.de\/wp-content\/uploads\/Logos\/PDF_32.png\" alt=\"\" width=\"32\" height=\"32\" class=\"aligncenter size-full wp-image-453\" \/><\/a><br \/>\n<\/td>\n<\/tr>\n<tr class=\"row-226\">\n\t<td class=\"column-1\">2011<\/td><td class=\"column-2\"><b>Erbe<\/b>, Elisa<\/td><td class=\"column-3\">Heinrich Sch\u00fctz und Otto Gibel (zusammen mit Timo Evers, Rhea Richter, Andreas Waczkat und Arne zur Nieden)<\/td><td class=\"column-4\">S. 119<\/td><td class=\"column-5\"><a href=\"https:\/\/www.schuetzgesellschaft.de\/?page_id=214\"><img loading=\"lazy\" decoding=\"async\" src=\"https:\/\/www.schuetzgesellschaft.de\/wp-content\/uploads\/Logos\/PDF_32.png\" alt=\"\" width=\"32\" height=\"32\" class=\"aligncenter size-full wp-image-453\" \/><\/a><br \/>\n<\/td>\n<\/tr>\n<tr class=\"row-227\">\n\t<td class=\"column-1\">2011<\/td><td class=\"column-2\"><b>Schmitz<\/b>, Peter<\/td><td class=\"column-3\">Medien sozialer Distinktion: Funeral- und Gedenkkompositionen des 17. Jahrhunderts im europ\u00e4ischen Vergleich<\/td><td class=\"column-4\">S. 91<\/td><td class=\"column-5\"><a href=\"https:\/\/www.schuetzgesellschaft.de\/?page_id=214\"><img loading=\"lazy\" decoding=\"async\" src=\"https:\/\/www.schuetzgesellschaft.de\/wp-content\/uploads\/Logos\/PDF_32.png\" alt=\"\" width=\"32\" height=\"32\" class=\"aligncenter size-full wp-image-453\" \/><\/a><br \/>\n<\/td>\n<\/tr>\n<tr class=\"row-228\">\n\t<td class=\"column-1\">2011<\/td><td class=\"column-2\"><b>Frandsen<\/b>, Mary E.<\/td><td class=\"column-3\">Music and Lutherian Devotion in the Sch\u00fctz Era<\/td><td class=\"column-4\">S. 41<\/td><td class=\"column-5\"><a href=\"https:\/\/www.schuetzgesellschaft.de\/?page_id=214\"><img loading=\"lazy\" decoding=\"async\" src=\"https:\/\/www.schuetzgesellschaft.de\/wp-content\/uploads\/Logos\/PDF_32.png\" alt=\"\" width=\"32\" height=\"32\" class=\"aligncenter size-full wp-image-453\" \/><\/a><br \/>\n<\/td>\n<\/tr>\n<tr class=\"row-229\">\n\t<td class=\"column-1\">2012<\/td><td class=\"column-2\"><b>M\u00f6ller<\/b>, Eberhard<\/td><td class=\"column-3\">Das \u00bbSeminarium modulatoriae vocalis\u00ab (1645) von Otto Gibel: Eine Erg\u00e4nzung<\/td><td class=\"column-4\">S. 173-176<\/td><td class=\"column-5\"><a href=\"https:\/\/www.schuetzgesellschaft.de\/?page_id=214\"><img loading=\"lazy\" decoding=\"async\" src=\"https:\/\/www.schuetzgesellschaft.de\/wp-content\/uploads\/Logos\/PDF_32.png\" alt=\"\" width=\"32\" height=\"32\" class=\"aligncenter size-full wp-image-453\" \/><\/a><br \/>\n<\/td>\n<\/tr>\n<tr class=\"row-230\">\n\t<td class=\"column-1\">2012<\/td><td class=\"column-2\"><b>Ball<\/b>, Gabriele<\/td><td class=\"column-3\">Das soziet\u00e4re Netzwerk der Herzogin Sophia Elisabeth von Braunschweig-Wolfenb\u00fcttel. \u00bbDie Fortbringende\u00ab - \u00bbDie Gutwillige\u00ab - \u00bbDie Befreiende\u00ab<\/td><td class=\"column-4\">S. 29-48<\/td><td class=\"column-5\"><a href=\"https:\/\/www.schuetzgesellschaft.de\/?page_id=214\"><img loading=\"lazy\" decoding=\"async\" src=\"https:\/\/www.schuetzgesellschaft.de\/wp-content\/uploads\/Logos\/PDF_32.png\" alt=\"\" width=\"32\" height=\"32\" class=\"aligncenter size-full wp-image-453\" \/><\/a><br \/>\n<\/td>\n<\/tr>\n<tr class=\"row-231\">\n\t<td class=\"column-1\">2012<\/td><td class=\"column-2\"><b>Hirschmann<\/b>, Wolfgang<\/td><td class=\"column-3\">Der Souver\u00e4n und sein musikalischer Idealstaat. Zu den Kompositionen des Landgrafen von Hessen-Kassel<\/td><td class=\"column-4\">S. 97-110<\/td><td class=\"column-5\"><a href=\"https:\/\/www.schuetzgesellschaft.de\/?page_id=214\"><img loading=\"lazy\" decoding=\"async\" src=\"https:\/\/www.schuetzgesellschaft.de\/wp-content\/uploads\/Logos\/PDF_32.png\" alt=\"\" width=\"32\" height=\"32\" class=\"aligncenter size-full wp-image-453\" \/><\/a><br \/>\n<\/td>\n<\/tr>\n<tr class=\"row-232\">\n\t<td class=\"column-1\">2012<\/td><td class=\"column-2\"><b>K\u00fcster<\/b>, Konrad<\/td><td class=\"column-3\">Die Wolfenb\u00fctteler Anf\u00e4nge der Sammlung Georg \u00d6sterreich<\/td><td class=\"column-4\">S. 65-76<\/td><td class=\"column-5\"><a href=\"https:\/\/www.schuetzgesellschaft.de\/?page_id=214\"><img loading=\"lazy\" decoding=\"async\" src=\"https:\/\/www.schuetzgesellschaft.de\/wp-content\/uploads\/Logos\/PDF_32.png\" alt=\"\" width=\"32\" height=\"32\" class=\"aligncenter size-full wp-image-453\" \/><\/a><br \/>\n<\/td>\n<\/tr>\n<tr class=\"row-233\">\n\t<td class=\"column-1\">2012<\/td><td class=\"column-2\"><b>Schaper<\/b>, Anu<\/td><td class=\"column-3\">Eine europ\u00e4ische Musikerkarriere - Johann Valentin Meder (1649-1719) in Tallinn (Reval) und Riga<\/td><td class=\"column-4\">S. 161-172<\/td><td class=\"column-5\"><a href=\"https:\/\/www.schuetzgesellschaft.de\/?page_id=214\"><img loading=\"lazy\" decoding=\"async\" src=\"https:\/\/www.schuetzgesellschaft.de\/wp-content\/uploads\/Logos\/PDF_32.png\" alt=\"\" width=\"32\" height=\"32\" class=\"aligncenter size-full wp-image-453\" \/><\/a><br \/>\n<\/td>\n<\/tr>\n<tr class=\"row-234\">\n\t<td class=\"column-1\">2012<\/td><td class=\"column-2\"><b>Spohr<\/b>, Arne<\/td><td class=\"column-3\">Heinrich Sch\u00fctz als Oberkapellmeister \u00bbvon Haus aus\u00ab am Wolfenb\u00fctteler Hof<\/td><td class=\"column-4\">S. 17-28<\/td><td class=\"column-5\"><a href=\"https:\/\/www.schuetzgesellschaft.de\/?page_id=214\"><img loading=\"lazy\" decoding=\"async\" src=\"https:\/\/www.schuetzgesellschaft.de\/wp-content\/uploads\/Logos\/PDF_32.png\" alt=\"\" width=\"32\" height=\"32\" class=\"aligncenter size-full wp-image-453\" \/><\/a><br \/>\n<\/td>\n<\/tr>\n<tr class=\"row-235\">\n\t<td class=\"column-1\">2012<\/td><td class=\"column-2\"><b>Rothmund<\/b>, Elisabeth<\/td><td class=\"column-3\">Heinrich Sch\u00fctz aus franz\u00f6sischer Sicht - Vom Ende des 19. Jahrhunderts bis 1945<\/td><td class=\"column-4\">S. 77-96<\/td><td class=\"column-5\"><a href=\"https:\/\/www.schuetzgesellschaft.de\/?page_id=214\"><img loading=\"lazy\" decoding=\"async\" src=\"https:\/\/www.schuetzgesellschaft.de\/wp-content\/uploads\/Logos\/PDF_32.png\" alt=\"\" width=\"32\" height=\"32\" class=\"aligncenter size-full wp-image-453\" \/><\/a><br \/>\n<\/td>\n<\/tr>\n<tr class=\"row-236\">\n\t<td class=\"column-1\">2012<\/td><td class=\"column-2\"><b>Rifkin<\/b>, Joshua<\/td><td class=\"column-3\">Heinrich Sch\u00fctz und Christian Brehme: Eine Erg\u00e4nzung<\/td><td class=\"column-4\">S. 177-179<\/td><td class=\"column-5\"><a href=\"https:\/\/www.schuetzgesellschaft.de\/?page_id=214\"><img loading=\"lazy\" decoding=\"async\" src=\"https:\/\/www.schuetzgesellschaft.de\/wp-content\/uploads\/Logos\/PDF_32.png\" alt=\"\" width=\"32\" height=\"32\" class=\"aligncenter size-full wp-image-453\" \/><\/a><br \/>\n<\/td>\n<\/tr>\n<tr class=\"row-237\">\n\t<td class=\"column-1\">2012<\/td><td class=\"column-2\"><b>Schwark<\/b>, Thomas<\/td><td class=\"column-3\">Herzog Georg von Calenberg - barocker Staatschef und Dienstherr von Heinrich Sch\u00fctz<\/td><td class=\"column-4\">S. 7-16<\/td><td class=\"column-5\"><a href=\"https:\/\/www.schuetzgesellschaft.de\/?page_id=214\"><img loading=\"lazy\" decoding=\"async\" src=\"https:\/\/www.schuetzgesellschaft.de\/wp-content\/uploads\/Logos\/PDF_32.png\" alt=\"\" width=\"32\" height=\"32\" class=\"aligncenter size-full wp-image-453\" \/><\/a><br \/>\n<\/td>\n<\/tr>\n<tr class=\"row-238\">\n\t<td class=\"column-1\">2012<\/td><td class=\"column-2\"><b>Siitan<\/b>, Toomas<\/td><td class=\"column-3\">Michael Hahn - ein Sch\u00fctz-Sch\u00fcler uns seine musikalische Umgebung in Narva um 1670<\/td><td class=\"column-4\">S. 151-160<\/td><td class=\"column-5\"><a href=\"https:\/\/www.schuetzgesellschaft.de\/?page_id=214\"><img loading=\"lazy\" decoding=\"async\" src=\"https:\/\/www.schuetzgesellschaft.de\/wp-content\/uploads\/Logos\/PDF_32.png\" alt=\"\" width=\"32\" height=\"32\" class=\"aligncenter size-full wp-image-453\" \/><\/a><br \/>\n<\/td>\n<\/tr>\n<tr class=\"row-239\">\n\t<td class=\"column-1\">2012<\/td><td class=\"column-2\"><b>Aum\u00fcller<\/b>, Gerhard; <b>Hobohm<\/b>, Wolf; <b>Schr\u00f6der<\/b>, Dorothea<\/td><td class=\"column-3\">Orgeln, Orgelbauer und Organisten der Sch\u00fctz-Zeit in Hessen<\/td><td class=\"column-4\">S. 111-136<\/td><td class=\"column-5\"><a href=\"https:\/\/www.schuetzgesellschaft.de\/?page_id=214\"><img loading=\"lazy\" decoding=\"async\" src=\"https:\/\/www.schuetzgesellschaft.de\/wp-content\/uploads\/Logos\/PDF_32.png\" alt=\"\" width=\"32\" height=\"32\" class=\"aligncenter size-full wp-image-453\" \/><\/a><br \/>\n<\/td>\n<\/tr>\n<tr class=\"row-240\">\n\t<td class=\"column-1\">2012<\/td><td class=\"column-2\"><b>L\u00fcpkes<\/b>, Vera<\/td><td class=\"column-3\">Simon VI. zur Lippe - Konkurrent oder Impulsgeber in Orgelbaufragen f\u00fcr Moritz den Gelehrten?<\/td><td class=\"column-4\">S. 137-150<\/td><td class=\"column-5\"><a href=\"https:\/\/www.schuetzgesellschaft.de\/?page_id=214\"><img loading=\"lazy\" decoding=\"async\" src=\"https:\/\/www.schuetzgesellschaft.de\/wp-content\/uploads\/Logos\/PDF_32.png\" alt=\"\" width=\"32\" height=\"32\" class=\"aligncenter size-full wp-image-453\" \/><\/a><br \/>\n<\/td>\n<\/tr>\n<tr class=\"row-241\">\n\t<td class=\"column-1\">2012<\/td><td class=\"column-2\"><b>Emans<\/b>, Reinmar<\/td><td class=\"column-3\">Vermischter Stil<\/td><td class=\"column-4\">S. 49-64<\/td><td class=\"column-5\"><a href=\"https:\/\/www.schuetzgesellschaft.de\/?page_id=214\"><img loading=\"lazy\" decoding=\"async\" src=\"https:\/\/www.schuetzgesellschaft.de\/wp-content\/uploads\/Logos\/PDF_32.png\" alt=\"\" width=\"32\" height=\"32\" class=\"aligncenter size-full wp-image-453\" \/><\/a><br \/>\n<\/td>\n<\/tr>\n<tr class=\"row-242\">\n\t<td class=\"column-1\">2013<\/td><td class=\"column-2\"><b>Jahn<\/b>, Bernhard<\/td><td class=\"column-3\">Anton Ulrichs \u00bbSinge-Spiele\u00ab und die welfische Musikkultur - \u00dcberlegungen zur Sonderentwicklung des deutschsprachigen Musiktheaters in der ersten H\u00e4lfte des 17. Jahrhunderts<\/td><td class=\"column-4\">S. 41-49<\/td><td class=\"column-5\"><a href=\"https:\/\/www.schuetzgesellschaft.de\/?page_id=214\"><img loading=\"lazy\" decoding=\"async\" src=\"https:\/\/www.schuetzgesellschaft.de\/wp-content\/uploads\/Logos\/PDF_32.png\" alt=\"\" width=\"32\" height=\"32\" class=\"aligncenter size-full wp-image-453\" \/><\/a><br \/>\n<\/td>\n<\/tr>\n<tr class=\"row-243\">\n\t<td class=\"column-1\">2013<\/td><td class=\"column-2\"><b>Stauff<\/b>, Derek<\/td><td class=\"column-3\">Canons by Tobias Michael and Others ind the Albums of Burckhard Grossmann the Younger<\/td><td class=\"column-4\">S. 153-165<\/td><td class=\"column-5\"><a href=\"https:\/\/www.schuetzgesellschaft.de\/?page_id=214\"><img loading=\"lazy\" decoding=\"async\" src=\"https:\/\/www.schuetzgesellschaft.de\/wp-content\/uploads\/Logos\/PDF_32.png\" alt=\"\" width=\"32\" height=\"32\" class=\"aligncenter size-full wp-image-453\" \/><\/a><br \/>\n<\/td>\n<\/tr>\n<tr class=\"row-244\">\n\t<td class=\"column-1\">2013<\/td><td class=\"column-2\"><b>Kremer<\/b>, Joachim<\/td><td class=\"column-3\">Die Ausbreitung der franz\u00f6sischen Musik im Gebiet der welfischen H\u00f6fe im sp\u00e4ten 17. Jahrhundert - von Gelehrsamkeit und Galanterie<\/td><td class=\"column-4\">S. 50-58<\/td><td class=\"column-5\"><a href=\"https:\/\/www.schuetzgesellschaft.de\/?page_id=214\"><img loading=\"lazy\" decoding=\"async\" src=\"https:\/\/www.schuetzgesellschaft.de\/wp-content\/uploads\/Logos\/PDF_32.png\" alt=\"\" width=\"32\" height=\"32\" class=\"aligncenter size-full wp-image-453\" \/><\/a><br \/>\n<\/td>\n<\/tr>\n<tr class=\"row-245\">\n\t<td class=\"column-1\">2013<\/td><td class=\"column-2\"><b>M\u00f6ller<\/b>, Eberhard<\/td><td class=\"column-3\">Disputationen mit Widmungen an Heinrich Sch\u00fctz<\/td><td class=\"column-4\">S. 166-169<\/td><td class=\"column-5\"><a href=\"https:\/\/www.schuetzgesellschaft.de\/?page_id=214\"><img loading=\"lazy\" decoding=\"async\" src=\"https:\/\/www.schuetzgesellschaft.de\/wp-content\/uploads\/Logos\/PDF_32.png\" alt=\"\" width=\"32\" height=\"32\" class=\"aligncenter size-full wp-image-453\" \/><\/a><br \/>\n<\/td>\n<\/tr>\n<tr class=\"row-246\">\n\t<td class=\"column-1\">2013<\/td><td class=\"column-2\"><b>Aum\u00fcller<\/b>, Gerhard<\/td><td class=\"column-3\">Einblicke in die Lebenswelt von Heinrich Sch\u00fctz w\u00e4hrend seiner Jugendjahre in Hessen<\/td><td class=\"column-4\">S. 77-152<\/td><td class=\"column-5\"><a href=\"https:\/\/www.schuetzgesellschaft.de\/?page_id=214\"><img loading=\"lazy\" decoding=\"async\" src=\"https:\/\/www.schuetzgesellschaft.de\/wp-content\/uploads\/Logos\/PDF_32.png\" alt=\"\" width=\"32\" height=\"32\" class=\"aligncenter size-full wp-image-453\" \/><\/a><br \/>\n<\/td>\n<\/tr>\n<tr class=\"row-247\">\n\t<td class=\"column-1\">2013<\/td><td class=\"column-2\"><b>Heidrich<\/b>, J\u00fcrgen<\/td><td class=\"column-3\">Luther, Sch\u00fctz und der kurs\u00e4chsische Hof<\/td><td class=\"column-4\">S. 16-24<\/td><td class=\"column-5\"><a href=\"https:\/\/www.schuetzgesellschaft.de\/?page_id=214\"><img loading=\"lazy\" decoding=\"async\" src=\"https:\/\/www.schuetzgesellschaft.de\/wp-content\/uploads\/Logos\/PDF_32.png\" alt=\"\" width=\"32\" height=\"32\" class=\"aligncenter size-full wp-image-453\" \/><\/a><br \/>\n<\/td>\n<\/tr>\n<tr class=\"row-248\">\n\t<td class=\"column-1\">2013<\/td><td class=\"column-2\"><b>Schmitz<\/b>, Peter<\/td><td class=\"column-3\">Luthers Theologie des Todes im Spiegel der Funeralkomposition des 17. Jahrhunderts<\/td><td class=\"column-4\">S. 25-40<\/td><td class=\"column-5\"><a href=\"https:\/\/www.schuetzgesellschaft.de\/?page_id=214\"><img loading=\"lazy\" decoding=\"async\" src=\"https:\/\/www.schuetzgesellschaft.de\/wp-content\/uploads\/Logos\/PDF_32.png\" alt=\"\" width=\"32\" height=\"32\" class=\"aligncenter size-full wp-image-453\" \/><\/a><br \/>\n<\/td>\n<\/tr>\n<tr class=\"row-249\">\n\t<td class=\"column-1\">2013<\/td><td class=\"column-2\"><b>Herbst<\/b>, Wolfgang<\/td><td class=\"column-3\">Vom Umgang mit Luthers theologischer Musikanschauung<\/td><td class=\"column-4\">S. 7-15<\/td><td class=\"column-5\"><a href=\"https:\/\/www.schuetzgesellschaft.de\/?page_id=214\"><img loading=\"lazy\" decoding=\"async\" src=\"https:\/\/www.schuetzgesellschaft.de\/wp-content\/uploads\/Logos\/PDF_32.png\" alt=\"\" width=\"32\" height=\"32\" class=\"aligncenter size-full wp-image-453\" \/><\/a><br \/>\n<\/td>\n<\/tr>\n<tr class=\"row-250\">\n\t<td class=\"column-1\">2013<\/td><td class=\"column-2\"><b>Vavoulis<\/b>, Vassilis<\/td><td class=\"column-3\">What happened in 1678? Reassessing \u00bbOrontea\u00ab and the Beginnings of Opera in Hanover<\/td><td class=\"column-4\">S. 59-76<\/td><td class=\"column-5\"><a href=\"https:\/\/www.schuetzgesellschaft.de\/?page_id=214\"><img loading=\"lazy\" decoding=\"async\" src=\"https:\/\/www.schuetzgesellschaft.de\/wp-content\/uploads\/Logos\/PDF_32.png\" alt=\"\" width=\"32\" height=\"32\" class=\"aligncenter size-full wp-image-453\" \/><\/a><br \/>\n<\/td>\n<\/tr>\n<tr class=\"row-251\">\n\t<td class=\"column-1\">2014<\/td><td class=\"column-2\"><b>Rifkin<\/b>,  Joshua<\/td><td class=\"column-3\">\"Auff Hochzeitlichen Ehrentag ... seines gro\u00dfg\u00fcnstigen Herrn vnd Hochgeehrten Freundes\" - Joseph Avenarius, Heinrich Sch\u00fctz und das Konzert SWV 20<\/td><td class=\"column-4\">S. 68<\/td><td class=\"column-5\"><a href=\"https:\/\/www.schuetzgesellschaft.de\/?page_id=214\"><img loading=\"lazy\" decoding=\"async\" src=\"https:\/\/www.schuetzgesellschaft.de\/wp-content\/uploads\/Logos\/PDF_32.png\" alt=\"\" width=\"32\" height=\"32\" class=\"aligncenter size-full wp-image-453\" \/><\/a><br \/>\n<\/td>\n<\/tr>\n<tr class=\"row-252\">\n\t<td class=\"column-1\">2014<\/td><td class=\"column-2\"><b>Varwig<\/b>, Bettina<\/td><td class=\"column-3\">Italienbilder der Sch\u00fctz-Zeit<\/td><td class=\"column-4\">S. 1<\/td><td class=\"column-5\"><a href=\"https:\/\/www.schuetzgesellschaft.de\/?page_id=214\"><img loading=\"lazy\" decoding=\"async\" src=\"https:\/\/www.schuetzgesellschaft.de\/wp-content\/uploads\/Logos\/PDF_32.png\" alt=\"\" width=\"32\" height=\"32\" class=\"aligncenter size-full wp-image-453\" \/><\/a><br \/>\n<\/td>\n<\/tr>\n<tr class=\"row-253\">\n\t<td class=\"column-1\">2014<\/td><td class=\"column-2\"><b>Lovato<\/b>, Antonio<\/td><td class=\"column-3\">Observations on the texts in Latin intoned by Heinrich Sch\u00fctz. The devotional prayer \"O bone Jesu\"<\/td><td class=\"column-4\">S. 49<\/td><td class=\"column-5\"><a href=\"https:\/\/www.schuetzgesellschaft.de\/?page_id=214\"><img loading=\"lazy\" decoding=\"async\" src=\"https:\/\/www.schuetzgesellschaft.de\/wp-content\/uploads\/Logos\/PDF_32.png\" alt=\"\" width=\"32\" height=\"32\" class=\"aligncenter size-full wp-image-453\" \/><\/a><br \/>\n<\/td>\n<\/tr>\n<tr class=\"row-254\">\n\t<td class=\"column-1\">2014<\/td><td class=\"column-2\"><b>Bryant<\/b>, David<\/td><td class=\"column-3\">Sch\u00fctz's Venice: 1609-1613 and 1628-1629<\/td><td class=\"column-4\">S. 32<\/td><td class=\"column-5\"><a href=\"https:\/\/www.schuetzgesellschaft.de\/?page_id=214\"><img loading=\"lazy\" decoding=\"async\" src=\"https:\/\/www.schuetzgesellschaft.de\/wp-content\/uploads\/Logos\/PDF_32.png\" alt=\"\" width=\"32\" height=\"32\" class=\"aligncenter size-full wp-image-453\" \/><\/a><br \/>\n<\/td>\n<\/tr>\n<tr class=\"row-255\">\n\t<td class=\"column-1\">2014<\/td><td class=\"column-2\"><b>Geyer<\/b>, Helen<\/td><td class=\"column-3\">Transferprozesse: Heinrich Sch\u00fctz und die Venezianische Schule<\/td><td class=\"column-4\">S. 23<\/td><td class=\"column-5\"><a href=\"https:\/\/www.schuetzgesellschaft.de\/?page_id=214\"><img loading=\"lazy\" decoding=\"async\" src=\"https:\/\/www.schuetzgesellschaft.de\/wp-content\/uploads\/Logos\/PDF_32.png\" alt=\"\" width=\"32\" height=\"32\" class=\"aligncenter size-full wp-image-453\" \/><\/a><br \/>\n<\/td>\n<\/tr>\n<tr class=\"row-256\">\n\t<td class=\"column-1\">2014<\/td><td class=\"column-2\"><b>Leopold<\/b>, Silke<\/td><td class=\"column-3\">Was hat Sch\u00fctz in Italien nicht gelernt?<\/td><td class=\"column-4\">S. 40<\/td><td class=\"column-5\"><a href=\"https:\/\/www.schuetzgesellschaft.de\/?page_id=214\"><img loading=\"lazy\" decoding=\"async\" src=\"https:\/\/www.schuetzgesellschaft.de\/wp-content\/uploads\/Logos\/PDF_32.png\" alt=\"\" width=\"32\" height=\"32\" class=\"aligncenter size-full wp-image-453\" \/><\/a><br \/>\n<\/td>\n<\/tr>\n<tr class=\"row-257\">\n\t<td class=\"column-1\">2015<\/td><td class=\"column-2\"><b>K\u00fcster<\/b>,  Konrad<\/td><td class=\"column-3\">Das Beispiel der Domkriche in Ribe um 1560<\/td><td class=\"column-4\">S. 17-38<\/td><td class=\"column-5\"><a href=\"https:\/\/www.schuetzgesellschaft.de\/?page_id=214\"><img loading=\"lazy\" decoding=\"async\" src=\"https:\/\/www.schuetzgesellschaft.de\/wp-content\/uploads\/Logos\/PDF_32.png\" alt=\"\" width=\"32\" height=\"32\" class=\"aligncenter size-full wp-image-453\" \/><\/a><br \/>\n<\/td>\n<\/tr>\n<tr class=\"row-258\">\n\t<td class=\"column-1\">2015<\/td><td class=\"column-2\"><b>Werbeck<\/b>,  Walter<\/td><td class=\"column-3\">Musik und Konfession bei Heinrich Sch\u00fctz<\/td><td class=\"column-4\">S. 7-16<\/td><td class=\"column-5\"><a href=\"https:\/\/www.schuetzgesellschaft.de\/?page_id=214\"><img loading=\"lazy\" decoding=\"async\" src=\"https:\/\/www.schuetzgesellschaft.de\/wp-content\/uploads\/Logos\/PDF_32.png\" alt=\"\" width=\"32\" height=\"32\" class=\"aligncenter size-full wp-image-453\" \/><\/a><br \/>\n<\/td>\n<\/tr>\n<tr class=\"row-259\">\n\t<td class=\"column-1\">2015<\/td><td class=\"column-2\"><b>Kirchhoff<\/b>,  Matthias und <b>Zimmermann<\/b>,  Ann-Katrin<\/td><td class=\"column-3\">Neue Text- und Notenfunde im Heinrich-Sch\u00fctz-Haus Wei\u00dfenfels<\/td><td class=\"column-4\">S. 77-94<\/td><td class=\"column-5\"><a href=\"https:\/\/www.schuetzgesellschaft.de\/?page_id=214\"><img loading=\"lazy\" decoding=\"async\" src=\"https:\/\/www.schuetzgesellschaft.de\/wp-content\/uploads\/Logos\/PDF_32.png\" alt=\"\" width=\"32\" height=\"32\" class=\"aligncenter size-full wp-image-453\" \/><\/a><br \/>\n<\/td>\n<\/tr>\n<tr class=\"row-260\">\n\t<td class=\"column-1\">2015<\/td><td class=\"column-2\"><b>Kirsch<\/b>,  Matthias<\/td><td class=\"column-3\">Papierversorgung und Handschriftenproduktion am Gottorfer Hof<\/td><td class=\"column-4\">S. 63-76<\/td><td class=\"column-5\"><a href=\"https:\/\/www.schuetzgesellschaft.de\/?page_id=214\"><img loading=\"lazy\" decoding=\"async\" src=\"https:\/\/www.schuetzgesellschaft.de\/wp-content\/uploads\/Logos\/PDF_32.png\" alt=\"\" width=\"32\" height=\"32\" class=\"aligncenter size-full wp-image-453\" \/><\/a><br \/>\n<\/td>\n<\/tr>\n<tr class=\"row-261\">\n\t<td class=\"column-1\">2015<\/td><td class=\"column-2\"><b>Scheitler<\/b>,  Irmgard<\/td><td class=\"column-3\">W\u00fcrzburg, der Jesuitenorden und die Anf\u00e4nge der Oper<\/td><td class=\"column-4\">S. 39-62<\/td><td class=\"column-5\"><a href=\"https:\/\/www.schuetzgesellschaft.de\/?page_id=214\"><img loading=\"lazy\" decoding=\"async\" src=\"https:\/\/www.schuetzgesellschaft.de\/wp-content\/uploads\/Logos\/PDF_32.png\" alt=\"\" width=\"32\" height=\"32\" class=\"aligncenter size-full wp-image-453\" \/><\/a><br \/>\n<\/td>\n<\/tr>\n<tr class=\"row-262\">\n\t<td class=\"column-1\">2015<\/td><td class=\"column-2\"><b>Aum\u00fcller<\/b>,  Gerhard<\/td><td class=\"column-3\">Zur T\u00e4tigkeit von Heinrich Sch\u00fctz als Kompositionslehrer in Kassel<\/td><td class=\"column-4\">S. 95-104<\/td><td class=\"column-5\"><a href=\"https:\/\/www.schuetzgesellschaft.de\/?page_id=214\"><img loading=\"lazy\" decoding=\"async\" src=\"https:\/\/www.schuetzgesellschaft.de\/wp-content\/uploads\/Logos\/PDF_32.png\" alt=\"\" width=\"32\" height=\"32\" class=\"aligncenter size-full wp-image-453\" \/><\/a><br \/>\n<\/td>\n<\/tr>\n<tr class=\"row-263\">\n\t<td class=\"column-1\">2016<\/td><td class=\"column-2\"><b>Varwig<\/b>,  Bettina<\/td><td class=\"column-3\">Bild und Klang in Heinrich Sch\u00fctz' Weihnachtshistorie<\/td><td class=\"column-4\">S. 30-44<\/td><td class=\"column-5\"><a href=\"https:\/\/www.schuetzgesellschaft.de\/?page_id=214\"><img loading=\"lazy\" decoding=\"async\" src=\"https:\/\/www.schuetzgesellschaft.de\/wp-content\/uploads\/Logos\/PDF_32.png\" alt=\"\" width=\"32\" height=\"32\" class=\"aligncenter size-full wp-image-453\" \/><\/a><br \/>\n<\/td>\n<\/tr>\n<tr class=\"row-264\">\n\t<td class=\"column-1\">2016<\/td><td class=\"column-2\"><b>Paduch<\/b>,  Arno<\/td><td class=\"column-3\">Biographische Notizen zu Arnold Grothusius<\/td><td class=\"column-4\">S. 69-80<\/td><td class=\"column-5\"><a href=\"https:\/\/www.schuetzgesellschaft.de\/?page_id=214\"><img loading=\"lazy\" decoding=\"async\" src=\"https:\/\/www.schuetzgesellschaft.de\/wp-content\/uploads\/Logos\/PDF_32.png\" alt=\"\" width=\"32\" height=\"32\" class=\"aligncenter size-full wp-image-453\" \/><\/a><br \/>\n<\/td>\n<\/tr>\n<tr class=\"row-265\">\n\t<td class=\"column-1\">2016<\/td><td class=\"column-2\"><b>Richter<\/b>,  Christa Maria<\/td><td class=\"column-3\">Die Dresdner Schlosskirchenb\u00fccher<\/td><td class=\"column-4\">S. 55-68<\/td><td class=\"column-5\"><a href=\"https:\/\/www.schuetzgesellschaft.de\/?page_id=214\"><img loading=\"lazy\" decoding=\"async\" src=\"https:\/\/www.schuetzgesellschaft.de\/wp-content\/uploads\/Logos\/PDF_32.png\" alt=\"\" width=\"32\" height=\"32\" class=\"aligncenter size-full wp-image-453\" \/><\/a><br \/>\n<\/td>\n<\/tr>\n<tr class=\"row-266\">\n\t<td class=\"column-1\">2016<\/td><td class=\"column-2\"><b>Schmidt<\/b>,  Beate Agnes<\/td><td class=\"column-3\">Praetorius, Sch\u00fctz und die kurs\u00e4chsische Kunstpolitik<\/td><td class=\"column-4\">S. 98-125<\/td><td class=\"column-5\"><a href=\"https:\/\/www.schuetzgesellschaft.de\/?page_id=214\"><img loading=\"lazy\" decoding=\"async\" src=\"https:\/\/www.schuetzgesellschaft.de\/wp-content\/uploads\/Logos\/PDF_32.png\" alt=\"\" width=\"32\" height=\"32\" class=\"aligncenter size-full wp-image-453\" \/><\/a><br \/>\n<\/td>\n<\/tr>\n<tr class=\"row-267\">\n\t<td class=\"column-1\">2016<\/td><td class=\"column-2\"><b>Schlepphorst<\/b>,  Thorsten<\/td><td class=\"column-3\">Tobias Michael \u2013 ein vergessener Thomaskantor<\/td><td class=\"column-4\">S. 81-97<\/td><td class=\"column-5\"><a href=\"https:\/\/www.schuetzgesellschaft.de\/?page_id=214\"><img loading=\"lazy\" decoding=\"async\" src=\"https:\/\/www.schuetzgesellschaft.de\/wp-content\/uploads\/Logos\/PDF_32.png\" alt=\"\" width=\"32\" height=\"32\" class=\"aligncenter size-full wp-image-453\" \/><\/a><br \/>\n<\/td>\n<\/tr>\n<tr class=\"row-268\">\n\t<td class=\"column-1\">2016<\/td><td class=\"column-2\"><b>Steiger<\/b>,  Johann Anselm<\/td><td class=\"column-3\">Wort \u2013 Bild \u2013 Bibel<\/td><td class=\"column-4\">S. 7-29<\/td><td class=\"column-5\"><a href=\"https:\/\/www.schuetzgesellschaft.de\/?page_id=214\"><img loading=\"lazy\" decoding=\"async\" src=\"https:\/\/www.schuetzgesellschaft.de\/wp-content\/uploads\/Logos\/PDF_32.png\" alt=\"\" width=\"32\" height=\"32\" class=\"aligncenter size-full wp-image-453\" \/><\/a><br \/>\n<\/td>\n<\/tr>\n<tr class=\"row-269\">\n\t<td class=\"column-1\">2016<\/td><td class=\"column-2\"><b>Herrmann<\/b>,  Matthias<\/td><td class=\"column-3\">Zur Wiedergewinnung der evangelischen Schlosskapelle zu Dresden<\/td><td class=\"column-4\">S. 45-54<\/td><td class=\"column-5\"><a href=\"https:\/\/www.schuetzgesellschaft.de\/?page_id=214\"><img loading=\"lazy\" decoding=\"async\" src=\"https:\/\/www.schuetzgesellschaft.de\/wp-content\/uploads\/Logos\/PDF_32.png\" alt=\"\" width=\"32\" height=\"32\" class=\"aligncenter size-full wp-image-453\" \/><\/a><br \/>\n<\/td>\n<\/tr>\n<tr class=\"row-270\">\n\t<td class=\"column-1\">2017<\/td><td class=\"column-2\"><b>Pabbruwe<\/b>,  Aagje<\/td><td class=\"column-3\">Cornelis Thymensz. Padbru\u00e9: A Dutch Composer Contemporary of Heinrich Sch\u00fctz<\/td><td class=\"column-4\">S. 29-32<\/td><td class=\"column-5\"><a href=\"https:\/\/www.schuetzgesellschaft.de\/?page_id=214\"><img loading=\"lazy\" decoding=\"async\" src=\"https:\/\/www.schuetzgesellschaft.de\/wp-content\/uploads\/Logos\/PDF_32.png\" alt=\"\" width=\"32\" height=\"32\" class=\"aligncenter size-full wp-image-453\" \/><\/a><br \/>\n<\/td>\n<\/tr>\n<tr class=\"row-271\">\n\t<td class=\"column-1\">2017<\/td><td class=\"column-2\"><b>Lauterwasser<\/b>,  Helmut<\/td><td class=\"column-3\">Ein musikalisches Stammbuch im Umfeld des Geistlichen Ministeriums zu Braunschweig aus dem 17. Jahrhundert<\/td><td class=\"column-4\">S. 71-17<\/td><td class=\"column-5\"><a href=\"https:\/\/www.schuetzgesellschaft.de\/?page_id=214\"><img loading=\"lazy\" decoding=\"async\" src=\"https:\/\/www.schuetzgesellschaft.de\/wp-content\/uploads\/Logos\/PDF_32.png\" alt=\"\" width=\"32\" height=\"32\" class=\"aligncenter size-full wp-image-453\" \/><\/a><br \/>\n<\/td>\n<\/tr>\n<tr class=\"row-272\">\n\t<td class=\"column-1\">2017<\/td><td class=\"column-2\"><b>Koska<\/b>,  Bernd<\/td><td class=\"column-3\">Ein Schmalkalder Noteninventar und das geistliche Vokalwerk Georg Ludwig Agricolas<\/td><td class=\"column-4\">S. 33-53<\/td><td class=\"column-5\"><a href=\"https:\/\/www.schuetzgesellschaft.de\/?page_id=214\"><img loading=\"lazy\" decoding=\"async\" src=\"https:\/\/www.schuetzgesellschaft.de\/wp-content\/uploads\/Logos\/PDF_32.png\" alt=\"\" width=\"32\" height=\"32\" class=\"aligncenter size-full wp-image-453\" \/><\/a><br \/>\n<\/td>\n<\/tr>\n<tr class=\"row-273\">\n\t<td class=\"column-1\">2017<\/td><td class=\"column-2\"><b>Summereder<\/b>,  Roman<\/td><td class=\"column-3\">Jahr des Januskopfes: Reger 1916 Reda<\/td><td class=\"column-4\">S. 7-19<\/td><td class=\"column-5\"><a href=\"https:\/\/www.schuetzgesellschaft.de\/?page_id=214\"><img loading=\"lazy\" decoding=\"async\" src=\"https:\/\/www.schuetzgesellschaft.de\/wp-content\/uploads\/Logos\/PDF_32.png\" alt=\"\" width=\"32\" height=\"32\" class=\"aligncenter size-full wp-image-453\" \/><\/a><br \/>\n<\/td>\n<\/tr>\n<tr class=\"row-274\">\n\t<td class=\"column-1\">2017<\/td><td class=\"column-2\"><b>Dirksen<\/b>,  Pieter<\/td><td class=\"column-3\">Johann Jacob Froberger in Dresden<\/td><td class=\"column-4\">S. 20-28<\/td><td class=\"column-5\"><a href=\"https:\/\/www.schuetzgesellschaft.de\/?page_id=214\"><img loading=\"lazy\" decoding=\"async\" src=\"https:\/\/www.schuetzgesellschaft.de\/wp-content\/uploads\/Logos\/PDF_32.png\" alt=\"\" width=\"32\" height=\"32\" class=\"aligncenter size-full wp-image-453\" \/><\/a><br \/>\n<\/td>\n<\/tr>\n<tr class=\"row-275\">\n\t<td class=\"column-1\">2017<\/td><td class=\"column-2\"><b>Messori<\/b>,  Matteo und <b>Zar\u0119ba<\/b>,  Katarzyna<\/td><td class=\"column-3\">Vincenzo Albrici (1631-1687) und sein Bruder Bartolomeo: Neue biographische und musikalische Funde<\/td><td class=\"column-4\">S. 54-70<\/td><td class=\"column-5\"><a href=\"https:\/\/www.schuetzgesellschaft.de\/?page_id=214\"><img loading=\"lazy\" decoding=\"async\" src=\"https:\/\/www.schuetzgesellschaft.de\/wp-content\/uploads\/Logos\/PDF_32.png\" alt=\"\" width=\"32\" height=\"32\" class=\"aligncenter size-full wp-image-453\" \/><\/a><br \/>\n<\/td>\n<\/tr>\n<tr class=\"row-276\">\n\t<td class=\"column-1\">1982\/83<\/td><td class=\"column-2\"><b>Linfield<\/b>, Eva<\/td><td class=\"column-3\">A New Look at the Sources of Sch\u00fctz's Christmas History<\/td><td class=\"column-4\">S. 19-38<\/td><td class=\"column-5\"><a href=\"https:\/\/www.schuetzgesellschaft.de\/?page_id=214\"><img loading=\"lazy\" decoding=\"async\" src=\"https:\/\/www.schuetzgesellschaft.de\/wp-content\/uploads\/Logos\/PDF_32.png\" alt=\"\" width=\"32\" height=\"32\" class=\"aligncenter size-full wp-image-453\" \/><\/a><br \/>\n<\/td>\n<\/tr>\n<tr class=\"row-277\">\n\t<td class=\"column-1\">1982\/83<\/td><td class=\"column-2\"><b>Strohm<\/b>, Stefan<\/td><td class=\"column-3\">Die Idee der absoluten Musik als ihr (ausgesprochenes) Programm. Zum unterlegten Text der Mahlerschen Achten<\/td><td class=\"column-4\">S. 73-91<\/td><td class=\"column-5\"><a href=\"https:\/\/www.schuetzgesellschaft.de\/?page_id=214\"><img loading=\"lazy\" decoding=\"async\" src=\"https:\/\/www.schuetzgesellschaft.de\/wp-content\/uploads\/Logos\/PDF_32.png\" alt=\"\" width=\"32\" height=\"32\" class=\"aligncenter size-full wp-image-453\" \/><\/a><br \/>\n<\/td>\n<\/tr>\n<tr class=\"row-278\">\n\t<td class=\"column-1\">1982\/83<\/td><td class=\"column-2\"><b>Krummacher<\/b>, Friedhelm<\/td><td class=\"column-3\">Fragen zu Mahlers VIII. Sinfonie<\/td><td class=\"column-4\">S. 71-72<\/td><td class=\"column-5\"><a href=\"https:\/\/www.schuetzgesellschaft.de\/?page_id=214\"><img loading=\"lazy\" decoding=\"async\" src=\"https:\/\/www.schuetzgesellschaft.de\/wp-content\/uploads\/Logos\/PDF_32.png\" alt=\"\" width=\"32\" height=\"32\" class=\"aligncenter size-full wp-image-453\" \/><\/a><br \/>\n<\/td>\n<\/tr>\n<tr class=\"row-279\">\n\t<td class=\"column-1\">1982\/83<\/td><td class=\"column-2\"><b>Forchert<\/b>, Arno<\/td><td class=\"column-3\">Heinrich Sch\u00fctz als Komponist evangelischer Kirchenliedtexte<\/td><td class=\"column-4\">S. 57-70<\/td><td class=\"column-5\"><a href=\"https:\/\/www.schuetzgesellschaft.de\/?page_id=214\"><img loading=\"lazy\" decoding=\"async\" src=\"https:\/\/www.schuetzgesellschaft.de\/wp-content\/uploads\/Logos\/PDF_32.png\" alt=\"\" width=\"32\" height=\"32\" class=\"aligncenter size-full wp-image-453\" \/><\/a><br \/>\n<\/td>\n<\/tr>\n<tr class=\"row-280\">\n\t<td class=\"column-1\">1982\/83<\/td><td class=\"column-2\"><b>Nowak<\/b>, Adolf<\/td><td class=\"column-3\">Mahlers Hymnus<\/td><td class=\"column-4\">S. 92-96<\/td><td class=\"column-5\"><a href=\"https:\/\/www.schuetzgesellschaft.de\/?page_id=214\"><img loading=\"lazy\" decoding=\"async\" src=\"https:\/\/www.schuetzgesellschaft.de\/wp-content\/uploads\/Logos\/PDF_32.png\" alt=\"\" width=\"32\" height=\"32\" class=\"aligncenter size-full wp-image-453\" \/><\/a><br \/>\n<\/td>\n<\/tr>\n<tr class=\"row-281\">\n\t<td class=\"column-1\">1982\/83<\/td><td class=\"column-2\"><b>Siegele<\/b>, Ulrich<\/td><td class=\"column-3\">Musik als Zeugnis der Auslegungsgeschichte. Heinrich Sch\u00fctzens Motette \"Die mit Tr\u00e4nen s\u00e4en\" aus der \"Geistlichen Chormusik\"<\/td><td class=\"column-4\">S. 50-56<\/td><td class=\"column-5\"><a href=\"https:\/\/www.schuetzgesellschaft.de\/?page_id=214\"><img loading=\"lazy\" decoding=\"async\" src=\"https:\/\/www.schuetzgesellschaft.de\/wp-content\/uploads\/Logos\/PDF_32.png\" alt=\"\" width=\"32\" height=\"32\" class=\"aligncenter size-full wp-image-453\" \/><\/a><br \/>\n<\/td>\n<\/tr>\n<tr class=\"row-282\">\n\t<td class=\"column-1\">1982\/83<\/td><td class=\"column-2\"><b>Kunze<\/b>, Stefan<\/td><td class=\"column-3\">Sprachauslegung und Instrumentalit\u00e4t in der Musik von Sch\u00fctz. Mit einem Exkurs zur \"Figurenlehre\"<\/td><td class=\"column-4\">S. 39-49<\/td><td class=\"column-5\"><a href=\"https:\/\/www.schuetzgesellschaft.de\/?page_id=214\"><img loading=\"lazy\" decoding=\"async\" src=\"https:\/\/www.schuetzgesellschaft.de\/wp-content\/uploads\/Logos\/PDF_32.png\" alt=\"\" width=\"32\" height=\"32\" class=\"aligncenter size-full wp-image-453\" \/><\/a><br \/>\n<\/td>\n<\/tr>\n<tr class=\"row-283\">\n\t<td class=\"column-1\">1982\/83<\/td><td class=\"column-2\"><b>Stephan<\/b>, Rudolf<\/td><td class=\"column-3\">Zu Mahlers Komposition der Schlu\u00dfszene von Goethes Faust<\/td><td class=\"column-4\">S. 97-104<\/td><td class=\"column-5\"><a href=\"https:\/\/www.schuetzgesellschaft.de\/?page_id=214\"><img loading=\"lazy\" decoding=\"async\" src=\"https:\/\/www.schuetzgesellschaft.de\/wp-content\/uploads\/Logos\/PDF_32.png\" alt=\"\" width=\"32\" height=\"32\" class=\"aligncenter size-full wp-image-453\" \/><\/a><br \/>\n<\/td>\n<\/tr>\n<tr class=\"row-284\">\n\t<td class=\"column-1\">1985\/86<\/td><td class=\"column-2\"><b>Weber<\/b>, \u00c9dith<\/td><td class=\"column-3\">Christophe-Thomas Walliser (1568-1648) musicien strasbourgeois \u00e0 red\u00e9couvrir<\/td><td class=\"column-4\">S. 105-123<\/td><td class=\"column-5\"><a href=\"https:\/\/www.schuetzgesellschaft.de\/?page_id=214\"><img loading=\"lazy\" decoding=\"async\" src=\"https:\/\/www.schuetzgesellschaft.de\/wp-content\/uploads\/Logos\/PDF_32.png\" alt=\"\" width=\"32\" height=\"32\" class=\"aligncenter size-full wp-image-453\" \/><\/a><br \/>\n<\/td>\n<\/tr>\n<tr class=\"row-285\">\n\t<td class=\"column-1\">1985\/86<\/td><td class=\"column-2\"><b>Breig<\/b>, Werner<\/td><td class=\"column-3\">Die erste Fassung des Beckerschen Psalters von Heinrich Sch\u00fctz<\/td><td class=\"column-4\">S. 22-49<\/td><td class=\"column-5\"><a href=\"https:\/\/www.schuetzgesellschaft.de\/?page_id=214\"><img loading=\"lazy\" decoding=\"async\" src=\"https:\/\/www.schuetzgesellschaft.de\/wp-content\/uploads\/Logos\/PDF_32.png\" alt=\"\" width=\"32\" height=\"32\" class=\"aligncenter size-full wp-image-453\" \/><\/a><br \/>\n<\/td>\n<\/tr>\n<tr class=\"row-286\">\n\t<td class=\"column-1\">1985\/86<\/td><td class=\"column-2\"><b>Sponheuer<\/b>, Bernd<\/td><td class=\"column-3\">Die norddeutsche Orgeltoccata und die \"h\u00f6chsten Formen der Instrumentalmusik\" - Beobachtungen an der gro\u00dfen e-moll-Toccata von Nicolaus Bruns<\/td><td class=\"column-4\">S. 137-146<\/td><td class=\"column-5\"><a href=\"https:\/\/www.schuetzgesellschaft.de\/?page_id=214\"><img loading=\"lazy\" decoding=\"async\" src=\"https:\/\/www.schuetzgesellschaft.de\/wp-content\/uploads\/Logos\/PDF_32.png\" alt=\"\" width=\"32\" height=\"32\" class=\"aligncenter size-full wp-image-453\" \/><\/a><br \/>\n<\/td>\n<\/tr>\n<tr class=\"row-287\">\n\t<td class=\"column-1\">1985\/86<\/td><td class=\"column-2\"><b>Walker<\/b>, Paul<\/td><td class=\"column-3\">From Renaissance \"Fuga\" to Baroque Fugue: The Role of the \"Sweelinck Theory Manuscripts\"<\/td><td class=\"column-4\">S. 93-104<\/td><td class=\"column-5\"><a href=\"https:\/\/www.schuetzgesellschaft.de\/?page_id=214\"><img loading=\"lazy\" decoding=\"async\" src=\"https:\/\/www.schuetzgesellschaft.de\/wp-content\/uploads\/Logos\/PDF_32.png\" alt=\"\" width=\"32\" height=\"32\" class=\"aligncenter size-full wp-image-453\" \/><\/a><br \/>\n<\/td>\n<\/tr>\n<tr class=\"row-288\">\n\t<td class=\"column-1\">1985\/86<\/td><td class=\"column-2\"><b>Forchert<\/b>, Arno<\/td><td class=\"column-3\">Musik und Rhetorik im Barock<\/td><td class=\"column-4\">S. 5-21<\/td><td class=\"column-5\"><a href=\"https:\/\/www.schuetzgesellschaft.de\/?page_id=214\"><img loading=\"lazy\" decoding=\"async\" src=\"https:\/\/www.schuetzgesellschaft.de\/wp-content\/uploads\/Logos\/PDF_32.png\" alt=\"\" width=\"32\" height=\"32\" class=\"aligncenter size-full wp-image-453\" \/><\/a><br \/>\n<\/td>\n<\/tr>\n<tr class=\"row-289\">\n\t<td class=\"column-1\">1985\/86<\/td><td class=\"column-2\"><b>Eppstein<\/b>, Hans<\/td><td class=\"column-3\">Sch\u00fctz - Schubert - Hugo Wolf<\/td><td class=\"column-4\">S. 62-68<\/td><td class=\"column-5\"><a href=\"https:\/\/www.schuetzgesellschaft.de\/?page_id=214\"><img loading=\"lazy\" decoding=\"async\" src=\"https:\/\/www.schuetzgesellschaft.de\/wp-content\/uploads\/Logos\/PDF_32.png\" alt=\"\" width=\"32\" height=\"32\" class=\"aligncenter size-full wp-image-453\" \/><\/a><br \/>\n<\/td>\n<\/tr>\n<tr class=\"row-290\">\n\t<td class=\"column-1\">1985\/86<\/td><td class=\"column-2\"><b>Braun<\/b>, Werner<\/td><td class=\"column-3\">Sch\u00fctz als Kompositionslehrer: Die \"Geistlichen Madrigale\" (1619) von Gabriel M\u00f6lich<\/td><td class=\"column-4\">S. 69-92<\/td><td class=\"column-5\"><a href=\"https:\/\/www.schuetzgesellschaft.de\/?page_id=214\"><img loading=\"lazy\" decoding=\"async\" src=\"https:\/\/www.schuetzgesellschaft.de\/wp-content\/uploads\/Logos\/PDF_32.png\" alt=\"\" width=\"32\" height=\"32\" class=\"aligncenter size-full wp-image-453\" \/><\/a><br \/>\n<\/td>\n<\/tr>\n<tr class=\"row-291\">\n\t<td class=\"column-1\">1985\/86<\/td><td class=\"column-2\"><b>Steude<\/b>, Wolfram<\/td><td class=\"column-3\">Zum gegenw\u00e4rtigen Stand der Sch\u00fctz-Ikonographie<\/td><td class=\"column-4\">S. 50-61<\/td><td class=\"column-5\"><a href=\"https:\/\/www.schuetzgesellschaft.de\/?page_id=214\"><img loading=\"lazy\" decoding=\"async\" src=\"https:\/\/www.schuetzgesellschaft.de\/wp-content\/uploads\/Logos\/PDF_32.png\" alt=\"\" width=\"32\" height=\"32\" class=\"aligncenter size-full wp-image-453\" \/><\/a><br \/>\n<\/td>\n<\/tr>\n<tr class=\"row-292\">\n\t<td class=\"column-1\">1985\/86<\/td><td class=\"column-2\"><b>Watty<\/b>, Adolf<\/td><td class=\"column-3\">Zwei St\u00fccke aus Claudio Monteverdis 6. Madrigalbuch in handschriftlichen Fr\u00fchfassungen<\/td><td class=\"column-4\">S. 124-136<\/td><td class=\"column-5\"><a href=\"https:\/\/www.schuetzgesellschaft.de\/?page_id=214\"><img loading=\"lazy\" decoding=\"async\" src=\"https:\/\/www.schuetzgesellschaft.de\/wp-content\/uploads\/Logos\/PDF_32.png\" alt=\"\" width=\"32\" height=\"32\" class=\"aligncenter size-full wp-image-453\" \/><\/a><br \/>\n<\/td>\n<\/tr>\n<tr class=\"row-293\">\n\t<td class=\"column-1\">2018<\/td><td class=\"column-2\"><b>Heidrich<\/b>, J\u00fcrgen<\/td><td class=\"column-3\">Psalmkompositionen im Reformationszeitalter und bei Heinrich Sch\u00fctz<\/td><td class=\"column-4\">S. 7<\/td><td class=\"column-5\"><a href=\"https:\/\/www.schuetzgesellschaft.de\/?page_id=214\"><img loading=\"lazy\" decoding=\"async\" src=\"https:\/\/www.schuetzgesellschaft.de\/wp-content\/uploads\/Logos\/PDF_32.png\" alt=\"\" width=\"32\" height=\"32\" class=\"aligncenter size-full wp-image-453\" \/><\/a><br \/>\n<\/td>\n<\/tr>\n<tr class=\"row-294\">\n\t<td class=\"column-1\">2018<\/td><td class=\"column-2\"><b>Schmidt<\/b>, Beate Agnes<\/td><td class=\"column-3\">\"Lauter Berenh\u00e4uterey\"? Heinrich Sch\u00fctz und das Lob der Musik<\/td><td class=\"column-4\">S. 21<\/td><td class=\"column-5\"><a href=\"https:\/\/www.schuetzgesellschaft.de\/?page_id=214\"><img loading=\"lazy\" decoding=\"async\" src=\"https:\/\/www.schuetzgesellschaft.de\/wp-content\/uploads\/Logos\/PDF_32.png\" alt=\"\" width=\"32\" height=\"32\" class=\"aligncenter size-full wp-image-453\" \/><\/a><br \/>\n<\/td>\n<\/tr>\n<tr class=\"row-295\">\n\t<td class=\"column-1\">2018<\/td><td class=\"column-2\"><b>Trobitius<\/b>, Andreas<\/td><td class=\"column-3\">Zur textorientierten Werkkonzeption in Sch\u00fctz' Psalmen Davids am Beispiel von SWV 25<\/td><td class=\"column-4\">S. 43<\/td><td class=\"column-5\"><a href=\"https:\/\/www.schuetzgesellschaft.de\/?page_id=214\"><img loading=\"lazy\" decoding=\"async\" src=\"https:\/\/www.schuetzgesellschaft.de\/wp-content\/uploads\/Logos\/PDF_32.png\" alt=\"\" width=\"32\" height=\"32\" class=\"aligncenter size-full wp-image-453\" \/><\/a><br \/>\n<\/td>\n<\/tr>\n<tr class=\"row-296\">\n\t<td class=\"column-1\">2018<\/td><td class=\"column-2\"><b>Aum\u00fcller<\/b>, Gerhard<\/td><td class=\"column-3\">Die Psalmen Davids von Heinrich Sch\u00fctz im Spiegel der geistlichen Kompositionen von Caspar Textorius und Michael Praetorius<\/td><td class=\"column-4\">S. 56<\/td><td class=\"column-5\"><a href=\"https:\/\/www.schuetzgesellschaft.de\/?page_id=214\"><img loading=\"lazy\" decoding=\"async\" src=\"https:\/\/www.schuetzgesellschaft.de\/wp-content\/uploads\/Logos\/PDF_32.png\" alt=\"\" width=\"32\" height=\"32\" class=\"aligncenter size-full wp-image-453\" \/><\/a><br \/>\n<\/td>\n<\/tr>\n<tr class=\"row-297\">\n\t<td class=\"column-1\">2018<\/td><td class=\"column-2\"><b>K\u00fcster<\/b>, Konrad<\/td><td class=\"column-3\">Noten und ihre kompositorischen Hintergr\u00fcnde: Sch\u00fctz' Psalmen Davids als Modellfall Historischer Auff\u00fchrungspraxis<\/td><td class=\"column-4\">S. 79<\/td><td class=\"column-5\"><a href=\"https:\/\/www.schuetzgesellschaft.de\/?page_id=214\"><img loading=\"lazy\" decoding=\"async\" src=\"https:\/\/www.schuetzgesellschaft.de\/wp-content\/uploads\/Logos\/PDF_32.png\" alt=\"\" width=\"32\" height=\"32\" class=\"aligncenter size-full wp-image-453\" \/><\/a><br \/>\n<\/td>\n<\/tr>\n<tr class=\"row-298\">\n\t<td class=\"column-1\">2019<\/td><td class=\"column-2\"><b>Kremer<\/b>, Joachim<\/td><td class=\"column-3\">Vivat, Adventus und Kr\u00f6nungszeremoniell: Heinrich Sch\u00fctzens \"Da pacem, Domine\" SVW 465 als symbolische Kommunikation<\/td><td class=\"column-4\">S. 7<\/td><td class=\"column-5\"><\/td>\n<\/tr>\n<tr class=\"row-299\">\n\t<td class=\"column-1\">2019<\/td><td class=\"column-2\"><b>Breig<\/b>, Werner<\/td><td class=\"column-3\">Von der \"Sterbens-Erinnerung\" zur \"Teutschen Missa\" und vom \"Wercklein\" zum Werk: Zur Entstehungs- und Rezeptionsgeschichte von Sch\u00fctz' \"Musikalischen Exequien\"<\/td><td class=\"column-4\">S. 21<\/td><td class=\"column-5\"><\/td>\n<\/tr>\n<tr class=\"row-300\">\n\t<td class=\"column-1\">2019<\/td><td class=\"column-2\"><b>Dietlinger<\/b>, Barbara<\/td><td class=\"column-3\">The Composer's Influence on the Renarration of History: Heinrich Sch\u00fctz' \"Nun danket alle Gott\" (SWV 418)<\/td><td class=\"column-4\">S. 36<\/td><td class=\"column-5\"><\/td>\n<\/tr>\n<tr class=\"row-301\">\n\t<td class=\"column-1\">2019<\/td><td class=\"column-2\"><b>Gero<\/b>, Olga<\/td><td class=\"column-3\">Italienischer Stil in den lateinischen Kompositionen von Augustin Pfleger<\/td><td class=\"column-4\">S. 51<\/td><td class=\"column-5\"><\/td>\n<\/tr>\n<tr class=\"row-302\">\n\t<td class=\"column-1\">2019<\/td><td class=\"column-2\"><b>P\u00f6che<\/b>, Juliane<\/td><td class=\"column-3\">\"Auf Madrigal Manier\": Thomas Selles Monteverdi-Rezeption<\/td><td class=\"column-4\">S. 66<\/td><td class=\"column-5\"><\/td>\n<\/tr>\n<tr class=\"row-303\">\n\t<td class=\"column-1\">2019<\/td><td class=\"column-2\"><b>Slavik<\/b>, Korbinian<\/td><td class=\"column-3\">Geistliche Musik f\u00fcr Solostimmen zwischen Italien und Deutschland: \"Salve mi Jesu, adoro te\" von Johann Rosenm\u00fcller oder Christoph Bernhard?<\/td><td class=\"column-4\">S. 93<\/td><td class=\"column-5\"><\/td>\n<\/tr>\n<tr class=\"row-304\">\n\t<td class=\"column-1\">2019<\/td><td class=\"column-2\"><b>K\u00fcster<\/b>, Konrad<\/td><td class=\"column-3\">Geistliche Musik f\u00fcr Solostimmen zwischen Italien und Deutschland: \"Salve mi Jesu, adoro te\" von Johann Rosenm\u00fcller oder Christoph Bernhard?<\/td><td class=\"column-4\">S. 116<\/td><td class=\"column-5\"><\/td>\n<\/tr>\n<tr class=\"row-305\">\n\t<td class=\"column-1\">2019<\/td><td class=\"column-2\"><b>K\u00fcster<\/b>, Konrad<\/td><td class=\"column-3\">Geistliche Musik f\u00fcr Solostimmen zwischen Italien und Deutschland: \"Salve mi Jesu, adoro te\" von Johann Rosenm\u00fcller oder Christoph Bernhard?<\/td><td class=\"column-4\">S. 116<\/td><td class=\"column-5\"><\/td>\n<\/tr>\n<tr class=\"row-306\">\n\t<td class=\"column-1\">2020<\/td><td class=\"column-2\"><b>Rudolph<\/b>, Harriet<\/td><td class=\"column-3\">Was ist h\u00f6fische Repr\u00e4sentation? Aktuelle Forschungsans\u00e4tze zu einem alten Thema<\/td><td class=\"column-4\">S. 7<\/td><td class=\"column-5\"><\/td>\n<\/tr>\n<tr class=\"row-307\">\n\t<td class=\"column-1\">2020<\/td><td class=\"column-2\"><b>Stauff<\/b>, Derek<\/td><td class=\"column-3\">Commemorating the Battle of Breitenfeld (1631): Representing State, Civic, and Personal Ambitions<\/td><td class=\"column-4\">S. 19<\/td><td class=\"column-5\"><\/td>\n<\/tr>\n<tr class=\"row-308\">\n\t<td class=\"column-1\">2020<\/td><td class=\"column-2\"><b>Paduch<\/b>, Arno<\/td><td class=\"column-3\">Musik am Hofe der Markgrafen von Baden-Durlach von 1584 bis 1689<\/td><td class=\"column-4\">S. 38<\/td><td class=\"column-5\"><\/td>\n<\/tr>\n<tr class=\"row-309\">\n\t<td class=\"column-1\">2020<\/td><td class=\"column-2\"><b>Seedorf<\/b>, Thomas<\/td><td class=\"column-3\">\"Vocalisten zu Hoff\" Eine Musikergruppe der Sch\u00fctz-Zeit<\/td><td class=\"column-4\">S. 45<\/td><td class=\"column-5\"><\/td>\n<\/tr>\n<tr class=\"row-310\">\n\t<td class=\"column-1\">2020<\/td><td class=\"column-2\"><b>Natour<\/b>, Elisabeth<\/td><td class=\"column-3\">Musik an den H\u00f6fen Karls I. von England und Ludwig XIII. von Frankreich zwischen Repr\u00e4sentation und politischer Kommunikation<\/td><td class=\"column-4\">S. 55<\/td><td class=\"column-5\"><\/td>\n<\/tr>\n<tr class=\"row-311\">\n\t<td class=\"column-1\">2020<\/td><td class=\"column-2\"><b>Kurzmann<\/b>, Frank<\/td><td class=\"column-3\">Repr\u00e4sentation des G\u00f6ttlichen, des Himmels und der Engel in lutherischen Orgelweihpredigten des 17. Jahrhunderts<\/td><td class=\"column-4\">S. 72<\/td><td class=\"column-5\"><\/td>\n<\/tr>\n<tr class=\"row-312\">\n\t<td class=\"column-1\">2020<\/td><td class=\"column-2\"><b>Aum\u00fcller<\/b>, Gerhard<\/td><td class=\"column-3\">Vom \"Alumnus symphoniacus\" zum Hofkapellmeister Karrieren Kasseler Kapellknaben<\/td><td class=\"column-4\">S. 79<\/td><td class=\"column-5\"><\/td>\n<\/tr>\n<tr class=\"row-313\">\n\t<td class=\"column-1\">2020<\/td><td class=\"column-2\"><b>L\u00fcpkes<\/b>, Vera<\/td><td class=\"column-3\">Johann Grabbe - mehr als ein Zeitgenosse von Heinrich Sch\u00fctz<\/td><td class=\"column-4\">S. 102<\/td><td class=\"column-5\"><\/td>\n<\/tr>\n<tr class=\"row-314\">\n\t<td class=\"column-1\">2020<\/td><td class=\"column-2\"><b>Rifkin<\/b>, Joshua<\/td><td class=\"column-3\">\"... dieienige stucke, so ihr kurtzlich ausgehen la\u00dfen\": Zu Sch\u00fctz\u00b4 Notensendung von 1635<\/td><td class=\"column-4\">S. 115<\/td><td class=\"column-5\"><\/td>\n<\/tr>\n<tr class=\"row-315\">\n\t<td class=\"column-1\">2020<\/td><td class=\"column-2\"><b>Rifkin<\/b>, Joshua<\/td><td class=\"column-3\">Neues zu Sch\u00fctz\u00b4 Osterdialog<\/td><td class=\"column-4\">S. 121<\/td><td class=\"column-5\"><\/td>\n<\/tr>\n<tr class=\"row-316\">\n\t<td class=\"column-1\">2020<\/td><td class=\"column-2\"><b>Br\u00fcckner<\/b>, J\u00f6rg<\/td><td class=\"column-3\">Heinrich Sch\u00fctz als Rittergutsbesitzer in Untergrei\u00dflau Unbekannte Schriftst\u00fccke im Landesarchiv Sachsen-Anhalt<\/td><td class=\"column-4\">S. 142<\/td><td class=\"column-5\"><\/td>\n<\/tr>\n<tr class=\"row-317\">\n\t<td class=\"column-1\">2021<\/td><td class=\"column-2\"><b>Rentsch<\/b>, Ivana<\/td><td class=\"column-3\">Heinrich Sch\u00fctz als \"Ein Pl\u00e4doyer f\u00fcr die musikalische Kunst <br \/>\nMichael Praetorius\u00b4 \u00c4sthetik im Spiegel des \"Syntagma musicum\"<\/td><td class=\"column-4\">S. 7<\/td><td class=\"column-5\"><\/td>\n<\/tr>\n<tr class=\"row-318\">\n\t<td class=\"column-1\">2021<\/td><td class=\"column-2\"><b>Kite-Powell<\/b>, Jeffery<\/td><td class=\"column-3\">Michael Praetorius\u00b4s Organ Works<br \/>\nThe Notation Conundrum Revisited<\/td><td class=\"column-4\">S. 19<\/td><td class=\"column-5\"><\/td>\n<\/tr>\n<tr class=\"row-319\">\n\t<td class=\"column-1\">2021<\/td><td class=\"column-2\"><b>Cordes<\/b>, Manfred<\/td><td class=\"column-3\">\"Ach Herr, straf mich nicht\" (Psalm 6) <br \/>\nGedanken zur Auff\u00fchrungspraxis bei Michael Praetorius und Heinrich Sch\u00fctz<\/td><td class=\"column-4\">S. 36<\/td><td class=\"column-5\"><\/td>\n<\/tr>\n<tr class=\"row-320\">\n\t<td class=\"column-1\">2021<\/td><td class=\"column-2\"><b>Schmidt<\/b>, Beate Agnes<\/td><td class=\"column-3\">In der Nachfolge K\u00f6nig Davids<br \/>\nZur k\u00fcnstlerischen Selbstdarstellung von Praetorius und Sch\u00fctz<\/td><td class=\"column-4\">S. 55<\/td><td class=\"column-5\"><\/td>\n<\/tr>\n<tr class=\"row-321\">\n\t<td class=\"column-1\">2021<\/td><td class=\"column-2\"><b>Werbeck<\/b>, Walter<\/td><td class=\"column-3\">Die Antipoden? <br \/>\nStationen der Rezeptionsgeschichte von Michael Praetorius und Heinrich Sch\u00fctz<\/td><td class=\"column-4\">S. 75<\/td><td class=\"column-5\"><\/td>\n<\/tr>\n<tr class=\"row-322\">\n\t<td class=\"column-1\">2021<\/td><td class=\"column-2\"><b>Koch<\/b>, Ernst<\/td><td class=\"column-3\">Die Texte der \"Cantiones sacrae\" im Kontext der zeitgen\u00f6ssischen Theologie<\/td><td class=\"column-4\">S. 86<\/td><td class=\"column-5\"><\/td>\n<\/tr>\n<tr class=\"row-323\">\n\t<td class=\"column-1\">2021<\/td><td class=\"column-2\"><b>Michel<\/b>, Stefan<\/td><td class=\"column-3\">Hans Ulrich von Eggenberg als Widmungsempf\u00e4nger der \"Cantiones sacrae\" von Heinrich Sch\u00fctz<\/td><td class=\"column-4\">S. 98<\/td><td class=\"column-5\"><\/td>\n<\/tr>\n<tr class=\"row-324\">\n\t<td class=\"column-1\">2021<\/td><td class=\"column-2\"><b>Breig<\/b>, Werner<\/td><td class=\"column-3\">Bemerkungen zu \"Dafne\"<\/td><td class=\"column-4\">S. 107<\/td><td class=\"column-5\"><\/td>\n<\/tr>\n<tr class=\"row-325\">\n\t<td class=\"column-1\">2021<\/td><td class=\"column-2\"><b>Steiger<\/b>, Johann Anselm<\/td><td class=\"column-3\">Ein theosophisches Gedicht Johann Arndts in Heinrich Sch\u00fctz\u00b4 \u0152uvre Traditionskritische Anmerkungen zu SWV 431<\/td><td class=\"column-4\">S. 114<\/td><td class=\"column-5\"><\/td>\n<\/tr>\n<tr class=\"row-326\">\n\t<td class=\"column-1\">2021<\/td><td class=\"column-2\"><b>Erb<\/b>, Andreas<\/td><td class=\"column-3\">Incasso con brio? <br \/>\nHeinrich Sch\u00fctz treibt Schulden ein<br \/>\n<\/td><td class=\"column-4\">S. 119<\/td><td class=\"column-5\"><\/td>\n<\/tr>\n<tr class=\"row-327\">\n\t<td class=\"column-1\">2021<\/td><td class=\"column-2\"><b>Kaptain<\/b>, Carl-Philipp<\/td><td class=\"column-3\">Die Organisten Andreas Oswald Vater und Sohn, ihr Wirken in Weimar und Eisenach und ihre Verbindungen zur Bach-Familie<\/td><td class=\"column-4\">S. 137<\/td><td class=\"column-5\"><\/td>\n<\/tr>\n<tr class=\"row-328\">\n\t<td class=\"column-1\">2022<\/td><td class=\"column-2\"><b>Jahn<\/b>, Bernhard<\/td><td class=\"column-3\">Interkonfessionelle Verst\u00e4ndigung im 17. Jahrhundert und die Rolle der K\u00fcnste<\/td><td class=\"column-4\">S. 7<\/td><td class=\"column-5\"><\/td>\n<\/tr>\n<tr class=\"row-329\">\n\t<td class=\"column-1\">2022<\/td><td class=\"column-2\"><b>Gr\u00e4f<\/b>, Holger Th.<\/td><td class=\"column-3\">Das Collegium Mauritianum, sein Personal und seine Rolle f\u00fcr die Diplomatie Langraf Moritz' (1572-1631)<\/td><td class=\"column-4\">S. 18<\/td><td class=\"column-5\"><\/td>\n<\/tr>\n<tr class=\"row-330\">\n\t<td class=\"column-1\">2022<\/td><td class=\"column-2\"><b>Schmidt<\/b>, D\u00f6rte<\/td><td class=\"column-3\">Musik als diplomatisches Medium zwischen den Konfessionen. Anmerkungen zum musikalischen Repertoire am Kasseler Hof unter Landgraf Moritz<\/td><td class=\"column-4\">S. 28<\/td><td class=\"column-5\"><\/td>\n<\/tr>\n<tr class=\"row-331\">\n\t<td class=\"column-1\">2022<\/td><td class=\"column-2\"><b>L\u00fcpkes<\/b>, Vera<\/td><td class=\"column-3\">Du sollst Dir kein Bildnis machen\". Funktionsverlust und Funktionswandel der Kunst am Hof Landgraf Moritz' des Gelehrten<\/td><td class=\"column-4\">S. 42<\/td><td class=\"column-5\"><\/td>\n<\/tr>\n<tr class=\"row-332\">\n\t<td class=\"column-1\">2022<\/td><td class=\"column-2\"><b>Menzel<\/b>, Stefan<\/td><td class=\"column-3\">Musica nostra\" - Moritz von Hessen, Georg Otto und das Ende einer Kasseler Musiktradition?<\/td><td class=\"column-4\">S. 53<\/td><td class=\"column-5\"><\/td>\n<\/tr>\n<tr class=\"row-333\">\n\t<td class=\"column-1\">2022<\/td><td class=\"column-2\"><b>Aum\u00fcller<\/b>, Gerhard<\/td><td class=\"column-3\">Kapellknabe, Ladegeselle und Organist. Die T\u00e4tigkeiten von Heinrich Sch\u00fctz am Kasseler Hof unter Moritz dem Gelehrten<\/td><td class=\"column-4\">S. 64<\/td><td class=\"column-5\"><\/td>\n<\/tr>\n<tr class=\"row-334\">\n\t<td class=\"column-1\">2022<\/td><td class=\"column-2\"><b>Meyer<\/b>, Michael<\/td><td class=\"column-3\">Kontinuit\u00e4t in Kassel? Zur Bedeutung von Sch\u00fctz' fr\u00fcher Organistent\u00e4tigkeit f\u00fcr seine sp\u00e4tere Laufbahn<\/td><td class=\"column-4\">S. 72<\/td><td class=\"column-5\"><\/td>\n<\/tr>\n<tr class=\"row-335\">\n\t<td class=\"column-1\">2022<\/td><td class=\"column-2\"><b>Werbeck<\/b>, Walter<\/td><td class=\"column-3\">Sch\u00fctz - Kassel - V\u00f6tterle. Ein folgenreicher Dreiklang<\/td><td class=\"column-4\">S. 79<\/td><td class=\"column-5\"><\/td>\n<\/tr>\n<tr class=\"row-336\">\n\t<td class=\"column-1\">2022<\/td><td class=\"column-2\"><b>Waczkat<\/b>, Andreas<\/td><td class=\"column-3\">Protestantische Mystik: <i>O bone Jesu<\/i> SWV 471 im Kontext der D\u00fcben-Sammlung<\/td><td class=\"column-4\">S. 89<\/td><td class=\"column-5\"><\/td>\n<\/tr>\n<tr class=\"row-337\">\n\t<td class=\"column-1\">2022<\/td><td class=\"column-2\"><b>Breig<\/b>, Werner<\/td><td class=\"column-3\">Schaf und Groschen. Eine Evangelien-Musik von Heinrich Sch\u00fctz in anonymer \u00dcberlieferung<\/td><td class=\"column-4\">S. 99<\/td><td class=\"column-5\"><\/td>\n<\/tr>\n<tr class=\"row-338\">\n\t<td class=\"column-1\">2023<\/td><td class=\"column-2\"><b>Rifkin<\/b>, Joshua<\/td><td class=\"column-3\">Zur Verbreitung der \"Psalmen Davids\": Sch\u00fctz\u00b4Notensendung von 1619<\/td><td class=\"column-4\">S. 7<\/td><td class=\"column-5\"><\/td>\n<\/tr>\n<tr class=\"row-339\">\n\t<td class=\"column-1\">2023<\/td><td class=\"column-2\"><b>Schabram<\/b>, Kai Marius<\/td><td class=\"column-3\">Heinrich Sch\u00fctz und die Doxologie in den \"Psalmen Davids\"<\/td><td class=\"column-4\">S. 18<\/td><td class=\"column-5\"><\/td>\n<\/tr>\n<tr class=\"row-340\">\n\t<td class=\"column-1\">2023<\/td><td class=\"column-2\"><b>Paduch<\/b>, Arno<\/td><td class=\"column-3\">Heinrich Sch\u00fctz und die Hofmusik des Herzogs Georg von braunschweig-Calenberg<\/td><td class=\"column-4\">S. 34<\/td><td class=\"column-5\"><\/td>\n<\/tr>\n<tr class=\"row-341\">\n\t<td class=\"column-1\">2023<\/td><td class=\"column-2\"><b>Schmidt<\/b>, Beate Agnes<\/td><td class=\"column-3\">Tod und Unsterblichkeit<br \/>\nGedanken zu den \"Musikalischen Exequien\"<\/td><td class=\"column-4\">S. 48<\/td><td class=\"column-5\"><\/td>\n<\/tr>\n<tr class=\"row-342\">\n\t<td class=\"column-1\">2023<\/td><td class=\"column-2\"><b>Haiawi<\/b>, Maryam<\/td><td class=\"column-3\">Engelsmusik in den \"Musikalischen Exequien\" von Heinrich Sch\u00fctz<br \/>\nEin Beispiel f\u00fcr die lutherische Musikanschauung in der Fr\u00fchen Neuzeit?<\/td><td class=\"column-4\">S. 59<\/td><td class=\"column-5\"><\/td>\n<\/tr>\n<tr class=\"row-343\">\n\t<td class=\"column-1\">2023<\/td><td class=\"column-2\"><b>Menzel<\/b>, Stefan<\/td><td class=\"column-3\">Kompositorische und exegetische Traditionsvergewisserung Heinrich Sch\u00fctz\u00b4 \"Geistliche Chormusik\" (1648)<\/td><td class=\"column-4\">S. 98<\/td><td class=\"column-5\"><\/td>\n<\/tr>\n<tr class=\"row-344\">\n\t<td class=\"column-1\">2023<\/td><td class=\"column-2\"><b>Emans<\/b>, Reinmar<\/td><td class=\"column-3\">Sammeln ohne Interpretieren?<\/td><td class=\"column-4\">S. 109<\/td><td class=\"column-5\"><\/td>\n<\/tr>\n<tr class=\"row-345\">\n\t<td class=\"column-1\">2023<\/td><td class=\"column-2\"><b>Presch<\/b>, Christian und <b>Aum\u00fcller<\/b>,  Gerhard<\/td><td class=\"column-3\">Die Scherer-Orgel (1609) in der Kasseler Br\u00fcderkirche<br \/>\nVersuch einer Rekonstruktion von Raum, Klang und Struktur in Verbindung mit mehrch\u00f6riger Musik<\/td><td class=\"column-4\">S. 121<\/td><td class=\"column-5\"><\/td>\n<\/tr>\n<\/tbody>\n<\/table>\n<!-- #tablepress-SJB_O from cache -->\n","protected":false},"excerpt":{"rendered":"","protected":false},"author":1,"featured_media":0,"parent":147,"menu_order":20,"comment_status":"closed","ping_status":"closed","template":"","meta":{"footnotes":""},"class_list":{"0":"post-222","1":"page","2":"type-page","3":"status-publish","5":"no-featured-image-padding"},"_links":{"self":[{"href":"https:\/\/www.schuetzgesellschaft.de\/index.php?rest_route=\/wp\/v2\/pages\/222","targetHints":{"allow":["GET"]}}],"collection":[{"href":"https:\/\/www.schuetzgesellschaft.de\/index.php?rest_route=\/wp\/v2\/pages"}],"about":[{"href":"https:\/\/www.schuetzgesellschaft.de\/index.php?rest_route=\/wp\/v2\/types\/page"}],"author":[{"embeddable":true,"href":"https:\/\/www.schuetzgesellschaft.de\/index.php?rest_route=\/wp\/v2\/users\/1"}],"replies":[{"embeddable":true,"href":"https:\/\/www.schuetzgesellschaft.de\/index.php?rest_route=%2Fwp%2Fv2%2Fcomments&post=222"}],"version-history":[{"count":4,"href":"https:\/\/www.schuetzgesellschaft.de\/index.php?rest_route=\/wp\/v2\/pages\/222\/revisions"}],"predecessor-version":[{"id":1852,"href":"https:\/\/www.schuetzgesellschaft.de\/index.php?rest_route=\/wp\/v2\/pages\/222\/revisions\/1852"}],"up":[{"embeddable":true,"href":"https:\/\/www.schuetzgesellschaft.de\/index.php?rest_route=\/wp\/v2\/pages\/147"}],"wp:attachment":[{"href":"https:\/\/www.schuetzgesellschaft.de\/index.php?rest_route=%2Fwp%2Fv2%2Fmedia&parent=222"}],"curies":[{"name":"wp","href":"https:\/\/api.w.org\/{rel}","templated":true}]}}